{"id":7167,"date":"2021-10-08T22:40:00","date_gmt":"2021-10-08T21:40:00","guid":{"rendered":"https:\/\/www.adele-schoenheitssalon.at\/trattamento-della-cellulite-a-vienna\/"},"modified":"2026-03-26T02:47:29","modified_gmt":"2026-03-26T01:47:29","slug":"trattamento-della-cellulite-a-vienna","status":"publish","type":"page","link":"https:\/\/www.adele-schoenheitssalon.at\/it\/trattamento-della-cellulite-a-vienna\/","title":{"rendered":"Trattamento della cellulite a Vienna"},"content":{"rendered":"\t\t<div data-elementor-type=\"wp-page\" data-elementor-id=\"7167\" class=\"elementor elementor-7167 elementor-427\" data-elementor-post-type=\"page\">\n\t\t\t\t\t\t<section class=\"elementor-section elementor-top-section elementor-element elementor-element-67e70072 elementor-section-height-min-height elementor-section-full_width elementor-section-items-bottom elementor-section-content-bottom elementor-section-height-default\" data-id=\"67e70072\" data-element_type=\"section\" data-settings=\"{&quot;background_background&quot;:&quot;classic&quot;}\">\n\t\t\t\t\t\t<div class=\"elementor-container elementor-column-gap-default\">\n\t\t\t\t\t<div class=\"elementor-column elementor-col-100 elementor-top-column elementor-element elementor-element-630a468a\" data-id=\"630a468a\" data-element_type=\"column\">\n\t\t\t<div class=\"elementor-widget-wrap elementor-element-populated\">\n\t\t\t\t\t\t<div class=\"elementor-element elementor-element-1e92b1f8 elementor-widget elementor-widget-heading\" data-id=\"1e92b1f8\" data-element_type=\"widget\" data-widget_type=\"heading.default\">\n\t\t\t\t<div class=\"elementor-widget-container\">\n\t\t\t<h1 class=\"elementor-heading-title elementor-size-default\">Trattamento della cellulite a Vienna<\/h1>\t\t<\/div>\n\t\t\t\t<\/div>\n\t\t\t\t<div class=\"elementor-element elementor-element-413169e2 elementor-widget elementor-widget-heading\" data-id=\"413169e2\" data-element_type=\"widget\" data-widget_type=\"heading.default\">\n\t\t\t\t<div class=\"elementor-widget-container\">\n\t\t\t<h6 class=\"elementor-heading-title elementor-size-default\">con l'esclusivo trattamento anticellulite G5 <\/h6>\t\t<\/div>\n\t\t\t\t<\/div>\n\t\t\t\t\t<\/div>\n\t\t<\/div>\n\t\t\t\t\t<\/div>\n\t\t<\/section>\n\t\t\t\t<section class=\"elementor-section elementor-top-section elementor-element elementor-element-4f2bd139 elementor-section-boxed elementor-section-height-default elementor-section-height-default\" data-id=\"4f2bd139\" data-element_type=\"section\">\n\t\t\t\t\t\t<div class=\"elementor-container elementor-column-gap-wider\">\n\t\t\t\t\t<div class=\"elementor-column elementor-col-50 elementor-top-column elementor-element elementor-element-4c6d7c9c\" data-id=\"4c6d7c9c\" data-element_type=\"column\">\n\t\t\t<div class=\"elementor-widget-wrap elementor-element-populated\">\n\t\t\t\t\t\t<div class=\"elementor-element elementor-element-115a1c00 elementor-widget elementor-widget-heading\" data-id=\"115a1c00\" data-element_type=\"widget\" data-widget_type=\"heading.default\">\n\t\t\t\t<div class=\"elementor-widget-container\">\n\t\t\t<h4 class=\"elementor-heading-title elementor-size-default\">Se avete la cellulite, non siete sole<\/h4>\t\t<\/div>\n\t\t\t\t<\/div>\n\t\t\t\t<div class=\"elementor-element elementor-element-25dd7d0 elementor-widget elementor-widget-image\" data-id=\"25dd7d0\" data-element_type=\"widget\" data-widget_type=\"image.default\">\n\t\t\t\t<div class=\"elementor-widget-container\">\n\t\t\t\t\t\t\t\t\t\t\t\t\t<img fetchpriority=\"high\" decoding=\"async\" width=\"1200\" height=\"800\" src=\"https:\/\/www.adele-schoenheitssalon.at\/wp-content\/uploads\/2021\/11\/G5-Massage.jpg\" class=\"attachment-full size-full wp-image-1683\" alt=\"G5 Massage Wien\" srcset=\"https:\/\/www.adele-schoenheitssalon.at\/wp-content\/uploads\/2021\/11\/G5-Massage.jpg 1200w, https:\/\/www.adele-schoenheitssalon.at\/wp-content\/uploads\/2021\/11\/G5-Massage-300x200.jpg 300w, https:\/\/www.adele-schoenheitssalon.at\/wp-content\/uploads\/2021\/11\/G5-Massage-1024x683.jpg 1024w, https:\/\/www.adele-schoenheitssalon.at\/wp-content\/uploads\/2021\/11\/G5-Massage-768x512.jpg 768w, https:\/\/www.adele-schoenheitssalon.at\/wp-content\/uploads\/2021\/11\/G5-Massage-600x400.jpg 600w\" sizes=\"(max-width: 1200px) 100vw, 1200px\" style=\"width:100%;height:66.67%;max-width:1200px\" \/>\t\t\t\t\t\t\t\t\t\t\t\t\t<\/div>\n\t\t\t\t<\/div>\n\t\t\t\t\t<\/div>\n\t\t<\/div>\n\t\t\t\t<div class=\"elementor-column elementor-col-50 elementor-top-column elementor-element elementor-element-71c3e2c9\" data-id=\"71c3e2c9\" data-element_type=\"column\">\n\t\t\t<div class=\"elementor-widget-wrap elementor-element-populated\">\n\t\t\t\t\t\t<div class=\"elementor-element elementor-element-6dc76256 elementor-widget elementor-widget-text-editor\" data-id=\"6dc76256\" data-element_type=\"widget\" data-widget_type=\"text-editor.default\">\n\t\t\t\t<div class=\"elementor-widget-container\">\n\t\t\t\t\t\t\t<p>Se la cellulite ti d\u00e0 fastidio, non sei sola. In Austria, circa il 90% delle donne ha la cellulite o la svilupper\u00e0 nel corso della vita. Questo la rende uno dei problemi corporei pi\u00f9 comuni con cui le donne di tutte le et\u00e0 devono fare i conti.  <\/p>\n<p>La cellulite si manifesta quando le cellule di grasso si gonfiano sotto la superficie della pelle, conferendole un aspetto a chiazze e grumi. Questo ostinato accumulo di grasso, unito alla perdita di elasticit\u00e0 della pelle, pu\u00f2 essere estremamente difficile da eliminare e, a seconda della sua gravit\u00e0, pu\u00f2 richiedere una combinazione di tecnologie diverse e un approccio terapeutico in pi\u00f9 fasi per un lungo periodo di tempo. <\/p>\n\t\t\t\t\t\t<\/div>\n\t\t\t\t<\/div>\n\t\t\t\t\t<\/div>\n\t\t<\/div>\n\t\t\t\t\t<\/div>\n\t\t<\/section>\n\t\t\t\t<section class=\"elementor-section elementor-top-section elementor-element elementor-element-41beb3c elementor-section-boxed elementor-section-height-default elementor-section-height-default\" data-id=\"41beb3c\" data-element_type=\"section\" data-settings=\"{&quot;background_background&quot;:&quot;classic&quot;}\">\n\t\t\t\t\t\t<div class=\"elementor-container elementor-column-gap-default\">\n\t\t\t\t\t<div class=\"elementor-column elementor-col-100 elementor-top-column elementor-element elementor-element-c419dc5\" data-id=\"c419dc5\" data-element_type=\"column\">\n\t\t\t<div class=\"elementor-widget-wrap elementor-element-populated\">\n\t\t\t\t\t\t<div class=\"elementor-element elementor-element-3144569 elementor-widget elementor-widget-heading\" data-id=\"3144569\" data-element_type=\"widget\" data-widget_type=\"heading.default\">\n\t\t\t\t<div class=\"elementor-widget-container\">\n\t\t\t<h5 class=\"elementor-heading-title elementor-size-default\">Quali sono le cause della cellulite?<\/h5>\t\t<\/div>\n\t\t\t\t<\/div>\n\t\t\t\t<div class=\"elementor-element elementor-element-09bd687 elementor-widget elementor-widget-text-editor\" data-id=\"09bd687\" data-element_type=\"widget\" data-widget_type=\"text-editor.default\">\n\t\t\t\t<div class=\"elementor-widget-container\">\n\t\t\t\t\t\t\t<p>La cellulite pu\u00f2 essere causata da una serie di fattori diversi e colpisce persone di ogni forma e dimensione: anche le persone estremamente in forma possono soffrire di cellulite. La cellulite si forma pi\u00f9 facilmente nelle zone del corpo in cui sono presenti strati di grasso pi\u00f9 profondi ed \u00e8 pi\u00f9 comunemente presente su fianchi, cosce, addome o glutei.<\/p>\n\t\t\t\t\t\t<\/div>\n\t\t\t\t<\/div>\n\t\t\t\t<section class=\"elementor-section elementor-inner-section elementor-element elementor-element-c476066 elementor-section-full_width elementor-section-height-default elementor-section-height-default\" data-id=\"c476066\" data-element_type=\"section\">\n\t\t\t\t\t\t<div class=\"elementor-container elementor-column-gap-default\">\n\t\t\t\t\t<div class=\"elementor-column elementor-col-20 elementor-inner-column elementor-element elementor-element-522a75d\" data-id=\"522a75d\" data-element_type=\"column\">\n\t\t\t<div class=\"elementor-widget-wrap elementor-element-populated\">\n\t\t\t\t\t\t<div class=\"elementor-element elementor-element-1c5e7be elementor-widget elementor-widget-image\" data-id=\"1c5e7be\" data-element_type=\"widget\" data-widget_type=\"image.default\">\n\t\t\t\t<div class=\"elementor-widget-container\">\n\t\t\t\t\t\t\t\t\t\t\t\t\t<img decoding=\"async\" width=\"512\" height=\"512\" src=\"https:\/\/www.adele-schoenheitssalon.at\/wp-content\/uploads\/2021\/11\/Alter-1.png\" class=\"attachment-full size-full wp-image-1655\" alt=\"\" srcset=\"https:\/\/www.adele-schoenheitssalon.at\/wp-content\/uploads\/2021\/11\/Alter-1.png 512w, https:\/\/www.adele-schoenheitssalon.at\/wp-content\/uploads\/2021\/11\/Alter-1-300x300.png 300w, https:\/\/www.adele-schoenheitssalon.at\/wp-content\/uploads\/2021\/11\/Alter-1-150x150.png 150w, https:\/\/www.adele-schoenheitssalon.at\/wp-content\/uploads\/2021\/11\/Alter-1-450x450.png 450w, https:\/\/www.adele-schoenheitssalon.at\/wp-content\/uploads\/2021\/11\/Alter-1-100x100.png 100w\" sizes=\"(max-width: 512px) 100vw, 512px\" style=\"width:100%;height:100%;max-width:512px\" \/>\t\t\t\t\t\t\t\t\t\t\t\t\t<\/div>\n\t\t\t\t<\/div>\n\t\t\t\t<div class=\"elementor-element elementor-element-f919bfe elementor-widget elementor-widget-text-editor\" data-id=\"f919bfe\" data-element_type=\"widget\" data-widget_type=\"text-editor.default\">\n\t\t\t\t<div class=\"elementor-widget-container\">\n\t\t\t\t\t\t\t<p>Et\u00e0<\/p>\n\t\t\t\t\t\t<\/div>\n\t\t\t\t<\/div>\n\t\t\t\t\t<\/div>\n\t\t<\/div>\n\t\t\t\t<div class=\"elementor-column elementor-col-20 elementor-inner-column elementor-element elementor-element-bd477dc\" data-id=\"bd477dc\" data-element_type=\"column\">\n\t\t\t<div class=\"elementor-widget-wrap elementor-element-populated\">\n\t\t\t\t\t\t<div class=\"elementor-element elementor-element-a348247 elementor-widget elementor-widget-image\" data-id=\"a348247\" data-element_type=\"widget\" data-widget_type=\"image.default\">\n\t\t\t\t<div class=\"elementor-widget-container\">\n\t\t\t\t\t\t\t\t\t\t\t\t\t<img decoding=\"async\" width=\"512\" height=\"512\" src=\"https:\/\/www.adele-schoenheitssalon.at\/wp-content\/uploads\/2021\/11\/Genetik-1.png\" class=\"attachment-full size-full wp-image-1659\" alt=\"\" srcset=\"https:\/\/www.adele-schoenheitssalon.at\/wp-content\/uploads\/2021\/11\/Genetik-1.png 512w, https:\/\/www.adele-schoenheitssalon.at\/wp-content\/uploads\/2021\/11\/Genetik-1-300x300.png 300w, https:\/\/www.adele-schoenheitssalon.at\/wp-content\/uploads\/2021\/11\/Genetik-1-150x150.png 150w, https:\/\/www.adele-schoenheitssalon.at\/wp-content\/uploads\/2021\/11\/Genetik-1-450x450.png 450w, https:\/\/www.adele-schoenheitssalon.at\/wp-content\/uploads\/2021\/11\/Genetik-1-100x100.png 100w\" sizes=\"(max-width: 512px) 100vw, 512px\" style=\"width:100%;height:100%;max-width:512px\" \/>\t\t\t\t\t\t\t\t\t\t\t\t\t<\/div>\n\t\t\t\t<\/div>\n\t\t\t\t<div class=\"elementor-element elementor-element-9bafad5 elementor-widget elementor-widget-text-editor\" data-id=\"9bafad5\" data-element_type=\"widget\" data-widget_type=\"text-editor.default\">\n\t\t\t\t<div class=\"elementor-widget-container\">\n\t\t\t\t\t\t\t<p>Genetica<\/p>\n\t\t\t\t\t\t<\/div>\n\t\t\t\t<\/div>\n\t\t\t\t\t<\/div>\n\t\t<\/div>\n\t\t\t\t<div class=\"elementor-column elementor-col-20 elementor-inner-column elementor-element elementor-element-19b8b72\" data-id=\"19b8b72\" data-element_type=\"column\">\n\t\t\t<div class=\"elementor-widget-wrap elementor-element-populated\">\n\t\t\t\t\t\t<div class=\"elementor-element elementor-element-626a3f3 elementor-widget elementor-widget-image\" data-id=\"626a3f3\" data-element_type=\"widget\" data-widget_type=\"image.default\">\n\t\t\t\t<div class=\"elementor-widget-container\">\n\t\t\t\t\t\t\t\t\t\t\t\t\t<img loading=\"lazy\" decoding=\"async\" width=\"512\" height=\"512\" src=\"https:\/\/www.adele-schoenheitssalon.at\/wp-content\/uploads\/2021\/11\/Lifestyle-1.png\" class=\"attachment-full size-full wp-image-1658\" alt=\"\" srcset=\"https:\/\/www.adele-schoenheitssalon.at\/wp-content\/uploads\/2021\/11\/Lifestyle-1.png 512w, https:\/\/www.adele-schoenheitssalon.at\/wp-content\/uploads\/2021\/11\/Lifestyle-1-300x300.png 300w, https:\/\/www.adele-schoenheitssalon.at\/wp-content\/uploads\/2021\/11\/Lifestyle-1-150x150.png 150w, https:\/\/www.adele-schoenheitssalon.at\/wp-content\/uploads\/2021\/11\/Lifestyle-1-450x450.png 450w, https:\/\/www.adele-schoenheitssalon.at\/wp-content\/uploads\/2021\/11\/Lifestyle-1-100x100.png 100w\" sizes=\"(max-width: 512px) 100vw, 512px\" style=\"width:100%;height:100%;max-width:512px\" \/>\t\t\t\t\t\t\t\t\t\t\t\t\t<\/div>\n\t\t\t\t<\/div>\n\t\t\t\t<div class=\"elementor-element elementor-element-50c0d13 elementor-widget elementor-widget-text-editor\" data-id=\"50c0d13\" data-element_type=\"widget\" data-widget_type=\"text-editor.default\">\n\t\t\t\t<div class=\"elementor-widget-container\">\n\t\t\t\t\t\t\t<p>Stile di vita<\/p>\n\t\t\t\t\t\t<\/div>\n\t\t\t\t<\/div>\n\t\t\t\t\t<\/div>\n\t\t<\/div>\n\t\t\t\t<div class=\"elementor-column elementor-col-20 elementor-inner-column elementor-element elementor-element-4d60949\" data-id=\"4d60949\" data-element_type=\"column\">\n\t\t\t<div class=\"elementor-widget-wrap elementor-element-populated\">\n\t\t\t\t\t\t<div class=\"elementor-element elementor-element-cf23924 elementor-widget elementor-widget-image\" data-id=\"cf23924\" data-element_type=\"widget\" data-widget_type=\"image.default\">\n\t\t\t\t<div class=\"elementor-widget-container\">\n\t\t\t\t\t\t\t\t\t\t\t\t\t<img loading=\"lazy\" decoding=\"async\" width=\"512\" height=\"512\" src=\"https:\/\/www.adele-schoenheitssalon.at\/wp-content\/uploads\/2021\/11\/Hormone-1.png\" class=\"attachment-full size-full wp-image-1657\" alt=\"\" srcset=\"https:\/\/www.adele-schoenheitssalon.at\/wp-content\/uploads\/2021\/11\/Hormone-1.png 512w, https:\/\/www.adele-schoenheitssalon.at\/wp-content\/uploads\/2021\/11\/Hormone-1-300x300.png 300w, https:\/\/www.adele-schoenheitssalon.at\/wp-content\/uploads\/2021\/11\/Hormone-1-150x150.png 150w, https:\/\/www.adele-schoenheitssalon.at\/wp-content\/uploads\/2021\/11\/Hormone-1-450x450.png 450w, https:\/\/www.adele-schoenheitssalon.at\/wp-content\/uploads\/2021\/11\/Hormone-1-100x100.png 100w\" sizes=\"(max-width: 512px) 100vw, 512px\" style=\"width:100%;height:100%;max-width:512px\" \/>\t\t\t\t\t\t\t\t\t\t\t\t\t<\/div>\n\t\t\t\t<\/div>\n\t\t\t\t<div class=\"elementor-element elementor-element-ff2b9a0 elementor-widget elementor-widget-text-editor\" data-id=\"ff2b9a0\" data-element_type=\"widget\" data-widget_type=\"text-editor.default\">\n\t\t\t\t<div class=\"elementor-widget-container\">\n\t\t\t\t\t\t\t<p>Ormoni<\/p>\n\t\t\t\t\t\t<\/div>\n\t\t\t\t<\/div>\n\t\t\t\t\t<\/div>\n\t\t<\/div>\n\t\t\t\t<div class=\"elementor-column elementor-col-20 elementor-inner-column elementor-element elementor-element-f2ed94d\" data-id=\"f2ed94d\" data-element_type=\"column\">\n\t\t\t<div class=\"elementor-widget-wrap elementor-element-populated\">\n\t\t\t\t\t\t<div class=\"elementor-element elementor-element-702d8c7 elementor-widget elementor-widget-image\" data-id=\"702d8c7\" data-element_type=\"widget\" data-widget_type=\"image.default\">\n\t\t\t\t<div class=\"elementor-widget-container\">\n\t\t\t\t\t\t\t\t\t\t\t\t\t<img loading=\"lazy\" decoding=\"async\" width=\"512\" height=\"512\" src=\"https:\/\/www.adele-schoenheitssalon.at\/wp-content\/uploads\/2021\/11\/Gewichtszunahme-1.png\" class=\"attachment-full size-full wp-image-1656\" alt=\"\" srcset=\"https:\/\/www.adele-schoenheitssalon.at\/wp-content\/uploads\/2021\/11\/Gewichtszunahme-1.png 512w, https:\/\/www.adele-schoenheitssalon.at\/wp-content\/uploads\/2021\/11\/Gewichtszunahme-1-300x300.png 300w, https:\/\/www.adele-schoenheitssalon.at\/wp-content\/uploads\/2021\/11\/Gewichtszunahme-1-150x150.png 150w, https:\/\/www.adele-schoenheitssalon.at\/wp-content\/uploads\/2021\/11\/Gewichtszunahme-1-450x450.png 450w, https:\/\/www.adele-schoenheitssalon.at\/wp-content\/uploads\/2021\/11\/Gewichtszunahme-1-100x100.png 100w\" sizes=\"(max-width: 512px) 100vw, 512px\" style=\"width:100%;height:100%;max-width:512px\" \/>\t\t\t\t\t\t\t\t\t\t\t\t\t<\/div>\n\t\t\t\t<\/div>\n\t\t\t\t<div class=\"elementor-element elementor-element-2719ae7 elementor-widget elementor-widget-text-editor\" data-id=\"2719ae7\" data-element_type=\"widget\" data-widget_type=\"text-editor.default\">\n\t\t\t\t<div class=\"elementor-widget-container\">\n\t\t\t\t\t\t\t<p>Aumento di peso<\/p>\n\t\t\t\t\t\t<\/div>\n\t\t\t\t<\/div>\n\t\t\t\t\t<\/div>\n\t\t<\/div>\n\t\t\t\t\t<\/div>\n\t\t<\/section>\n\t\t\t\t\t<\/div>\n\t\t<\/div>\n\t\t\t\t\t<\/div>\n\t\t<\/section>\n\t\t\t\t<section class=\"elementor-section elementor-top-section elementor-element elementor-element-55f322f elementor-section-boxed elementor-section-height-default elementor-section-height-default\" data-id=\"55f322f\" data-element_type=\"section\">\n\t\t\t\t\t\t<div class=\"elementor-container elementor-column-gap-default\">\n\t\t\t\t\t<div class=\"elementor-column elementor-col-100 elementor-top-column elementor-element elementor-element-0809b01\" data-id=\"0809b01\" data-element_type=\"column\">\n\t\t\t<div class=\"elementor-widget-wrap elementor-element-populated\">\n\t\t\t\t\t\t<div class=\"elementor-element elementor-element-48a3873 elementor-widget elementor-widget-heading\" data-id=\"48a3873\" data-element_type=\"widget\" data-widget_type=\"heading.default\">\n\t\t\t\t<div class=\"elementor-widget-container\">\n\t\t\t<h2 class=\"elementor-heading-title elementor-size-default\">Trattamento anti-cellulite Vienna<\/h2>\t\t<\/div>\n\t\t\t\t<\/div>\n\t\t\t\t<div class=\"elementor-element elementor-element-cc69c8d elementor-widget elementor-widget-spacer\" data-id=\"cc69c8d\" data-element_type=\"widget\" data-widget_type=\"spacer.default\">\n\t\t\t\t<div class=\"elementor-widget-container\">\n\t\t\t\t\t<div class=\"elementor-spacer\">\n\t\t\t<div class=\"elementor-spacer-inner\"><\/div>\n\t\t<\/div>\n\t\t\t\t<\/div>\n\t\t\t\t<\/div>\n\t\t\t\t\t<\/div>\n\t\t<\/div>\n\t\t\t\t\t<\/div>\n\t\t<\/section>\n\t\t\t\t<section class=\"elementor-section elementor-top-section elementor-element elementor-element-1f2a908 elementor-section-boxed elementor-section-height-default elementor-section-height-default\" data-id=\"1f2a908\" data-element_type=\"section\">\n\t\t\t\t\t\t<div class=\"elementor-container elementor-column-gap-wider\">\n\t\t\t\t\t<div class=\"elementor-column elementor-col-50 elementor-top-column elementor-element elementor-element-af3e940\" data-id=\"af3e940\" data-element_type=\"column\">\n\t\t\t<div class=\"elementor-widget-wrap elementor-element-populated\">\n\t\t\t\t\t\t<div class=\"elementor-element elementor-element-88a1011 elementor-widget elementor-widget-text-editor\" data-id=\"88a1011\" data-element_type=\"widget\" data-widget_type=\"text-editor.default\">\n\t\t\t\t<div class=\"elementor-widget-container\">\n\t\t\t\t\t\t\t<p>Fino a poco tempo fa, i <strong>trattamenti anticellulite<\/strong> prevedevano spesso l&#8217;uso di creme &#8220;miracolose&#8221;, procedure invasive o drenaggio linfatico.<\/p>\n<p>Nel salone di bellezza ADELE abbiamo sviluppato un approccio unico al trattamento della cellulite.<\/p>\n<p>Nel salone di bellezza ADELE abbiamo sviluppato un approccio unico al trattamento della cellulite. Utilizziamo un trattamento unico per la cellulite con il dispositivo G5, combinato con un olio per la cellulite, oli essenziali e un gel termale. Nel  <\/p>\n\t\t\t\t\t\t<\/div>\n\t\t\t\t<\/div>\n\t\t\t\t\t<\/div>\n\t\t<\/div>\n\t\t\t\t<div class=\"elementor-column elementor-col-50 elementor-top-column elementor-element elementor-element-7a8748c\" data-id=\"7a8748c\" data-element_type=\"column\">\n\t\t\t<div class=\"elementor-widget-wrap elementor-element-populated\">\n\t\t\t\t\t\t<div class=\"elementor-element elementor-element-9f2dfed elementor-widget elementor-widget-heading\" data-id=\"9f2dfed\" data-element_type=\"widget\" data-widget_type=\"heading.default\">\n\t\t\t\t<div class=\"elementor-widget-container\">\n\t\t\t<h4 class=\"elementor-heading-title elementor-size-default\">I trattamenti hanno fatto molta strada.<\/h4>\t\t<\/div>\n\t\t\t\t<\/div>\n\t\t\t\t<div class=\"elementor-element elementor-element-be36064 elementor-widget elementor-widget-image\" data-id=\"be36064\" data-element_type=\"widget\" data-widget_type=\"image.default\">\n\t\t\t\t<div class=\"elementor-widget-container\">\n\t\t\t\t\t\t\t\t\t\t\t\t\t<img loading=\"lazy\" decoding=\"async\" width=\"1200\" height=\"800\" src=\"https:\/\/www.adele-schoenheitssalon.at\/wp-content\/uploads\/2021\/11\/G5-Massage-Wien-1.jpg\" class=\"attachment-full size-full wp-image-1685\" alt=\"G5 Massage\" srcset=\"https:\/\/www.adele-schoenheitssalon.at\/wp-content\/uploads\/2021\/11\/G5-Massage-Wien-1.jpg 1200w, https:\/\/www.adele-schoenheitssalon.at\/wp-content\/uploads\/2021\/11\/G5-Massage-Wien-1-300x200.jpg 300w, https:\/\/www.adele-schoenheitssalon.at\/wp-content\/uploads\/2021\/11\/G5-Massage-Wien-1-1024x683.jpg 1024w, https:\/\/www.adele-schoenheitssalon.at\/wp-content\/uploads\/2021\/11\/G5-Massage-Wien-1-768x512.jpg 768w, https:\/\/www.adele-schoenheitssalon.at\/wp-content\/uploads\/2021\/11\/G5-Massage-Wien-1-600x400.jpg 600w\" sizes=\"(max-width: 1200px) 100vw, 1200px\" style=\"width:100%;height:66.67%;max-width:1200px\" \/>\t\t\t\t\t\t\t\t\t\t\t\t\t<\/div>\n\t\t\t\t<\/div>\n\t\t\t\t\t<\/div>\n\t\t<\/div>\n\t\t\t\t\t<\/div>\n\t\t<\/section>\n\t\t\t\t<section class=\"elementor-section elementor-top-section elementor-element elementor-element-b64489d elementor-section-height-min-height elementor-section-boxed elementor-section-height-default elementor-section-items-middle\" data-id=\"b64489d\" data-element_type=\"section\" data-settings=\"{&quot;background_background&quot;:&quot;classic&quot;}\">\n\t\t\t\t\t\t<div class=\"elementor-container elementor-column-gap-default\">\n\t\t\t\t\t<div class=\"elementor-column elementor-col-100 elementor-top-column elementor-element elementor-element-61db2f7\" data-id=\"61db2f7\" data-element_type=\"column\">\n\t\t\t<div class=\"elementor-widget-wrap\">\n\t\t\t\t\t\t\t<\/div>\n\t\t<\/div>\n\t\t\t\t\t<\/div>\n\t\t<\/section>\n\t\t\t\t<section class=\"elementor-section elementor-top-section elementor-element elementor-element-81a7048 elementor-section-boxed elementor-section-height-default elementor-section-height-default\" data-id=\"81a7048\" data-element_type=\"section\">\n\t\t\t\t\t\t<div class=\"elementor-container elementor-column-gap-wider\">\n\t\t\t\t\t<div class=\"elementor-column elementor-col-50 elementor-top-column elementor-element elementor-element-f6c7ab4\" data-id=\"f6c7ab4\" data-element_type=\"column\">\n\t\t\t<div class=\"elementor-widget-wrap elementor-element-populated\">\n\t\t\t\t\t\t<div class=\"elementor-element elementor-element-fbce886 elementor-widget elementor-widget-image\" data-id=\"fbce886\" data-element_type=\"widget\" data-widget_type=\"image.default\">\n\t\t\t\t<div class=\"elementor-widget-container\">\n\t\t\t\t\t\t\t\t\t\t\t\t\t<img loading=\"lazy\" decoding=\"async\" width=\"1000\" height=\"1000\" src=\"https:\/\/www.adele-schoenheitssalon.at\/wp-content\/uploads\/2021\/11\/G5-Massagegeraet-Wien.jpg\" class=\"attachment-full size-full wp-image-1718\" alt=\"G5 Massageger\u00e4t Wien\" srcset=\"https:\/\/www.adele-schoenheitssalon.at\/wp-content\/uploads\/2021\/11\/G5-Massagegeraet-Wien.jpg 1000w, https:\/\/www.adele-schoenheitssalon.at\/wp-content\/uploads\/2021\/11\/G5-Massagegeraet-Wien-300x300.jpg 300w, https:\/\/www.adele-schoenheitssalon.at\/wp-content\/uploads\/2021\/11\/G5-Massagegeraet-Wien-150x150.jpg 150w, https:\/\/www.adele-schoenheitssalon.at\/wp-content\/uploads\/2021\/11\/G5-Massagegeraet-Wien-768x768.jpg 768w, https:\/\/www.adele-schoenheitssalon.at\/wp-content\/uploads\/2021\/11\/G5-Massagegeraet-Wien-450x450.jpg 450w, https:\/\/www.adele-schoenheitssalon.at\/wp-content\/uploads\/2021\/11\/G5-Massagegeraet-Wien-600x600.jpg 600w, https:\/\/www.adele-schoenheitssalon.at\/wp-content\/uploads\/2021\/11\/G5-Massagegeraet-Wien-100x100.jpg 100w\" sizes=\"(max-width: 1000px) 100vw, 1000px\" style=\"width:100%;height:100%;max-width:1000px\" \/>\t\t\t\t\t\t\t\t\t\t\t\t\t<\/div>\n\t\t\t\t<\/div>\n\t\t\t\t\t<\/div>\n\t\t<\/div>\n\t\t\t\t<div class=\"elementor-column elementor-col-50 elementor-top-column elementor-element elementor-element-c207c47\" data-id=\"c207c47\" data-element_type=\"column\">\n\t\t\t<div class=\"elementor-widget-wrap elementor-element-populated\">\n\t\t\t\t\t\t<div class=\"elementor-element elementor-element-10dbd22 elementor-widget elementor-widget-heading\" data-id=\"10dbd22\" data-element_type=\"widget\" data-widget_type=\"heading.default\">\n\t\t\t\t<div class=\"elementor-widget-container\">\n\t\t\t<h4 class=\"elementor-heading-title elementor-size-default\">Il trattamento G5 per la riduzione della cellulite<\/h4>\t\t<\/div>\n\t\t\t\t<\/div>\n\t\t\t\t<div class=\"elementor-element elementor-element-5254e2c elementor-widget elementor-widget-text-editor\" data-id=\"5254e2c\" data-element_type=\"widget\" data-widget_type=\"text-editor.default\">\n\t\t\t\t<div class=\"elementor-widget-container\">\n\t\t\t\t\t\t\t<p>Il salone di bellezza ADELE offre una gamma di <strong>trattamenti anticellulite G5<\/strong> per combattere e ridurre la cellulite. Il G5 rompe il tessuto adiposo ostinato su cosce e glutei e riduce l&#8217;aspetto della cellulite. Ti sentirai pi\u00f9 sodo e pi\u00f9 liscio.  <\/p>\n<p>La maggior parte delle persone vede i benefici visibili del trattamento dopo la terza o quarta visita, ma i benefici dovrebbero essere percepiti subito dopo il primo trattamento.<\/p>\n<p>Il G5 non \u00e8 un trattamento per la perdita di peso, ma \u00e8 eccellente per ridurre la cellulite. Inoltre, se abbinato all&#8217;esercizio fisico e a una dieta sana, drena i liquidi e le tossine dai tessuti del corpo. <\/p>\n\t\t\t\t\t\t<\/div>\n\t\t\t\t<\/div>\n\t\t\t\t\t<\/div>\n\t\t<\/div>\n\t\t\t\t\t<\/div>\n\t\t<\/section>\n\t\t\t\t<section class=\"elementor-section elementor-top-section elementor-element elementor-element-9c42e2f elementor-section-boxed elementor-section-height-default elementor-section-height-default\" data-id=\"9c42e2f\" data-element_type=\"section\">\n\t\t\t\t\t\t<div class=\"elementor-container elementor-column-gap-wider\">\n\t\t\t\t\t<div class=\"elementor-column elementor-col-50 elementor-top-column elementor-element elementor-element-8d85ab0\" data-id=\"8d85ab0\" data-element_type=\"column\">\n\t\t\t<div class=\"elementor-widget-wrap elementor-element-populated\">\n\t\t\t\t\t\t<div class=\"elementor-element elementor-element-cfa1448 elementor-widget elementor-widget-heading\" data-id=\"cfa1448\" data-element_type=\"widget\" data-widget_type=\"heading.default\">\n\t\t\t\t<div class=\"elementor-widget-container\">\n\t\t\t<h3 class=\"elementor-heading-title elementor-size-default\">Trattamento anticellulite Vienna con G5<\/h3>\t\t<\/div>\n\t\t\t\t<\/div>\n\t\t\t\t<div class=\"elementor-element elementor-element-b3ceda6 elementor-widget elementor-widget-text-editor\" data-id=\"b3ceda6\" data-element_type=\"widget\" data-widget_type=\"text-editor.default\">\n\t\t\t\t<div class=\"elementor-widget-container\">\n\t\t\t\t\t\t\t<p>Il <strong>Trattamento Cellulite G5 Vienna<\/strong> stimola e migliora sia il sistema circolatorio che il sistema linfatico.<\/p>\n<p>Il sistema circolatorio porta sangue fresco, ossigenato e ricco di sostanze nutritive nell&#8217;area da trattare, favorendo la crescita, la manutenzione e la riparazione dei tessuti del tuo corpo. L&#8217;ossigeno e i nutrienti in pi\u00f9 migliorano l&#8217;aspetto e la consistenza della pelle e migliorano le prestazioni dei muscoli. Il trattamento della cellulite aumenta il flusso sanguigno localizzato per favorire questo processo.  <\/p>\n\t\t\t\t\t\t<\/div>\n\t\t\t\t<\/div>\n\t\t\t\t\t<\/div>\n\t\t<\/div>\n\t\t\t\t<div class=\"elementor-column elementor-col-50 elementor-top-column elementor-element elementor-element-0e56ee8\" data-id=\"0e56ee8\" data-element_type=\"column\">\n\t\t\t<div class=\"elementor-widget-wrap elementor-element-populated\">\n\t\t\t\t\t\t<div class=\"elementor-element elementor-element-da530e3 elementor-widget elementor-widget-image\" data-id=\"da530e3\" data-element_type=\"widget\" data-widget_type=\"image.default\">\n\t\t\t\t<div class=\"elementor-widget-container\">\n\t\t\t\t\t\t\t\t\t\t\t\t\t<img loading=\"lazy\" decoding=\"async\" width=\"1000\" height=\"1000\" src=\"https:\/\/www.adele-schoenheitssalon.at\/wp-content\/uploads\/2021\/11\/Cellulite-Behandlung-1.jpg\" class=\"attachment-full size-full wp-image-1727\" alt=\"Cellulite Behandlung\" srcset=\"https:\/\/www.adele-schoenheitssalon.at\/wp-content\/uploads\/2021\/11\/Cellulite-Behandlung-1.jpg 1000w, https:\/\/www.adele-schoenheitssalon.at\/wp-content\/uploads\/2021\/11\/Cellulite-Behandlung-1-300x300.jpg 300w, https:\/\/www.adele-schoenheitssalon.at\/wp-content\/uploads\/2021\/11\/Cellulite-Behandlung-1-150x150.jpg 150w, https:\/\/www.adele-schoenheitssalon.at\/wp-content\/uploads\/2021\/11\/Cellulite-Behandlung-1-768x768.jpg 768w, https:\/\/www.adele-schoenheitssalon.at\/wp-content\/uploads\/2021\/11\/Cellulite-Behandlung-1-450x450.jpg 450w, https:\/\/www.adele-schoenheitssalon.at\/wp-content\/uploads\/2021\/11\/Cellulite-Behandlung-1-600x600.jpg 600w, https:\/\/www.adele-schoenheitssalon.at\/wp-content\/uploads\/2021\/11\/Cellulite-Behandlung-1-100x100.jpg 100w\" sizes=\"(max-width: 1000px) 100vw, 1000px\" style=\"width:100%;height:100%;max-width:1000px\" \/>\t\t\t\t\t\t\t\t\t\t\t\t\t<\/div>\n\t\t\t\t<\/div>\n\t\t\t\t\t<\/div>\n\t\t<\/div>\n\t\t\t\t\t<\/div>\n\t\t<\/section>\n\t\t\t\t<section class=\"elementor-section elementor-top-section elementor-element elementor-element-e4359cd elementor-section-boxed elementor-section-height-default elementor-section-height-default\" data-id=\"e4359cd\" data-element_type=\"section\">\n\t\t\t\t\t\t<div class=\"elementor-container elementor-column-gap-wider\">\n\t\t\t\t\t<div class=\"elementor-column elementor-col-100 elementor-top-column elementor-element elementor-element-b3a00ee\" data-id=\"b3a00ee\" data-element_type=\"column\">\n\t\t\t<div class=\"elementor-widget-wrap elementor-element-populated\">\n\t\t\t\t\t\t<div class=\"elementor-element elementor-element-2ac9553 elementor-widget elementor-widget-text-editor\" data-id=\"2ac9553\" data-element_type=\"widget\" data-widget_type=\"text-editor.default\">\n\t\t\t\t<div class=\"elementor-widget-container\">\n\t\t\t\t\t\t\t<p>Il sistema linfatico trasporta il fluido contenente sostanze benefiche e nocive in tutto il corpo. Durante il suo viaggio, porta con s\u00e9 un&#8217;abbondanza di globuli bianchi che distruggono batteri e virus, nonch\u00e9 anticorpi che proteggono dalle malattie. Mentre scorre, elimina tutte le sostanze nocive come rifiuti, tossine, batteri e virus per tenerli lontani dal sangue. Queste sostanze vengono trasportate ai linfonodi per essere filtrate. I depositi vengono quindi rimossi e il fluido che scorre \u00e8 pi\u00f9 pulito e ricco.    <\/p>\n\t\t\t\t\t\t<\/div>\n\t\t\t\t<\/div>\n\t\t\t\t\t<\/div>\n\t\t<\/div>\n\t\t\t\t\t<\/div>\n\t\t<\/section>\n\t\t\t\t<section class=\"elementor-section elementor-top-section elementor-element elementor-element-5d3e1852 elementor-section-full_width elementor-section-height-default elementor-section-height-default\" data-id=\"5d3e1852\" data-element_type=\"section\" data-settings=\"{&quot;background_background&quot;:&quot;classic&quot;}\">\n\t\t\t\t\t\t\t<div class=\"elementor-background-overlay\"><\/div>\n\t\t\t\t\t\t\t<div class=\"elementor-container elementor-column-gap-default\">\n\t\t\t\t\t<div class=\"elementor-column elementor-col-100 elementor-top-column elementor-element elementor-element-3c55623f\" data-id=\"3c55623f\" data-element_type=\"column\">\n\t\t\t<div class=\"elementor-widget-wrap elementor-element-populated\">\n\t\t\t\t\t\t<div class=\"elementor-element elementor-element-a78bed elementor-widget elementor-widget-spacer\" data-id=\"a78bed\" data-element_type=\"widget\" data-widget_type=\"spacer.default\">\n\t\t\t\t<div class=\"elementor-widget-container\">\n\t\t\t\t\t<div class=\"elementor-spacer\">\n\t\t\t<div class=\"elementor-spacer-inner\"><\/div>\n\t\t<\/div>\n\t\t\t\t<\/div>\n\t\t\t\t<\/div>\n\t\t\t\t<div class=\"elementor-element elementor-element-19c8ada3 elementor-widget elementor-widget-heading\" data-id=\"19c8ada3\" data-element_type=\"widget\" data-widget_type=\"heading.default\">\n\t\t\t\t<div class=\"elementor-widget-container\">\n\t\t\t<h2 class=\"elementor-heading-title elementor-size-default\">Trattamento anti-cellulite Vienna<\/h2>\t\t<\/div>\n\t\t\t\t<\/div>\n\t\t\t\t<div class=\"elementor-element elementor-element-36afc1e7 elementor-widget elementor-widget-text-editor\" data-id=\"36afc1e7\" data-element_type=\"widget\" data-widget_type=\"text-editor.default\">\n\t\t\t\t<div class=\"elementor-widget-container\">\n\t\t\t\t\t\t\t<p style=\"text-align: center;\">Interessati al nostro <span style=\"color: #ffffff;\"><br \/>\n  <a style=\"color: #ffffff;\" href=\"https:\/\/www.adele-schoenheitssalon.at\/it\/\">Trattamenti<\/a><br \/>\n<\/span>? Puoi seguirci anche sui social media<\/p>\n\t\t\t\t\t\t<\/div>\n\t\t\t\t<\/div>\n\t\t\t\t<section class=\"elementor-section elementor-inner-section elementor-element elementor-element-642ea439 elementor-section-boxed elementor-section-height-default elementor-section-height-default\" data-id=\"642ea439\" data-element_type=\"section\">\n\t\t\t\t\t\t<div class=\"elementor-container elementor-column-gap-wider\">\n\t\t\t\t\t<div class=\"elementor-column elementor-col-50 elementor-inner-column elementor-element elementor-element-115ab3f1\" data-id=\"115ab3f1\" data-element_type=\"column\">\n\t\t\t<div class=\"elementor-widget-wrap elementor-element-populated\">\n\t\t\t\t\t\t<div class=\"elementor-element elementor-element-3c8aa700 elementor-widget elementor-widget-image\" data-id=\"3c8aa700\" data-element_type=\"widget\" data-widget_type=\"image.default\">\n\t\t\t\t<div class=\"elementor-widget-container\">\n\t\t\t\t\t\t\t\t\t\t\t\t\t\t<a href=\"https:\/\/www.instagram.com\/adele_luxury_spa\/\" target=\"_blank\" rel=\"noopener\">\n\t\t\t\t\t\t\t<img decoding=\"async\" src=\"https:\/\/www.adele-schoenheitssalon.at\/wp-content\/uploads\/elementor\/thumbs\/Instagram-Logo-q7wajzuc3ejnpd3wvj513w64vzn1l14pxml672bz6m.png\" title=\"Instagram-Logo\" alt=\"Instagram-Logo\" loading=\"lazy\" \/>\t\t\t\t\t\t\t\t<\/a>\n\t\t\t\t\t\t\t\t\t\t\t\t\t<\/div>\n\t\t\t\t<\/div>\n\t\t\t\t\t<\/div>\n\t\t<\/div>\n\t\t\t\t<div class=\"elementor-column elementor-col-50 elementor-inner-column elementor-element elementor-element-43a6c091\" data-id=\"43a6c091\" data-element_type=\"column\">\n\t\t\t<div class=\"elementor-widget-wrap elementor-element-populated\">\n\t\t\t\t\t\t<div class=\"elementor-element elementor-element-deab462 elementor-widget elementor-widget-image\" data-id=\"deab462\" data-element_type=\"widget\" data-widget_type=\"image.default\">\n\t\t\t\t<div class=\"elementor-widget-container\">\n\t\t\t\t\t\t\t\t\t\t\t\t\t\t<a href=\"https:\/\/www.facebook.com\/adeleschonheitssalon\" target=\"_blank\" rel=\"noopener\">\n\t\t\t\t\t\t\t<img decoding=\"async\" src=\"https:\/\/www.adele-schoenheitssalon.at\/wp-content\/uploads\/elementor\/thumbs\/Facebook-Logo-q7wajzuc3ejnpd3wvj513w64vzn1l14pxml672bz6w.png\" title=\"Facebook-Logo\" alt=\"Facebook-Logo\" loading=\"lazy\" \/>\t\t\t\t\t\t\t\t<\/a>\n\t\t\t\t\t\t\t\t\t\t\t\t\t<\/div>\n\t\t\t\t<\/div>\n\t\t\t\t\t<\/div>\n\t\t<\/div>\n\t\t\t\t\t<\/div>\n\t\t<\/section>\n\t\t\t\t<div class=\"elementor-element elementor-element-5a3cd41a elementor-widget elementor-widget-spacer\" data-id=\"5a3cd41a\" data-element_type=\"widget\" data-widget_type=\"spacer.default\">\n\t\t\t\t<div class=\"elementor-widget-container\">\n\t\t\t\t\t<div class=\"elementor-spacer\">\n\t\t\t<div class=\"elementor-spacer-inner\"><\/div>\n\t\t<\/div>\n\t\t\t\t<\/div>\n\t\t\t\t<\/div>\n\t\t\t\t\t<\/div>\n\t\t<\/div>\n\t\t\t\t\t<\/div>\n\t\t<\/section>\n\t\t\t\t<section class=\"elementor-section elementor-top-section elementor-element elementor-element-86c5d2f elementor-section-boxed elementor-section-height-default elementor-section-height-default\" data-id=\"86c5d2f\" data-element_type=\"section\">\n\t\t\t\t\t\t<div class=\"elementor-container elementor-column-gap-default\">\n\t\t\t\t\t<div class=\"elementor-column elementor-col-100 elementor-top-column elementor-element elementor-element-981ea92\" data-id=\"981ea92\" data-element_type=\"column\">\n\t\t\t<div class=\"elementor-widget-wrap elementor-element-populated\">\n\t\t\t\t\t\t<div class=\"elementor-element elementor-element-6f2d4f7 elementor-widget elementor-widget-heading\" data-id=\"6f2d4f7\" data-element_type=\"widget\" data-widget_type=\"heading.default\">\n\t\t\t\t<div class=\"elementor-widget-container\">\n\t\t\t<h2 class=\"elementor-heading-title elementor-size-default\">Trattamento G5 Cellulite Vienna<\/h2>\t\t<\/div>\n\t\t\t\t<\/div>\n\t\t\t\t<div class=\"elementor-element elementor-element-2164269 elementor-widget elementor-widget-spacer\" data-id=\"2164269\" data-element_type=\"widget\" data-widget_type=\"spacer.default\">\n\t\t\t\t<div class=\"elementor-widget-container\">\n\t\t\t\t\t<div class=\"elementor-spacer\">\n\t\t\t<div class=\"elementor-spacer-inner\"><\/div>\n\t\t<\/div>\n\t\t\t\t<\/div>\n\t\t\t\t<\/div>\n\t\t\t\t\t<\/div>\n\t\t<\/div>\n\t\t\t\t\t<\/div>\n\t\t<\/section>\n\t\t\t\t<section class=\"elementor-section elementor-top-section elementor-element elementor-element-78dc8c5 elementor-section-boxed elementor-section-height-default elementor-section-height-default\" data-id=\"78dc8c5\" data-element_type=\"section\">\n\t\t\t\t\t\t<div class=\"elementor-container elementor-column-gap-wider\">\n\t\t\t\t\t<div class=\"elementor-column elementor-col-50 elementor-top-column elementor-element elementor-element-a2dcc3b\" data-id=\"a2dcc3b\" data-element_type=\"column\">\n\t\t\t<div class=\"elementor-widget-wrap elementor-element-populated\">\n\t\t\t\t\t\t<div class=\"elementor-element elementor-element-7bf8887 elementor-widget elementor-widget-heading\" data-id=\"7bf8887\" data-element_type=\"widget\" data-widget_type=\"heading.default\">\n\t\t\t\t<div class=\"elementor-widget-container\">\n\t\t\t<h4 class=\"elementor-heading-title elementor-size-default\">Vantaggi del G5<\/h4>\t\t<\/div>\n\t\t\t\t<\/div>\n\t\t\t\t<div class=\"elementor-element elementor-element-f0a729a elementor-icon-list--layout-traditional elementor-list-item-link-full_width elementor-widget elementor-widget-icon-list\" data-id=\"f0a729a\" data-element_type=\"widget\" data-widget_type=\"icon-list.default\">\n\t\t\t\t<div class=\"elementor-widget-container\">\n\t\t\t\t\t<ul class=\"elementor-icon-list-items\">\n\t\t\t\t\t\t\t<li class=\"elementor-icon-list-item\">\n\t\t\t\t\t\t\t\t\t\t\t<span class=\"elementor-icon-list-icon\">\n\t\t\t\t\t\t\t<i aria-hidden=\"true\" class=\"fas fa-check\"><\/i>\t\t\t\t\t\t<\/span>\n\t\t\t\t\t\t\t\t\t\t<span class=\"elementor-icon-list-text\">Allarga i vasi sanguigni<\/span>\n\t\t\t\t\t\t\t\t\t<\/li>\n\t\t\t\t\t\t\t\t<li class=\"elementor-icon-list-item\">\n\t\t\t\t\t\t\t\t\t\t\t<span class=\"elementor-icon-list-icon\">\n\t\t\t\t\t\t\t<i aria-hidden=\"true\" class=\"fas fa-check\"><\/i>\t\t\t\t\t\t<\/span>\n\t\t\t\t\t\t\t\t\t\t<span class=\"elementor-icon-list-text\">Migliora la circolazione e allevia la congestione<\/span>\n\t\t\t\t\t\t\t\t\t<\/li>\n\t\t\t\t\t\t\t\t<li class=\"elementor-icon-list-item\">\n\t\t\t\t\t\t\t\t\t\t\t<span class=\"elementor-icon-list-icon\">\n\t\t\t\t\t\t\t<i aria-hidden=\"true\" class=\"fas fa-check\"><\/i>\t\t\t\t\t\t<\/span>\n\t\t\t\t\t\t\t\t\t\t<span class=\"elementor-icon-list-text\">Aumenta il flusso sanguigno e linfatico locale<\/span>\n\t\t\t\t\t\t\t\t\t<\/li>\n\t\t\t\t\t\t\t\t<li class=\"elementor-icon-list-item\">\n\t\t\t\t\t\t\t\t\t\t\t<span class=\"elementor-icon-list-icon\">\n\t\t\t\t\t\t\t<i aria-hidden=\"true\" class=\"fas fa-check\"><\/i>\t\t\t\t\t\t<\/span>\n\t\t\t\t\t\t\t\t\t\t<span class=\"elementor-icon-list-text\">Migliora l'eliminazione di scorie e tossine<\/span>\n\t\t\t\t\t\t\t\t\t<\/li>\n\t\t\t\t\t\t\t\t<li class=\"elementor-icon-list-item\">\n\t\t\t\t\t\t\t\t\t\t\t<span class=\"elementor-icon-list-icon\">\n\t\t\t\t\t\t\t<i aria-hidden=\"true\" class=\"fas fa-check\"><\/i>\t\t\t\t\t\t<\/span>\n\t\t\t\t\t\t\t\t\t\t<span class=\"elementor-icon-list-text\">Favorisce il rilassamento e un sonno migliore<\/span>\n\t\t\t\t\t\t\t\t\t<\/li>\n\t\t\t\t\t\t\t\t<li class=\"elementor-icon-list-item\">\n\t\t\t\t\t\t\t\t\t\t\t<span class=\"elementor-icon-list-icon\">\n\t\t\t\t\t\t\t<i aria-hidden=\"true\" class=\"fas fa-check\"><\/i>\t\t\t\t\t\t<\/span>\n\t\t\t\t\t\t\t\t\t\t<span class=\"elementor-icon-list-text\">Favorisce il processo di peeling<\/span>\n\t\t\t\t\t\t\t\t\t<\/li>\n\t\t\t\t\t\t\t\t<li class=\"elementor-icon-list-item\">\n\t\t\t\t\t\t\t\t\t\t\t<span class=\"elementor-icon-list-icon\">\n\t\t\t\t\t\t\t<i aria-hidden=\"true\" class=\"fas fa-check\"><\/i>\t\t\t\t\t\t<\/span>\n\t\t\t\t\t\t\t\t\t\t<span class=\"elementor-icon-list-text\">Aiuta ad alleviare il dolore<\/span>\n\t\t\t\t\t\t\t\t\t<\/li>\n\t\t\t\t\t\t\t\t<li class=\"elementor-icon-list-item\">\n\t\t\t\t\t\t\t\t\t\t\t<span class=\"elementor-icon-list-icon\">\n\t\t\t\t\t\t\t<i aria-hidden=\"true\" class=\"fas fa-check\"><\/i>\t\t\t\t\t\t<\/span>\n\t\t\t\t\t\t\t\t\t\t<span class=\"elementor-icon-list-text\">Aiuta a prevenire le lesioni<\/span>\n\t\t\t\t\t\t\t\t\t<\/li>\n\t\t\t\t\t\t\t\t<li class=\"elementor-icon-list-item\">\n\t\t\t\t\t\t\t\t\t\t\t<span class=\"elementor-icon-list-icon\">\n\t\t\t\t\t\t\t<i aria-hidden=\"true\" class=\"fas fa-check\"><\/i>\t\t\t\t\t\t<\/span>\n\t\t\t\t\t\t\t\t\t\t<span class=\"elementor-icon-list-text\">Disperde l'edema dopo le lesioni<\/span>\n\t\t\t\t\t\t\t\t\t<\/li>\n\t\t\t\t\t\t<\/ul>\n\t\t\t\t<\/div>\n\t\t\t\t<\/div>\n\t\t\t\t\t<\/div>\n\t\t<\/div>\n\t\t\t\t<div class=\"elementor-column elementor-col-50 elementor-top-column elementor-element elementor-element-3984aa8\" data-id=\"3984aa8\" data-element_type=\"column\">\n\t\t\t<div class=\"elementor-widget-wrap elementor-element-populated\">\n\t\t\t\t\t\t<div class=\"elementor-element elementor-element-04998b3 elementor-widget elementor-widget-image\" data-id=\"04998b3\" data-element_type=\"widget\" data-widget_type=\"image.default\">\n\t\t\t\t<div class=\"elementor-widget-container\">\n\t\t\t\t\t\t\t\t\t\t\t\t\t<img loading=\"lazy\" decoding=\"async\" width=\"1200\" height=\"800\" src=\"https:\/\/www.adele-schoenheitssalon.at\/wp-content\/uploads\/2021\/11\/Cellulite-Behandlung-Wien-1090.jpg\" class=\"attachment-full size-full wp-image-1700\" alt=\"Cellulite Behandlung Wien 1090\" srcset=\"https:\/\/www.adele-schoenheitssalon.at\/wp-content\/uploads\/2021\/11\/Cellulite-Behandlung-Wien-1090.jpg 1200w, https:\/\/www.adele-schoenheitssalon.at\/wp-content\/uploads\/2021\/11\/Cellulite-Behandlung-Wien-1090-300x200.jpg 300w, https:\/\/www.adele-schoenheitssalon.at\/wp-content\/uploads\/2021\/11\/Cellulite-Behandlung-Wien-1090-1024x683.jpg 1024w, https:\/\/www.adele-schoenheitssalon.at\/wp-content\/uploads\/2021\/11\/Cellulite-Behandlung-Wien-1090-768x512.jpg 768w, https:\/\/www.adele-schoenheitssalon.at\/wp-content\/uploads\/2021\/11\/Cellulite-Behandlung-Wien-1090-600x400.jpg 600w\" sizes=\"(max-width: 1200px) 100vw, 1200px\" style=\"width:100%;height:66.67%;max-width:1200px\" \/>\t\t\t\t\t\t\t\t\t\t\t\t\t<\/div>\n\t\t\t\t<\/div>\n\t\t\t\t\t<\/div>\n\t\t<\/div>\n\t\t\t\t\t<\/div>\n\t\t<\/section>\n\t\t\t\t<section class=\"elementor-section elementor-top-section elementor-element elementor-element-bbbe19b elementor-section-boxed elementor-section-height-default elementor-section-height-default\" data-id=\"bbbe19b\" data-element_type=\"section\">\n\t\t\t\t\t\t<div class=\"elementor-container elementor-column-gap-wider\">\n\t\t\t\t\t<div class=\"elementor-column elementor-col-50 elementor-top-column elementor-element elementor-element-ccbc948\" data-id=\"ccbc948\" data-element_type=\"column\">\n\t\t\t<div class=\"elementor-widget-wrap elementor-element-populated\">\n\t\t\t\t\t\t<div class=\"elementor-element elementor-element-2f98265 elementor-widget elementor-widget-image\" data-id=\"2f98265\" data-element_type=\"widget\" data-widget_type=\"image.default\">\n\t\t\t\t<div class=\"elementor-widget-container\">\n\t\t\t\t\t\t\t\t\t\t\t\t\t<img loading=\"lazy\" decoding=\"async\" width=\"1200\" height=\"800\" src=\"https:\/\/www.adele-schoenheitssalon.at\/wp-content\/uploads\/2021\/11\/Anti-Cellulite-Behandlung-1090.jpg\" class=\"attachment-full size-full wp-image-1699\" alt=\"Anti Cellulite\" srcset=\"https:\/\/www.adele-schoenheitssalon.at\/wp-content\/uploads\/2021\/11\/Anti-Cellulite-Behandlung-1090.jpg 1200w, https:\/\/www.adele-schoenheitssalon.at\/wp-content\/uploads\/2021\/11\/Anti-Cellulite-Behandlung-1090-300x200.jpg 300w, https:\/\/www.adele-schoenheitssalon.at\/wp-content\/uploads\/2021\/11\/Anti-Cellulite-Behandlung-1090-1024x683.jpg 1024w, https:\/\/www.adele-schoenheitssalon.at\/wp-content\/uploads\/2021\/11\/Anti-Cellulite-Behandlung-1090-768x512.jpg 768w, https:\/\/www.adele-schoenheitssalon.at\/wp-content\/uploads\/2021\/11\/Anti-Cellulite-Behandlung-1090-600x400.jpg 600w\" sizes=\"(max-width: 1200px) 100vw, 1200px\" style=\"width:100%;height:66.67%;max-width:1200px\" \/>\t\t\t\t\t\t\t\t\t\t\t\t\t<\/div>\n\t\t\t\t<\/div>\n\t\t\t\t\t<\/div>\n\t\t<\/div>\n\t\t\t\t<div class=\"elementor-column elementor-col-50 elementor-top-column elementor-element elementor-element-1f7b4d9\" data-id=\"1f7b4d9\" data-element_type=\"column\">\n\t\t\t<div class=\"elementor-widget-wrap elementor-element-populated\">\n\t\t\t\t\t\t<div class=\"elementor-element elementor-element-c311e19 elementor-widget elementor-widget-heading\" data-id=\"c311e19\" data-element_type=\"widget\" data-widget_type=\"heading.default\">\n\t\t\t\t<div class=\"elementor-widget-container\">\n\t\t\t<h4 class=\"elementor-heading-title elementor-size-default\">Benefici ed effetti sul grasso corporeo<\/h4>\t\t<\/div>\n\t\t\t\t<\/div>\n\t\t\t\t<div class=\"elementor-element elementor-element-cd60452 elementor-icon-list--layout-traditional elementor-list-item-link-full_width elementor-widget elementor-widget-icon-list\" data-id=\"cd60452\" data-element_type=\"widget\" data-widget_type=\"icon-list.default\">\n\t\t\t\t<div class=\"elementor-widget-container\">\n\t\t\t\t\t<ul class=\"elementor-icon-list-items\">\n\t\t\t\t\t\t\t<li class=\"elementor-icon-list-item\">\n\t\t\t\t\t\t\t\t\t\t\t<span class=\"elementor-icon-list-icon\">\n\t\t\t\t\t\t\t<i aria-hidden=\"true\" class=\"fas fa-check\"><\/i>\t\t\t\t\t\t<\/span>\n\t\t\t\t\t\t\t\t\t\t<span class=\"elementor-icon-list-text\">Migliora la circolazione sanguigna<\/span>\n\t\t\t\t\t\t\t\t\t<\/li>\n\t\t\t\t\t\t\t\t<li class=\"elementor-icon-list-item\">\n\t\t\t\t\t\t\t\t\t\t\t<span class=\"elementor-icon-list-icon\">\n\t\t\t\t\t\t\t<i aria-hidden=\"true\" class=\"fas fa-check\"><\/i>\t\t\t\t\t\t<\/span>\n\t\t\t\t\t\t\t\t\t\t<span class=\"elementor-icon-list-text\">Utile per rassodare i contorni del corpo<\/span>\n\t\t\t\t\t\t\t\t\t<\/li>\n\t\t\t\t\t\t\t\t<li class=\"elementor-icon-list-item\">\n\t\t\t\t\t\t\t\t\t\t\t<span class=\"elementor-icon-list-icon\">\n\t\t\t\t\t\t\t<i aria-hidden=\"true\" class=\"fas fa-check\"><\/i>\t\t\t\t\t\t<\/span>\n\t\t\t\t\t\t\t\t\t\t<span class=\"elementor-icon-list-text\">Aiuta a ridurre i depositi di grasso e il grasso sottocutaneo presenti da tempo<\/span>\n\t\t\t\t\t\t\t\t\t<\/li>\n\t\t\t\t\t\t\t\t<li class=\"elementor-icon-list-item\">\n\t\t\t\t\t\t\t\t\t\t\t<span class=\"elementor-icon-list-icon\">\n\t\t\t\t\t\t\t<i aria-hidden=\"true\" class=\"fas fa-check\"><\/i>\t\t\t\t\t\t<\/span>\n\t\t\t\t\t\t\t\t\t\t<span class=\"elementor-icon-list-text\">Riduce i depositi di grasso con scarsa circolazione<\/span>\n\t\t\t\t\t\t\t\t\t<\/li>\n\t\t\t\t\t\t\t\t<li class=\"elementor-icon-list-item\">\n\t\t\t\t\t\t\t\t\t\t\t<span class=\"elementor-icon-list-icon\">\n\t\t\t\t\t\t\t<i aria-hidden=\"true\" class=\"fas fa-check\"><\/i>\t\t\t\t\t\t<\/span>\n\t\t\t\t\t\t\t\t\t\t<span class=\"elementor-icon-list-text\">Distribuisce uniformemente i liquidi e i grassi sottocutanei<\/span>\n\t\t\t\t\t\t\t\t\t<\/li>\n\t\t\t\t\t\t<\/ul>\n\t\t\t\t<\/div>\n\t\t\t\t<\/div>\n\t\t\t\t\t<\/div>\n\t\t<\/div>\n\t\t\t\t\t<\/div>\n\t\t<\/section>\n\t\t\t\t<section class=\"elementor-section elementor-top-section elementor-element elementor-element-b8dc3a5 elementor-section-boxed elementor-section-height-default elementor-section-height-default\" data-id=\"b8dc3a5\" data-element_type=\"section\">\n\t\t\t\t\t\t<div class=\"elementor-container elementor-column-gap-wider\">\n\t\t\t\t\t<div class=\"elementor-column elementor-col-50 elementor-top-column elementor-element elementor-element-c97f04a\" data-id=\"c97f04a\" data-element_type=\"column\">\n\t\t\t<div class=\"elementor-widget-wrap elementor-element-populated\">\n\t\t\t\t\t\t<div class=\"elementor-element elementor-element-a1e1042 elementor-widget elementor-widget-heading\" data-id=\"a1e1042\" data-element_type=\"widget\" data-widget_type=\"heading.default\">\n\t\t\t\t<div class=\"elementor-widget-container\">\n\t\t\t<h4 class=\"elementor-heading-title elementor-size-default\">Vantaggi ed effetti sulla pelle<\/h4>\t\t<\/div>\n\t\t\t\t<\/div>\n\t\t\t\t<div class=\"elementor-element elementor-element-854dec4 elementor-icon-list--layout-traditional elementor-list-item-link-full_width elementor-widget elementor-widget-icon-list\" data-id=\"854dec4\" data-element_type=\"widget\" data-widget_type=\"icon-list.default\">\n\t\t\t\t<div class=\"elementor-widget-container\">\n\t\t\t\t\t<ul class=\"elementor-icon-list-items\">\n\t\t\t\t\t\t\t<li class=\"elementor-icon-list-item\">\n\t\t\t\t\t\t\t\t\t\t\t<span class=\"elementor-icon-list-icon\">\n\t\t\t\t\t\t\t<i aria-hidden=\"true\" class=\"fas fa-check\"><\/i>\t\t\t\t\t\t<\/span>\n\t\t\t\t\t\t\t\t\t\t<span class=\"elementor-icon-list-text\">Aiuta la pelle a funzionare in modo pi\u00f9 efficiente<\/span>\n\t\t\t\t\t\t\t\t\t<\/li>\n\t\t\t\t\t\t\t\t<li class=\"elementor-icon-list-item\">\n\t\t\t\t\t\t\t\t\t\t\t<span class=\"elementor-icon-list-icon\">\n\t\t\t\t\t\t\t<i aria-hidden=\"true\" class=\"fas fa-check\"><\/i>\t\t\t\t\t\t<\/span>\n\t\t\t\t\t\t\t\t\t\t<span class=\"elementor-icon-list-text\">Migliora la struttura della pelle<\/span>\n\t\t\t\t\t\t\t\t\t<\/li>\n\t\t\t\t\t\t\t\t<li class=\"elementor-icon-list-item\">\n\t\t\t\t\t\t\t\t\t\t\t<span class=\"elementor-icon-list-icon\">\n\t\t\t\t\t\t\t<i aria-hidden=\"true\" class=\"fas fa-check\"><\/i>\t\t\t\t\t\t<\/span>\n\t\t\t\t\t\t\t\t\t\t<span class=\"elementor-icon-list-text\">Migliora la rimozione dei prodotti di scarto<\/span>\n\t\t\t\t\t\t\t\t\t<\/li>\n\t\t\t\t\t\t\t\t<li class=\"elementor-icon-list-item\">\n\t\t\t\t\t\t\t\t\t\t\t<span class=\"elementor-icon-list-icon\">\n\t\t\t\t\t\t\t<i aria-hidden=\"true\" class=\"fas fa-check\"><\/i>\t\t\t\t\t\t<\/span>\n\t\t\t\t\t\t\t\t\t\t<span class=\"elementor-icon-list-text\">Aumenta la secrezione di oli naturali<\/span>\n\t\t\t\t\t\t\t\t\t<\/li>\n\t\t\t\t\t\t\t\t<li class=\"elementor-icon-list-item\">\n\t\t\t\t\t\t\t\t\t\t\t<span class=\"elementor-icon-list-icon\">\n\t\t\t\t\t\t\t<i aria-hidden=\"true\" class=\"fas fa-check\"><\/i>\t\t\t\t\t\t<\/span>\n\t\t\t\t\t\t\t\t\t\t<span class=\"elementor-icon-list-text\">Esfolia per una pelle morbida ed elastica<\/span>\n\t\t\t\t\t\t\t\t\t<\/li>\n\t\t\t\t\t\t\t\t<li class=\"elementor-icon-list-item\">\n\t\t\t\t\t\t\t\t\t\t\t<span class=\"elementor-icon-list-icon\">\n\t\t\t\t\t\t\t<i aria-hidden=\"true\" class=\"fas fa-check\"><\/i>\t\t\t\t\t\t<\/span>\n\t\t\t\t\t\t\t\t\t\t<span class=\"elementor-icon-list-text\">Aiuta a ritardare la comparsa di nuove rughe<\/span>\n\t\t\t\t\t\t\t\t\t<\/li>\n\t\t\t\t\t\t\t\t<li class=\"elementor-icon-list-item\">\n\t\t\t\t\t\t\t\t\t\t\t<span class=\"elementor-icon-list-icon\">\n\t\t\t\t\t\t\t<i aria-hidden=\"true\" class=\"fas fa-check\"><\/i>\t\t\t\t\t\t<\/span>\n\t\t\t\t\t\t\t\t\t\t<span class=\"elementor-icon-list-text\">Riduce la crescita della pelle e le rughe<\/span>\n\t\t\t\t\t\t\t\t\t<\/li>\n\t\t\t\t\t\t\t\t<li class=\"elementor-icon-list-item\">\n\t\t\t\t\t\t\t\t\t\t\t<span class=\"elementor-icon-list-icon\">\n\t\t\t\t\t\t\t<i aria-hidden=\"true\" class=\"fas fa-check\"><\/i>\t\t\t\t\t\t<\/span>\n\t\t\t\t\t\t\t\t\t\t<span class=\"elementor-icon-list-text\">Inibisce lo sviluppo delle impurit\u00e0 della pelle<\/span>\n\t\t\t\t\t\t\t\t\t<\/li>\n\t\t\t\t\t\t<\/ul>\n\t\t\t\t<\/div>\n\t\t\t\t<\/div>\n\t\t\t\t\t<\/div>\n\t\t<\/div>\n\t\t\t\t<div class=\"elementor-column elementor-col-50 elementor-top-column elementor-element elementor-element-0782925\" data-id=\"0782925\" data-element_type=\"column\">\n\t\t\t<div class=\"elementor-widget-wrap elementor-element-populated\">\n\t\t\t\t\t\t<div class=\"elementor-element elementor-element-0461703 elementor-widget elementor-widget-image\" data-id=\"0461703\" data-element_type=\"widget\" data-widget_type=\"image.default\">\n\t\t\t\t<div class=\"elementor-widget-container\">\n\t\t\t\t\t\t\t\t\t\t\t\t\t<img loading=\"lazy\" decoding=\"async\" width=\"1200\" height=\"800\" src=\"https:\/\/www.adele-schoenheitssalon.at\/wp-content\/uploads\/2021\/11\/G5-Cellulite-Behandlung-Wien.jpg\" class=\"attachment-full size-full wp-image-1701\" alt=\"G5 Cellulite Behandlung Wien\" srcset=\"https:\/\/www.adele-schoenheitssalon.at\/wp-content\/uploads\/2021\/11\/G5-Cellulite-Behandlung-Wien.jpg 1200w, https:\/\/www.adele-schoenheitssalon.at\/wp-content\/uploads\/2021\/11\/G5-Cellulite-Behandlung-Wien-300x200.jpg 300w, https:\/\/www.adele-schoenheitssalon.at\/wp-content\/uploads\/2021\/11\/G5-Cellulite-Behandlung-Wien-1024x683.jpg 1024w, https:\/\/www.adele-schoenheitssalon.at\/wp-content\/uploads\/2021\/11\/G5-Cellulite-Behandlung-Wien-768x512.jpg 768w, https:\/\/www.adele-schoenheitssalon.at\/wp-content\/uploads\/2021\/11\/G5-Cellulite-Behandlung-Wien-600x400.jpg 600w\" sizes=\"(max-width: 1200px) 100vw, 1200px\" style=\"width:100%;height:66.67%;max-width:1200px\" \/>\t\t\t\t\t\t\t\t\t\t\t\t\t<\/div>\n\t\t\t\t<\/div>\n\t\t\t\t\t<\/div>\n\t\t<\/div>\n\t\t\t\t\t<\/div>\n\t\t<\/section>\n\t\t\t\t<section class=\"elementor-section elementor-top-section elementor-element elementor-element-3f4eb35 elementor-section-boxed elementor-section-height-default elementor-section-height-default\" data-id=\"3f4eb35\" data-element_type=\"section\">\n\t\t\t\t\t\t<div class=\"elementor-container elementor-column-gap-default\">\n\t\t\t\t\t<div class=\"elementor-column elementor-col-100 elementor-top-column elementor-element elementor-element-0774bad\" data-id=\"0774bad\" data-element_type=\"column\">\n\t\t\t<div class=\"elementor-widget-wrap\">\n\t\t\t\t\t\t\t<\/div>\n\t\t<\/div>\n\t\t\t\t\t<\/div>\n\t\t<\/section>\n\t\t\t\t<\/div>\n\t\t","protected":false},"excerpt":{"rendered":"<p>Trattamento della cellulite a Vienna con l&#8217;esclusivo trattamento anticellulite G5 Se avete la cellulite, non siete sole Se la cellulite ti d\u00e0 fastidio, non sei sola. In Austria, circa il 90% delle donne ha la cellulite o la svilupper\u00e0 nel corso della vita. Questo la rende uno dei problemi corporei pi\u00f9 comuni con cui le&hellip; <a class=\"more-link\" href=\"https:\/\/www.adele-schoenheitssalon.at\/it\/trattamento-della-cellulite-a-vienna\/\">Continua a leggere <span class=\"screen-reader-text\">Trattamento della cellulite a Vienna<\/span><\/a><\/p>\n","protected":false},"author":1,"featured_media":6440,"parent":0,"menu_order":0,"comment_status":"closed","ping_status":"closed","template":"elementor_header_footer","meta":{"footnotes":""},"class_list":["post-7167","page","type-page","status-publish","has-post-thumbnail","hentry","entry"],"_links":{"self":[{"href":"https:\/\/www.adele-schoenheitssalon.at\/it\/wp-json\/wp\/v2\/pages\/7167","targetHints":{"allow":["GET"]}}],"collection":[{"href":"https:\/\/www.adele-schoenheitssalon.at\/it\/wp-json\/wp\/v2\/pages"}],"about":[{"href":"https:\/\/www.adele-schoenheitssalon.at\/it\/wp-json\/wp\/v2\/types\/page"}],"author":[{"embeddable":true,"href":"https:\/\/www.adele-schoenheitssalon.at\/it\/wp-json\/wp\/v2\/users\/1"}],"replies":[{"embeddable":true,"href":"https:\/\/www.adele-schoenheitssalon.at\/it\/wp-json\/wp\/v2\/comments?post=7167"}],"version-history":[{"count":3,"href":"https:\/\/www.adele-schoenheitssalon.at\/it\/wp-json\/wp\/v2\/pages\/7167\/revisions"}],"predecessor-version":[{"id":9244,"href":"https:\/\/www.adele-schoenheitssalon.at\/it\/wp-json\/wp\/v2\/pages\/7167\/revisions\/9244"}],"wp:featuredmedia":[{"embeddable":true,"href":"https:\/\/www.adele-schoenheitssalon.at\/it\/wp-json\/wp\/v2\/media\/6440"}],"wp:attachment":[{"href":"https:\/\/www.adele-schoenheitssalon.at\/it\/wp-json\/wp\/v2\/media?parent=7167"}],"curies":[{"name":"wp","href":"https:\/\/api.w.org\/{rel}","templated":true}]}}