{"id":7172,"date":"2021-10-08T22:52:33","date_gmt":"2021-10-08T21:52:33","guid":{"rendered":"https:\/\/www.adele-schoenheitssalon.at\/lifting-delle-palpebre-vienna\/"},"modified":"2026-04-10T00:20:19","modified_gmt":"2026-04-09T23:20:19","slug":"lifting-delle-palpebre-vienna","status":"publish","type":"page","link":"https:\/\/www.adele-schoenheitssalon.at\/it\/lifting-delle-palpebre-vienna\/","title":{"rendered":"Lifting delle palpebre Vienna"},"content":{"rendered":"\t\t<div data-elementor-type=\"wp-page\" data-elementor-id=\"7172\" class=\"elementor elementor-7172 elementor-463\" data-elementor-post-type=\"page\">\n\t\t\t\t\t\t<section class=\"elementor-section elementor-top-section elementor-element elementor-element-00df873 elementor-section-full_width elementor-section-height-min-height elementor-section-items-bottom elementor-section-height-default\" data-id=\"00df873\" data-element_type=\"section\" data-settings=\"{&quot;background_background&quot;:&quot;classic&quot;}\">\n\t\t\t\t\t\t<div class=\"elementor-container elementor-column-gap-default\">\n\t\t\t\t\t<div class=\"elementor-column elementor-col-100 elementor-top-column elementor-element elementor-element-a092082\" data-id=\"a092082\" data-element_type=\"column\">\n\t\t\t<div class=\"elementor-widget-wrap elementor-element-populated\">\n\t\t\t\t\t\t<div class=\"elementor-element elementor-element-7cdb60d elementor-widget elementor-widget-heading\" data-id=\"7cdb60d\" data-element_type=\"widget\" data-widget_type=\"heading.default\">\n\t\t\t\t<div class=\"elementor-widget-container\">\n\t\t\t<h1 class=\"elementor-heading-title elementor-size-default\">Lifting delle palpebre Vienna<\/h1>\t\t<\/div>\n\t\t\t\t<\/div>\n\t\t\t\t<div class=\"elementor-element elementor-element-5c78c8d elementor-widget elementor-widget-button\" data-id=\"5c78c8d\" data-element_type=\"widget\" data-widget_type=\"button.default\">\n\t\t\t\t<div class=\"elementor-widget-container\">\n\t\t\t\t\t<div class=\"elementor-button-wrapper\">\n\t\t\t<a class=\"elementor-button elementor-button-link elementor-size-sm\" href=\"https:\/\/www.adele-schoenheitssalon.at\/it\/prenotazione\/\">\n\t\t\t\t\t\t<span class=\"elementor-button-content-wrapper\">\n\t\t\t\t\t\t\t\t\t<span class=\"elementor-button-text\">Fissare un appuntamento<\/span>\n\t\t\t\t\t<\/span>\n\t\t\t\t\t<\/a>\n\t\t<\/div>\n\t\t\t\t<\/div>\n\t\t\t\t<\/div>\n\t\t\t\t\t<\/div>\n\t\t<\/div>\n\t\t\t\t\t<\/div>\n\t\t<\/section>\n\t\t\t\t<section class=\"elementor-section elementor-top-section elementor-element elementor-element-4e61ad23 elementor-section-height-min-height elementor-section-boxed elementor-section-height-default elementor-section-items-middle\" data-id=\"4e61ad23\" data-element_type=\"section\" data-settings=\"{&quot;background_background&quot;:&quot;classic&quot;}\">\n\t\t\t\t\t\t<div class=\"elementor-container elementor-column-gap-default\">\n\t\t\t\t\t<div class=\"elementor-column elementor-col-100 elementor-top-column elementor-element elementor-element-199c78ae\" data-id=\"199c78ae\" data-element_type=\"column\">\n\t\t\t<div class=\"elementor-widget-wrap elementor-element-populated\">\n\t\t\t\t\t\t<div class=\"elementor-element elementor-element-3a71db63 elementor-widget elementor-widget-heading\" data-id=\"3a71db63\" data-element_type=\"widget\" data-widget_type=\"heading.default\">\n\t\t\t\t<div class=\"elementor-widget-container\">\n\t\t\t<h5 class=\"elementor-heading-title elementor-size-default\">Salone di bellezza ADELE<\/h5>\t\t<\/div>\n\t\t\t\t<\/div>\n\t\t\t\t<div class=\"elementor-element elementor-element-65cfb2e9 elementor-widget elementor-widget-heading\" data-id=\"65cfb2e9\" data-element_type=\"widget\" data-widget_type=\"heading.default\">\n\t\t\t\t<div class=\"elementor-widget-container\">\n\t\t\t<h2 class=\"elementor-heading-title elementor-size-default\">Sollevamento delle palpebre senza intervento chirurgico<\/h2>\t\t<\/div>\n\t\t\t\t<\/div>\n\t\t\t\t<div class=\"elementor-element elementor-element-13998232 elementor-widget elementor-widget-text-editor\" data-id=\"13998232\" data-element_type=\"widget\" data-widget_type=\"text-editor.default\">\n\t\t\t\t<div class=\"elementor-widget-container\">\n\t\t\t\t\t\t\t<p>Danni causati dal sole, dall&#8217;inquinamento, dallo sfregamento senza pensieri, dalla pesantezza del trucco e dall&#8217;invecchiamento. Tutto ci\u00f2 fa s\u00ec che la pelle intorno agli occhi sia la prima a &#8220;deteriorarsi&#8221;.<\/p>\n<p>A differenza dell&#8217;intervento di lifting delle palpebre, noto anche come blefaroplastica, il lifting delle palpebre al plasma \u00e8 una procedura non chirurgica di ultima generazione. Aiuta a rassodare la pelle delle palpebre e a minimizzare gli effetti dell&#8217;invecchiamento oculare. La parte migliore? Non comporta tagli e richiede tempi di inattivit\u00e0 minimi.<\/p>\n\t\t\t\t\t\t<\/div>\n\t\t\t\t<\/div>\n\t\t\t\t\t<\/div>\n\t\t<\/div>\n\t\t\t\t\t<\/div>\n\t\t<\/section>\n\t\t\t\t<section class=\"elementor-section elementor-top-section elementor-element elementor-element-592a2ba8 elementor-section-full_width elementor-section-height-default elementor-section-height-default\" data-id=\"592a2ba8\" data-element_type=\"section\" data-settings=\"{&quot;background_background&quot;:&quot;classic&quot;}\">\n\t\t\t\t\t\t<div class=\"elementor-container elementor-column-gap-default\">\n\t\t\t\t\t<div class=\"elementor-column elementor-col-50 elementor-top-column elementor-element elementor-element-5281f560\" data-id=\"5281f560\" data-element_type=\"column\" data-settings=\"{&quot;background_background&quot;:&quot;classic&quot;}\">\n\t\t\t<div class=\"elementor-widget-wrap elementor-element-populated\">\n\t\t\t\t\t\t<div class=\"elementor-element elementor-element-708ecac1 elementor-widget elementor-widget-spacer\" data-id=\"708ecac1\" data-element_type=\"widget\" data-widget_type=\"spacer.default\">\n\t\t\t\t<div class=\"elementor-widget-container\">\n\t\t\t\t\t<div class=\"elementor-spacer\">\n\t\t\t<div class=\"elementor-spacer-inner\"><\/div>\n\t\t<\/div>\n\t\t\t\t<\/div>\n\t\t\t\t<\/div>\n\t\t\t\t\t<\/div>\n\t\t<\/div>\n\t\t\t\t<div class=\"elementor-column elementor-col-50 elementor-top-column elementor-element elementor-element-cf09a6b\" data-id=\"cf09a6b\" data-element_type=\"column\" data-settings=\"{&quot;background_background&quot;:&quot;classic&quot;}\">\n\t\t\t<div class=\"elementor-widget-wrap elementor-element-populated\">\n\t\t\t\t\t\t<div class=\"elementor-element elementor-element-5073a288 elementor-widget elementor-widget-heading\" data-id=\"5073a288\" data-element_type=\"widget\" data-widget_type=\"heading.default\">\n\t\t\t\t<div class=\"elementor-widget-container\">\n\t\t\t<h4 class=\"elementor-heading-title elementor-size-default\">Che cos'\u00e8 il lifting delle palpebre al plasma?  <\/h4>\t\t<\/div>\n\t\t\t\t<\/div>\n\t\t\t\t<div class=\"elementor-element elementor-element-2fb02a53 elementor-widget elementor-widget-text-editor\" data-id=\"2fb02a53\" data-element_type=\"widget\" data-widget_type=\"text-editor.default\">\n\t\t\t\t<div class=\"elementor-widget-container\">\n\t\t\t\t\t\t\t<p>Il <strong>lifting delle palpebre<\/strong> con plasma \u00e8 una procedura che consente di rassodare, sollevare e ringiovanire la pelle della palpebra superiore, il tutto senza intervento chirurgico. A titolo informativo, anche se sembra che si tratti di plasma nel sangue, in realt\u00e0 si tratta di plasma come corrente ad alta energia. Il quarto stato della materia, il plasma, \u00e8 un gas ionizzato che pu\u00f2 condurre una corrente elettrica ampia e prolungata. Il sole, il fuoco e i fulmini sono esempi di plasma.<\/p>\n<p>Senza toccare la pelle, un dispositivo portatile (che assomiglia a una piccola penna) viene mosso sulla superficie della palpebra per rassodare la pelle e promuovere la produzione di collagene. La penna funziona ionizzando i gas presenti nell&#8217;aria per creare un piccolo arco elettrico, simile a un fulmine, che pu\u00f2 essere utilizzato per ringiovanire le aree problematiche senza danneggiare le aree circostanti. La penna al plasma proietta un arco di plasma ionizzato a bassa frequenza sulla superficie della pelle, vaporizzando la pelle nel punto di contatto e provocando una contrazione e un rassodamento immediati delle fibre cutanee.<\/p>\n<p>In poche parole, il dispositivo riscalda essenzialmente il derma nell&#8217;area interessata (le palpebre), che si stacca dopo il trattamento, rassodando la pelle e creando una pelle pi\u00f9 fresca.<\/p>\n\t\t\t\t\t\t<\/div>\n\t\t\t\t<\/div>\n\t\t\t\t\t<\/div>\n\t\t<\/div>\n\t\t\t\t\t<\/div>\n\t\t<\/section>\n\t\t\t\t<section class=\"elementor-section elementor-top-section elementor-element elementor-element-fe5b8d6 elementor-section-full_width elementor-section-height-default elementor-section-height-default\" data-id=\"fe5b8d6\" data-element_type=\"section\" data-settings=\"{&quot;background_background&quot;:&quot;classic&quot;}\">\n\t\t\t\t\t\t<div class=\"elementor-container elementor-column-gap-default\">\n\t\t\t\t\t<div class=\"elementor-column elementor-col-50 elementor-top-column elementor-element elementor-element-0a80697\" data-id=\"0a80697\" data-element_type=\"column\" data-settings=\"{&quot;background_background&quot;:&quot;classic&quot;}\">\n\t\t\t<div class=\"elementor-widget-wrap elementor-element-populated\">\n\t\t\t\t\t\t<div class=\"elementor-element elementor-element-aec2bf4 elementor-widget elementor-widget-heading\" data-id=\"aec2bf4\" data-element_type=\"widget\" data-widget_type=\"heading.default\">\n\t\t\t\t<div class=\"elementor-widget-container\">\n\t\t\t<h2 class=\"elementor-heading-title elementor-size-default\">Quali sono i vantaggi del lifting delle palpebre con la penna al plasma?<\/h2>\t\t<\/div>\n\t\t\t\t<\/div>\n\t\t\t\t<div class=\"elementor-element elementor-element-ab68ea7 elementor-widget elementor-widget-text-editor\" data-id=\"ab68ea7\" data-element_type=\"widget\" data-widget_type=\"text-editor.default\">\n\t\t\t\t<div class=\"elementor-widget-container\">\n\t\t\t\t\t\t\t<p>Il trattamento \u00e8 piuttosto versatile e pu\u00f2 essere utilizzato su diverse aree del viso. La penna al plasma viene utilizzata soprattutto per le rughe di espressione, le rughe della fronte, le zampe di gallina, le palpebre cadenti e l&#8217;area sotto gli occhi.<\/p>\n<p>Il <strong>lifting delle palpebre di Vienna<\/strong> dona un aspetto pi\u00f9 giovane e radioso.<\/p>\n\t\t\t\t\t\t<\/div>\n\t\t\t\t<\/div>\n\t\t\t\t<div class=\"elementor-element elementor-element-7fe6b81 elementor-widget elementor-widget-heading\" data-id=\"7fe6b81\" data-element_type=\"widget\" data-widget_type=\"heading.default\">\n\t\t\t\t<div class=\"elementor-widget-container\">\n\t\t\t<h4 class=\"elementor-heading-title elementor-size-default\">Come si svolge il trattamento?<\/h4>\t\t<\/div>\n\t\t\t\t<\/div>\n\t\t\t\t<div class=\"elementor-element elementor-element-46714a5 elementor-widget elementor-widget-text-editor\" data-id=\"46714a5\" data-element_type=\"widget\" data-widget_type=\"text-editor.default\">\n\t\t\t\t<div class=\"elementor-widget-container\">\n\t\t\t\t\t\t\t<p>Prima del <strong>lifting delle palpebre senza intervento chirurgico<\/strong> con la penna al plasma, viene applicata una crema anestetica topica. Lasciare agire per circa 30 minuti. Il trattamento viene quindi eseguito posizionando dei punti in uno schema specifico sulla palpebra e sulla regione temporale laterale. Al termine, si applica una polvere e uno spray fissativo per coprire i punti e cicatrizzare il tessuto.<\/p>\n\t\t\t\t\t\t<\/div>\n\t\t\t\t<\/div>\n\t\t\t\t\t<\/div>\n\t\t<\/div>\n\t\t\t\t<div class=\"elementor-column elementor-col-50 elementor-top-column elementor-element elementor-element-7b09f68\" data-id=\"7b09f68\" data-element_type=\"column\" data-settings=\"{&quot;background_background&quot;:&quot;classic&quot;}\">\n\t\t\t<div class=\"elementor-widget-wrap elementor-element-populated\">\n\t\t\t\t\t\t<div class=\"elementor-element elementor-element-c93b5ef elementor-widget elementor-widget-spacer\" data-id=\"c93b5ef\" data-element_type=\"widget\" data-widget_type=\"spacer.default\">\n\t\t\t\t<div class=\"elementor-widget-container\">\n\t\t\t\t\t<div class=\"elementor-spacer\">\n\t\t\t<div class=\"elementor-spacer-inner\"><\/div>\n\t\t<\/div>\n\t\t\t\t<\/div>\n\t\t\t\t<\/div>\n\t\t\t\t\t<\/div>\n\t\t<\/div>\n\t\t\t\t\t<\/div>\n\t\t<\/section>\n\t\t\t\t<section class=\"elementor-section elementor-top-section elementor-element elementor-element-0968ce3 elementor-section-height-min-height elementor-section-boxed elementor-section-height-default elementor-section-items-middle\" data-id=\"0968ce3\" data-element_type=\"section\" data-settings=\"{&quot;background_background&quot;:&quot;classic&quot;}\">\n\t\t\t\t\t\t<div class=\"elementor-container elementor-column-gap-default\">\n\t\t\t\t\t<div class=\"elementor-column elementor-col-100 elementor-top-column elementor-element elementor-element-5bc24ab\" data-id=\"5bc24ab\" data-element_type=\"column\">\n\t\t\t<div class=\"elementor-widget-wrap elementor-element-populated\">\n\t\t\t\t\t\t<div class=\"elementor-element elementor-element-adff6c6 elementor-widget elementor-widget-heading\" data-id=\"adff6c6\" data-element_type=\"widget\" data-widget_type=\"heading.default\">\n\t\t\t\t<div class=\"elementor-widget-container\">\n\t\t\t<h2 class=\"elementor-heading-title elementor-size-default\">Lifting delle palpebre Vienna<\/h2>\t\t<\/div>\n\t\t\t\t<\/div>\n\t\t\t\t<div class=\"elementor-element elementor-element-c93f338 elementor-widget elementor-widget-heading\" data-id=\"c93f338\" data-element_type=\"widget\" data-widget_type=\"heading.default\">\n\t\t\t\t<div class=\"elementor-widget-container\">\n\t\t\t<h4 class=\"elementor-heading-title elementor-size-default\">Ci sono tempi di inattivit\u00e0?<\/h4>\t\t<\/div>\n\t\t\t\t<\/div>\n\t\t\t\t<div class=\"elementor-element elementor-element-c9c9ee1 elementor-widget elementor-widget-text-editor\" data-id=\"c9c9ee1\" data-element_type=\"widget\" data-widget_type=\"text-editor.default\">\n\t\t\t\t<div class=\"elementor-widget-container\">\n\t\t\t\t\t\t\t<p>La maggior parte delle persone pu\u00f2 aspettarsi circa cinque giorni di inattivit\u00e0 durante i quali non \u00e8 possibile truccarsi. Rossore e gonfiore si manifestano subito dopo il trattamento, con un picco di gonfiore nei due giorni successivi. \u00c8 importante non raffreddare l&#8217;area, poich\u00e9 il gonfiore \u00e8 una parte importante del processo. Nell&#8217;area di trattamento saranno inoltre presenti marcature a punti ben visibili. Questi piccoli punti simili ad aghi sono pezzi di tessuto usurato che si sono formati in croste. Durano circa quattro-sette giorni e bisogna evitare di grattarsi o bagnarsi per evitare cicatrici. Una volta che la crosta si \u00e8 staccata, \u00e8 possibile riprendere le normali attivit\u00e0 e truccarsi per coprire l&#8217;eventuale rossore residuo.<\/p>\n\t\t\t\t\t\t<\/div>\n\t\t\t\t<\/div>\n\t\t\t\t<div class=\"elementor-element elementor-element-acc69b2 elementor-widget elementor-widget-heading\" data-id=\"acc69b2\" data-element_type=\"widget\" data-widget_type=\"heading.default\">\n\t\t\t\t<div class=\"elementor-widget-container\">\n\t\t\t<h5 class=\"elementor-heading-title elementor-size-default\">Quanto durano i risultati?  <\/h5>\t\t<\/div>\n\t\t\t\t<\/div>\n\t\t\t\t<div class=\"elementor-element elementor-element-7c7c704 elementor-widget elementor-widget-text-editor\" data-id=\"7c7c704\" data-element_type=\"widget\" data-widget_type=\"text-editor.default\">\n\t\t\t\t<div class=\"elementor-widget-container\">\n\t\t\t\t\t\t\t<p>In genere sono necessari due trattamenti. Tuttavia, la necessit\u00e0 di ulteriori trattamenti dipende dal grado di flaccidit\u00e0. L&#8217;effetto completo del trattamento iniziale \u00e8 visibile dopo 12 settimane. A questo punto, se necessario, \u00e8 possibile eseguire un secondo trattamento di rassodamento e sollevamento con la penna al plasma per il <strong>lifting delle palpebre senza intervento chirurgico<\/strong>.<\/p>\n\t\t\t\t\t\t<\/div>\n\t\t\t\t<\/div>\n\t\t\t\t<div class=\"elementor-element elementor-element-b8fcf05 elementor-widget elementor-widget-text-editor\" data-id=\"b8fcf05\" data-element_type=\"widget\" data-widget_type=\"text-editor.default\">\n\t\t\t\t<div class=\"elementor-widget-container\">\n\t\t\t\t\t\t\t<p>ATTENZIONE: \u00e8 importante scegliere con cura chi esegue il trattamento con la penna al plasma. Molti saloni di bellezza dispongono di attrezzature inferiori e non hanno gli stessi protocolli di sicurezza.<\/p>\n<p>Il salone di bellezza ADELE offre attrezzature e procedure che sono &#8220;BEST IN CLASS&#8221;. Il trattamento verr\u00e0 eseguito solo da un estetista esperto che utilizza apparecchiature mediche approvate per ottenere i risultati migliori e pi\u00f9 sicuri.<\/p>\n\t\t\t\t\t\t<\/div>\n\t\t\t\t<\/div>\n\t\t\t\t\t<\/div>\n\t\t<\/div>\n\t\t\t\t\t<\/div>\n\t\t<\/section>\n\t\t\t\t<section class=\"elementor-section elementor-top-section elementor-element elementor-element-4fb54c1a elementor-section-full_width elementor-section-height-default elementor-section-height-default\" data-id=\"4fb54c1a\" data-element_type=\"section\" data-settings=\"{&quot;background_background&quot;:&quot;classic&quot;}\">\n\t\t\t\t\t\t\t<div class=\"elementor-background-overlay\"><\/div>\n\t\t\t\t\t\t\t<div class=\"elementor-container elementor-column-gap-default\">\n\t\t\t\t\t<div class=\"elementor-column elementor-col-100 elementor-top-column elementor-element elementor-element-6333911a\" data-id=\"6333911a\" data-element_type=\"column\">\n\t\t\t<div class=\"elementor-widget-wrap elementor-element-populated\">\n\t\t\t\t\t\t<div class=\"elementor-element elementor-element-81ce17f elementor-widget elementor-widget-spacer\" data-id=\"81ce17f\" data-element_type=\"widget\" data-widget_type=\"spacer.default\">\n\t\t\t\t<div class=\"elementor-widget-container\">\n\t\t\t\t\t<div class=\"elementor-spacer\">\n\t\t\t<div class=\"elementor-spacer-inner\"><\/div>\n\t\t<\/div>\n\t\t\t\t<\/div>\n\t\t\t\t<\/div>\n\t\t\t\t<div class=\"elementor-element elementor-element-75a135c4 elementor-widget elementor-widget-heading\" data-id=\"75a135c4\" data-element_type=\"widget\" data-widget_type=\"heading.default\">\n\t\t\t\t<div class=\"elementor-widget-container\">\n\t\t\t<h2 class=\"elementor-heading-title elementor-size-default\">Lifting delle palpebre Vienna<\/h2>\t\t<\/div>\n\t\t\t\t<\/div>\n\t\t\t\t<div class=\"elementor-element elementor-element-1cd3656c elementor-widget elementor-widget-text-editor\" data-id=\"1cd3656c\" data-element_type=\"widget\" data-widget_type=\"text-editor.default\">\n\t\t\t\t<div class=\"elementor-widget-container\">\n\t\t\t\t\t\t\t<p style=\"text-align: center;\">Siete interessati ai nostri trattamenti? Puoi seguirci anche sui social media<\/p>\n\t\t\t\t\t\t<\/div>\n\t\t\t\t<\/div>\n\t\t\t\t<section class=\"elementor-section elementor-inner-section elementor-element elementor-element-65b7fbaf elementor-section-boxed elementor-section-height-default elementor-section-height-default\" data-id=\"65b7fbaf\" data-element_type=\"section\">\n\t\t\t\t\t\t<div class=\"elementor-container elementor-column-gap-wider\">\n\t\t\t\t\t<div class=\"elementor-column elementor-col-50 elementor-inner-column elementor-element elementor-element-85e1d6\" data-id=\"85e1d6\" data-element_type=\"column\">\n\t\t\t<div class=\"elementor-widget-wrap elementor-element-populated\">\n\t\t\t\t\t\t<div class=\"elementor-element elementor-element-4cdc6218 elementor-widget elementor-widget-image\" data-id=\"4cdc6218\" data-element_type=\"widget\" data-widget_type=\"image.default\">\n\t\t\t\t<div class=\"elementor-widget-container\">\n\t\t\t\t\t\t\t\t\t\t\t\t\t\t<a href=\"https:\/\/www.instagram.com\/adele_luxury_spa\/\" target=\"_blank\" rel=\"noopener\">\n\t\t\t\t\t\t\t<img decoding=\"async\" src=\"https:\/\/www.adele-schoenheitssalon.at\/wp-content\/uploads\/elementor\/thumbs\/Instagram-Logo-q7wajzuc3ejnpd3wvj513w64vzn1l14pxml672bz6m.png\" title=\"Instagram-Logo\" alt=\"Instagram-Logo\" loading=\"lazy\" \/>\t\t\t\t\t\t\t\t<\/a>\n\t\t\t\t\t\t\t\t\t\t\t\t\t<\/div>\n\t\t\t\t<\/div>\n\t\t\t\t\t<\/div>\n\t\t<\/div>\n\t\t\t\t<div class=\"elementor-column elementor-col-50 elementor-inner-column elementor-element elementor-element-dfce9f2\" data-id=\"dfce9f2\" data-element_type=\"column\">\n\t\t\t<div class=\"elementor-widget-wrap elementor-element-populated\">\n\t\t\t\t\t\t<div class=\"elementor-element elementor-element-427224ce elementor-widget elementor-widget-image\" data-id=\"427224ce\" data-element_type=\"widget\" data-widget_type=\"image.default\">\n\t\t\t\t<div class=\"elementor-widget-container\">\n\t\t\t\t\t\t\t\t\t\t\t\t\t\t<a href=\"https:\/\/www.facebook.com\/adeleschonheitssalon\" target=\"_blank\" rel=\"noopener\">\n\t\t\t\t\t\t\t<img decoding=\"async\" src=\"https:\/\/www.adele-schoenheitssalon.at\/wp-content\/uploads\/elementor\/thumbs\/Facebook-Logo-q7wajzuc3ejnpd3wvj513w64vzn1l14pxml672bz6w.png\" title=\"Facebook-Logo\" alt=\"Facebook-Logo\" loading=\"lazy\" \/>\t\t\t\t\t\t\t\t<\/a>\n\t\t\t\t\t\t\t\t\t\t\t\t\t<\/div>\n\t\t\t\t<\/div>\n\t\t\t\t\t<\/div>\n\t\t<\/div>\n\t\t\t\t\t<\/div>\n\t\t<\/section>\n\t\t\t\t<div class=\"elementor-element elementor-element-64e9791d elementor-widget elementor-widget-spacer\" data-id=\"64e9791d\" data-element_type=\"widget\" data-widget_type=\"spacer.default\">\n\t\t\t\t<div class=\"elementor-widget-container\">\n\t\t\t\t\t<div class=\"elementor-spacer\">\n\t\t\t<div class=\"elementor-spacer-inner\"><\/div>\n\t\t<\/div>\n\t\t\t\t<\/div>\n\t\t\t\t<\/div>\n\t\t\t\t\t<\/div>\n\t\t<\/div>\n\t\t\t\t\t<\/div>\n\t\t<\/section>\n\t\t\t\t<\/div>\n\t\t","protected":false},"excerpt":{"rendered":"<p>Lifting delle palpebre Vienna Fissare un appuntamento Salone di bellezza ADELE Sollevamento delle palpebre senza intervento chirurgico Danni causati dal sole, dall&#8217;inquinamento, dallo sfregamento senza pensieri, dalla pesantezza del trucco e dall&#8217;invecchiamento. Tutto ci\u00f2 fa s\u00ec che la pelle intorno agli occhi sia la prima a &#8220;deteriorarsi&#8221;. A differenza dell&#8217;intervento di lifting delle palpebre, noto&hellip; <a class=\"more-link\" href=\"https:\/\/www.adele-schoenheitssalon.at\/it\/lifting-delle-palpebre-vienna\/\">Continua a leggere <span class=\"screen-reader-text\">Lifting delle palpebre Vienna<\/span><\/a><\/p>\n","protected":false},"author":1,"featured_media":6468,"parent":0,"menu_order":0,"comment_status":"closed","ping_status":"closed","template":"elementor_header_footer","meta":{"footnotes":""},"class_list":["post-7172","page","type-page","status-publish","has-post-thumbnail","hentry","entry"],"_links":{"self":[{"href":"https:\/\/www.adele-schoenheitssalon.at\/it\/wp-json\/wp\/v2\/pages\/7172","targetHints":{"allow":["GET"]}}],"collection":[{"href":"https:\/\/www.adele-schoenheitssalon.at\/it\/wp-json\/wp\/v2\/pages"}],"about":[{"href":"https:\/\/www.adele-schoenheitssalon.at\/it\/wp-json\/wp\/v2\/types\/page"}],"author":[{"embeddable":true,"href":"https:\/\/www.adele-schoenheitssalon.at\/it\/wp-json\/wp\/v2\/users\/1"}],"replies":[{"embeddable":true,"href":"https:\/\/www.adele-schoenheitssalon.at\/it\/wp-json\/wp\/v2\/comments?post=7172"}],"version-history":[{"count":2,"href":"https:\/\/www.adele-schoenheitssalon.at\/it\/wp-json\/wp\/v2\/pages\/7172\/revisions"}],"predecessor-version":[{"id":9383,"href":"https:\/\/www.adele-schoenheitssalon.at\/it\/wp-json\/wp\/v2\/pages\/7172\/revisions\/9383"}],"wp:featuredmedia":[{"embeddable":true,"href":"https:\/\/www.adele-schoenheitssalon.at\/it\/wp-json\/wp\/v2\/media\/6468"}],"wp:attachment":[{"href":"https:\/\/www.adele-schoenheitssalon.at\/it\/wp-json\/wp\/v2\/media?parent=7172"}],"curies":[{"name":"wp","href":"https:\/\/api.w.org\/{rel}","templated":true}]}}