{"id":7178,"date":"2021-10-08T22:32:05","date_gmt":"2021-10-08T21:32:05","guid":{"rendered":"https:\/\/www.adele-schoenheitssalon.at\/trucco-permanente-vienna\/"},"modified":"2026-03-26T01:30:49","modified_gmt":"2026-03-26T00:30:49","slug":"trucco-permanente-vienna","status":"publish","type":"page","link":"https:\/\/www.adele-schoenheitssalon.at\/it\/trucco-permanente-vienna\/","title":{"rendered":"Trucco permanente Vienna"},"content":{"rendered":"\t\t<div data-elementor-type=\"wp-page\" data-elementor-id=\"7178\" class=\"elementor elementor-7178 elementor-405\" data-elementor-post-type=\"page\">\n\t\t\t\t\t\t<section class=\"elementor-section elementor-top-section elementor-element elementor-element-3c48de1b elementor-section-height-full elementor-section-content-middle elementor-section-boxed elementor-section-height-default elementor-section-items-middle\" data-id=\"3c48de1b\" data-element_type=\"section\" data-settings=\"{&quot;background_background&quot;:&quot;classic&quot;}\">\n\t\t\t\t\t\t\t<div class=\"elementor-background-overlay\"><\/div>\n\t\t\t\t\t\t\t<div class=\"elementor-container elementor-column-gap-no\">\n\t\t\t\t\t<div class=\"elementor-column elementor-col-50 elementor-top-column elementor-element elementor-element-dfea30b\" data-id=\"dfea30b\" data-element_type=\"column\">\n\t\t\t<div class=\"elementor-widget-wrap elementor-element-populated\">\n\t\t\t\t\t\t<div class=\"elementor-element elementor-element-75041a36 elementor-widget elementor-widget-heading\" data-id=\"75041a36\" data-element_type=\"widget\" data-widget_type=\"heading.default\">\n\t\t\t\t<div class=\"elementor-widget-container\">\n\t\t\t<h1 class=\"elementor-heading-title elementor-size-default\">Trucco permanente Vienna<\/h1>\t\t<\/div>\n\t\t\t\t<\/div>\n\t\t\t\t<div class=\"elementor-element elementor-element-558856ba elementor-widget elementor-widget-heading\" data-id=\"558856ba\" data-element_type=\"widget\" data-widget_type=\"heading.default\">\n\t\t\t\t<div class=\"elementor-widget-container\">\n\t\t\t<h5 class=\"elementor-heading-title elementor-size-default\">Salone di bellezza ADELE<\/h5>\t\t<\/div>\n\t\t\t\t<\/div>\n\t\t\t\t<div class=\"elementor-element elementor-element-16600a6d elementor-mobile-align-center elementor-widget elementor-widget-button\" data-id=\"16600a6d\" data-element_type=\"widget\" data-widget_type=\"button.default\">\n\t\t\t\t<div class=\"elementor-widget-container\">\n\t\t\t\t\t<div class=\"elementor-button-wrapper\">\n\t\t\t<a class=\"elementor-button elementor-size-sm elementor-animation-grow\" role=\"button\">\n\t\t\t\t\t\t<span class=\"elementor-button-content-wrapper\">\n\t\t\t\t\t\t\t\t\t<span class=\"elementor-button-text\">Contatto<\/span>\n\t\t\t\t\t<\/span>\n\t\t\t\t\t<\/a>\n\t\t<\/div>\n\t\t\t\t<\/div>\n\t\t\t\t<\/div>\n\t\t\t\t\t<\/div>\n\t\t<\/div>\n\t\t\t\t<div class=\"elementor-column elementor-col-50 elementor-top-column elementor-element elementor-element-22c52100\" data-id=\"22c52100\" data-element_type=\"column\">\n\t\t\t<div class=\"elementor-widget-wrap\">\n\t\t\t\t\t\t\t<\/div>\n\t\t<\/div>\n\t\t\t\t\t<\/div>\n\t\t<\/section>\n\t\t\t\t<section class=\"elementor-section elementor-top-section elementor-element elementor-element-9130307 elementor-section-boxed elementor-section-height-default elementor-section-height-default\" data-id=\"9130307\" data-element_type=\"section\">\n\t\t\t\t\t\t<div class=\"elementor-container elementor-column-gap-default\">\n\t\t\t\t\t<div class=\"elementor-column elementor-col-50 elementor-top-column elementor-element elementor-element-3ae343e3\" data-id=\"3ae343e3\" data-element_type=\"column\">\n\t\t\t<div class=\"elementor-widget-wrap elementor-element-populated\">\n\t\t\t\t\t\t<div class=\"elementor-element elementor-element-4824ddc6 elementor-widget elementor-widget-heading\" data-id=\"4824ddc6\" data-element_type=\"widget\" data-widget_type=\"heading.default\">\n\t\t\t\t<div class=\"elementor-widget-container\">\n\t\t\t<h3 class=\"elementor-heading-title elementor-size-default\">Scopri i nostri servizi<\/h3>\t\t<\/div>\n\t\t\t\t<\/div>\n\t\t\t\t\t<\/div>\n\t\t<\/div>\n\t\t\t\t<div class=\"elementor-column elementor-col-50 elementor-top-column elementor-element elementor-element-60aff251\" data-id=\"60aff251\" data-element_type=\"column\">\n\t\t\t<div class=\"elementor-widget-wrap elementor-element-populated\">\n\t\t\t\t\t\t<div class=\"elementor-element elementor-element-5b23162a elementor-widget elementor-widget-text-editor\" data-id=\"5b23162a\" data-element_type=\"widget\" data-widget_type=\"text-editor.default\">\n\t\t\t\t<div class=\"elementor-widget-container\">\n\t\t\t\t\t\t\t<p>Il nostro trucco permanente per il viso comprende labbra, occhi e sopracciglia. Inoltre, la nostra micropigmentazione del cuoio capelluto di qualit\u00e0 superiore crea attaccature dall&#8217;aspetto naturale per coloro che soffrono di perdita di capelli di qualsiasi tipo. Date un&#8217;occhiata ai nostri trattamenti.<\/p>\n\t\t\t\t\t\t<\/div>\n\t\t\t\t<\/div>\n\t\t\t\t\t<\/div>\n\t\t<\/div>\n\t\t\t\t\t<\/div>\n\t\t<\/section>\n\t\t\t\t<section class=\"elementor-section elementor-top-section elementor-element elementor-element-5ec7bd6a elementor-section-boxed elementor-section-height-default elementor-section-height-default\" data-id=\"5ec7bd6a\" data-element_type=\"section\">\n\t\t\t\t\t\t<div class=\"elementor-container elementor-column-gap-default\">\n\t\t\t\t\t<div class=\"elementor-column elementor-col-100 elementor-top-column elementor-element elementor-element-62a0219d\" data-id=\"62a0219d\" data-element_type=\"column\">\n\t\t\t<div class=\"elementor-widget-wrap elementor-element-populated\">\n\t\t\t\t\t\t<div class=\"elementor-element elementor-element-9ccf247 elementor-widget elementor-widget-text-editor\" data-id=\"9ccf247\" data-element_type=\"widget\" data-widget_type=\"text-editor.default\">\n\t\t\t\t<div class=\"elementor-widget-container\">\n\t\t\t\t\t\t\t<p>Il <strong>trucco permanente<\/strong> permette di svegliarsi ogni giorno con un make-up dall&#8217;aspetto fresco. Che si tratti di andare in palestra o di uscire la sera, il trucco rimarr\u00e0 perfettamente a posto. I nostri trattamenti presso Adele Beauty Salon &#8211; <strong>Permanent Make Up Vienna<\/strong> vi fanno risparmiare molto tempo al mattino. Ci assicuriamo che abbiate sempre un aspetto favoloso, anche quando dormite. Il trucco permanente \u00e8 progettato per migliorare leggermente i tratti del viso senza che nessuno si accorga di averlo fatto. Dovrebbe essere fatto in modo naturale e dovrebbe comunque permettere di applicare altro trucco se lo si desidera.<\/p>\n\t\t\t\t\t\t<\/div>\n\t\t\t\t<\/div>\n\t\t\t\t\t<\/div>\n\t\t<\/div>\n\t\t\t\t\t<\/div>\n\t\t<\/section>\n\t\t\t\t<section class=\"elementor-section elementor-top-section elementor-element elementor-element-50e4777 elementor-section-boxed elementor-section-height-default elementor-section-height-default\" data-id=\"50e4777\" data-element_type=\"section\">\n\t\t\t\t\t\t<div class=\"elementor-container elementor-column-gap-no\">\n\t\t\t\t\t<div class=\"elementor-column elementor-col-100 elementor-top-column elementor-element elementor-element-7996f8f8\" data-id=\"7996f8f8\" data-element_type=\"column\">\n\t\t\t<div class=\"elementor-widget-wrap elementor-element-populated\">\n\t\t\t\t\t\t<div class=\"elementor-element elementor-element-444d1a6c elementor-cta--layout-image-left elementor-cta--valign-top elementor-cta--skin-classic elementor-animated-content elementor-widget elementor-widget-call-to-action\" data-id=\"444d1a6c\" data-element_type=\"widget\" data-widget_type=\"call-to-action.default\">\n\t\t\t\t<div class=\"elementor-widget-container\">\n\t\t\t\t\t<div class=\"elementor-cta\">\n\t\t\t\t\t<div class=\"elementor-cta__bg-wrapper\">\n\t\t\t\t<div class=\"elementor-cta__bg elementor-bg\" style=\"background-image: url(https:\/\/www.adele-schoenheitssalon.at\/wp-content\/uploads\/2021\/10\/Permanent-Make-Up-Wien-Augenbrauen.jpg);\" role=\"img\" aria-label=\"Permanent-Make-Up-Wien-Augenbrauen\"><\/div>\n\t\t\t\t<div class=\"elementor-cta__bg-overlay\"><\/div>\n\t\t\t<\/div>\n\t\t\t\t\t\t\t<div class=\"elementor-cta__content\">\n\t\t\t\t\n\t\t\t\t\t\t\t\t\t<h2 class=\"elementor-cta__title elementor-cta__content-item elementor-content-item\">\n\t\t\t\t\t\tMicroblading\t\t\t\t\t<\/h2>\n\t\t\t\t\n\t\t\t\t\t\t\t\t\t<div class=\"elementor-cta__description elementor-cta__content-item elementor-content-item\">\n\t\t\t\t\t\t<p>Anche se non sembra un trucco permanente, il microblading \u00e8 in cima alla lista. Il microblading delle sopracciglia \u00e8 una procedura di trucco permanente semipermanente. Si tratta di utilizzare una speciale penna per microblading manuale con aghi molto sottili per impiantare pigmenti nell'epidermide (primo strato della pelle), creando tratti che imitano l'aspetto dei veri peli delle sopracciglia.<\/p>\n\t\t\t\t\t<\/div>\n\t\t\t\t\n\t\t\t\t\t\t\t\t\t<div class=\"elementor-cta__button-wrapper elementor-cta__content-item elementor-content-item \">\n\t\t\t\t\t<a class=\"elementor-cta__button elementor-button elementor-size-\" href=\"https:\/\/www.adele-schoenheitssalon.at\/it\/microblading-vienna\/\">\n\t\t\t\t\t\tInformazioni sul servizio\t\t\t\t\t<\/a>\n\t\t\t\t\t<\/div>\n\t\t\t\t\t\t\t<\/div>\n\t\t\t\t\t\t<\/div>\n\t\t\t\t<\/div>\n\t\t\t\t<\/div>\n\t\t\t\t\t<\/div>\n\t\t<\/div>\n\t\t\t\t\t<\/div>\n\t\t<\/section>\n\t\t\t\t<section class=\"elementor-section elementor-top-section elementor-element elementor-element-f41141f elementor-section-boxed elementor-section-height-default elementor-section-height-default\" data-id=\"f41141f\" data-element_type=\"section\">\n\t\t\t\t\t\t<div class=\"elementor-container elementor-column-gap-no\">\n\t\t\t\t\t<div class=\"elementor-column elementor-col-100 elementor-top-column elementor-element elementor-element-1035aa4\" data-id=\"1035aa4\" data-element_type=\"column\">\n\t\t\t<div class=\"elementor-widget-wrap elementor-element-populated\">\n\t\t\t\t\t\t<div class=\"elementor-element elementor-element-e0d83bd elementor-cta--layout-image-right elementor-cta--valign-top elementor-cta--skin-classic elementor-animated-content elementor-widget elementor-widget-call-to-action\" data-id=\"e0d83bd\" data-element_type=\"widget\" data-widget_type=\"call-to-action.default\">\n\t\t\t\t<div class=\"elementor-widget-container\">\n\t\t\t\t\t<div class=\"elementor-cta\">\n\t\t\t\t\t<div class=\"elementor-cta__bg-wrapper\">\n\t\t\t\t<div class=\"elementor-cta__bg elementor-bg\" style=\"background-image: url(https:\/\/www.adele-schoenheitssalon.at\/wp-content\/uploads\/2021\/10\/Permanent-Make-Up-Wien-Powder-Brows.jpg);\" role=\"img\" aria-label=\"Permanent Make Up Wien\"><\/div>\n\t\t\t\t<div class=\"elementor-cta__bg-overlay\"><\/div>\n\t\t\t<\/div>\n\t\t\t\t\t\t\t<div class=\"elementor-cta__content\">\n\t\t\t\t\n\t\t\t\t\t\t\t\t\t<h2 class=\"elementor-cta__title elementor-cta__content-item elementor-content-item\">\n\t\t\t\t\t\tPolvere per le sopracciglia\t\t\t\t\t<\/h2>\n\t\t\t\t\n\t\t\t\t\t\t\t\t\t<div class=\"elementor-cta__description elementor-cta__content-item elementor-content-item\">\n\t\t\t\t\t\t<p>Con questa tecnica di trucco permanente, i pigmenti vengono impiantati in una serie di piccoli punti in tutta l'area delle sopracciglia. Le sopracciglia con effetto cipria sono ideali per esaltare il colore o la forma naturale, in quanto aiutano a definire ci\u00f2 che gi\u00e0 si possiede.<\/p>\n<p>Nel nostro studio di <b>Permanent Make Up Vienna<\/b> utilizziamo tecniche di alto livello che rendono le sopracciglia belle e naturali con un look molto raffinato. Se la longevit\u00e0 \u00e8 importante per voi quando scegliete un tatuaggio cosmetico, le sopracciglia con effetto polvere potrebbero essere la scelta giusta per voi!<\/p>\n\t\t\t\t\t<\/div>\n\t\t\t\t\n\t\t\t\t\t\t\t\t\t<div class=\"elementor-cta__button-wrapper elementor-cta__content-item elementor-content-item \">\n\t\t\t\t\t<a class=\"elementor-cta__button elementor-button elementor-size-\">\n\t\t\t\t\t\tInformazioni sul servizio\t\t\t\t\t<\/a>\n\t\t\t\t\t<\/div>\n\t\t\t\t\t\t\t<\/div>\n\t\t\t\t\t\t<\/div>\n\t\t\t\t<\/div>\n\t\t\t\t<\/div>\n\t\t\t\t\t<\/div>\n\t\t<\/div>\n\t\t\t\t\t<\/div>\n\t\t<\/section>\n\t\t\t\t<section class=\"elementor-section elementor-top-section elementor-element elementor-element-10642be elementor-section-boxed elementor-section-height-default elementor-section-height-default\" data-id=\"10642be\" data-element_type=\"section\">\n\t\t\t\t\t\t<div class=\"elementor-container elementor-column-gap-no\">\n\t\t\t\t\t<div class=\"elementor-column elementor-col-100 elementor-top-column elementor-element elementor-element-2f5acf1\" data-id=\"2f5acf1\" data-element_type=\"column\">\n\t\t\t<div class=\"elementor-widget-wrap elementor-element-populated\">\n\t\t\t\t\t\t<div class=\"elementor-element elementor-element-28ceada elementor-cta--layout-image-left elementor-cta--valign-top elementor-cta--skin-classic elementor-animated-content elementor-widget elementor-widget-call-to-action\" data-id=\"28ceada\" data-element_type=\"widget\" data-widget_type=\"call-to-action.default\">\n\t\t\t\t<div class=\"elementor-widget-container\">\n\t\t\t\t\t<div class=\"elementor-cta\">\n\t\t\t\t\t<div class=\"elementor-cta__bg-wrapper\">\n\t\t\t\t<div class=\"elementor-cta__bg elementor-bg\" style=\"background-image: url(https:\/\/www.adele-schoenheitssalon.at\/wp-content\/uploads\/2021\/10\/Permanent-Make-Up-Wien-Lidstrich.jpg);\" role=\"img\" aria-label=\"Permanent Make Up Wien\"><\/div>\n\t\t\t\t<div class=\"elementor-cta__bg-overlay\"><\/div>\n\t\t\t<\/div>\n\t\t\t\t\t\t\t<div class=\"elementor-cta__content\">\n\t\t\t\t\n\t\t\t\t\t\t\t\t\t<h2 class=\"elementor-cta__title elementor-cta__content-item elementor-content-item\">\n\t\t\t\t\t\tEyeliner\t\t\t\t\t<\/h2>\n\t\t\t\t\n\t\t\t\t\t\t\t\t\t<div class=\"elementor-cta__description elementor-cta__content-item elementor-content-item\">\n\t\t\t\t\t\t<p>In ADELE Beauty Salon crediamo che un ottimo eyeliner sia composto da 4 fattori: abilit\u00e0, esperienza, pigmento eccellente.<br \/>\nQualunque sia la tua preferenza, il nostro servizio di <b>Trucco Permanente Vienna<\/b> \u00e8 sinonimo di qualit\u00e0. La nostra creativit\u00e0 non \u00e8 seconda a nessuno, vi diamo un tocco di classe e un design di eyeliner straordinario.<\/p>\n<p>Offriamo diversi metodi di eyeliner permanente. Ognuno di essi \u00e8 personalizzato in base al viso, allo stile e alla routine di trucco quotidiana. Il tatuaggio con l'eyeliner \u00e8 perfetto per chi vuole dare agli occhi una definizione chiara. Ha il potere di far apparire gli occhi pi\u00f9 larghi, pi\u00f9 lunghi e pi\u00f9 profondi, a seconda della forma e della tecnica.<\/p>\n\t\t\t\t\t<\/div>\n\t\t\t\t\n\t\t\t\t\t\t\t\t\t<div class=\"elementor-cta__button-wrapper elementor-cta__content-item elementor-content-item \">\n\t\t\t\t\t<a class=\"elementor-cta__button elementor-button elementor-size-\">\n\t\t\t\t\t\tInformazioni sul servizio\t\t\t\t\t<\/a>\n\t\t\t\t\t<\/div>\n\t\t\t\t\t\t\t<\/div>\n\t\t\t\t\t\t<\/div>\n\t\t\t\t<\/div>\n\t\t\t\t<\/div>\n\t\t\t\t\t<\/div>\n\t\t<\/div>\n\t\t\t\t\t<\/div>\n\t\t<\/section>\n\t\t\t\t<section class=\"elementor-section elementor-top-section elementor-element elementor-element-94b3646 elementor-section-boxed elementor-section-height-default elementor-section-height-default\" data-id=\"94b3646\" data-element_type=\"section\">\n\t\t\t\t\t\t<div class=\"elementor-container elementor-column-gap-no\">\n\t\t\t\t\t<div class=\"elementor-column elementor-col-100 elementor-top-column elementor-element elementor-element-7ab32ba\" data-id=\"7ab32ba\" data-element_type=\"column\">\n\t\t\t<div class=\"elementor-widget-wrap elementor-element-populated\">\n\t\t\t\t\t\t<div class=\"elementor-element elementor-element-12c4480 elementor-cta--layout-image-right elementor-cta--valign-top elementor-cta--skin-classic elementor-animated-content elementor-widget elementor-widget-call-to-action\" data-id=\"12c4480\" data-element_type=\"widget\" data-widget_type=\"call-to-action.default\">\n\t\t\t\t<div class=\"elementor-widget-container\">\n\t\t\t\t\t<div class=\"elementor-cta\">\n\t\t\t\t\t<div class=\"elementor-cta__bg-wrapper\">\n\t\t\t\t<div class=\"elementor-cta__bg elementor-bg\" style=\"background-image: url(https:\/\/www.adele-schoenheitssalon.at\/wp-content\/uploads\/2021\/10\/Permanent-Make-Up-Wien-Lippen.jpg);\" role=\"img\" aria-label=\"Permanent Make-Up\"><\/div>\n\t\t\t\t<div class=\"elementor-cta__bg-overlay\"><\/div>\n\t\t\t<\/div>\n\t\t\t\t\t\t\t<div class=\"elementor-cta__content\">\n\t\t\t\t\n\t\t\t\t\t\t\t\t\t<h2 class=\"elementor-cta__title elementor-cta__content-item elementor-content-item\">\n\t\t\t\t\t\tLabbra\t\t\t\t\t<\/h2>\n\t\t\t\t\n\t\t\t\t\t\t\t\t\t<div class=\"elementor-cta__description elementor-cta__content-item elementor-content-item\">\n\t\t\t\t\t\t<p>Esistono diversi tipi di trucco permanente per le labbra. Presso il salone di bellezza ADELE applichiamo la mezz'ombra e l'ombra completa. Inoltre, offriamo anche il Lip Blushing, che \u00e8 un tipo speciale di tonalit\u00e0 piena.  <\/p>\n<p>  Nel nostro studio per il <b>trucco permanente di Vienna<\/b> utilizziamo la pi\u00f9 recente e moderna tecnologia cosmetica. Una di queste tecniche \u00e8 PhiContour.<\/p>\n\t\t\t\t\t<\/div>\n\t\t\t\t\n\t\t\t\t\t\t\t\t\t<div class=\"elementor-cta__button-wrapper elementor-cta__content-item elementor-content-item \">\n\t\t\t\t\t<a class=\"elementor-cta__button elementor-button elementor-size-\">\n\t\t\t\t\t\tInformazioni sul servizio\t\t\t\t\t<\/a>\n\t\t\t\t\t<\/div>\n\t\t\t\t\t\t\t<\/div>\n\t\t\t\t\t\t<\/div>\n\t\t\t\t<\/div>\n\t\t\t\t<\/div>\n\t\t\t\t\t<\/div>\n\t\t<\/div>\n\t\t\t\t\t<\/div>\n\t\t<\/section>\n\t\t\t\t<section class=\"elementor-section elementor-top-section elementor-element elementor-element-e60ec5f elementor-section-boxed elementor-section-height-default elementor-section-height-default\" data-id=\"e60ec5f\" data-element_type=\"section\">\n\t\t\t\t\t\t<div class=\"elementor-container elementor-column-gap-default\">\n\t\t\t\t\t<div class=\"elementor-column elementor-col-100 elementor-top-column elementor-element elementor-element-23ea3bf\" data-id=\"23ea3bf\" data-element_type=\"column\">\n\t\t\t<div class=\"elementor-widget-wrap elementor-element-populated\">\n\t\t\t\t\t\t<div class=\"elementor-element elementor-element-d36ee63 elementor-widget elementor-widget-spacer\" data-id=\"d36ee63\" data-element_type=\"widget\" data-widget_type=\"spacer.default\">\n\t\t\t\t<div class=\"elementor-widget-container\">\n\t\t\t\t\t<div class=\"elementor-spacer\">\n\t\t\t<div class=\"elementor-spacer-inner\"><\/div>\n\t\t<\/div>\n\t\t\t\t<\/div>\n\t\t\t\t<\/div>\n\t\t\t\t<div class=\"elementor-element elementor-element-19074ea elementor-widget elementor-widget-heading\" data-id=\"19074ea\" data-element_type=\"widget\" data-widget_type=\"heading.default\">\n\t\t\t\t<div class=\"elementor-widget-container\">\n\t\t\t<h3 class=\"elementor-heading-title elementor-size-default\">Qual \u00e8 la procedura per i trattamenti di trucco permanente?<\/h3>\t\t<\/div>\n\t\t\t\t<\/div>\n\t\t\t\t<div class=\"elementor-element elementor-element-25242dc elementor-widget elementor-widget-text-editor\" data-id=\"25242dc\" data-element_type=\"widget\" data-widget_type=\"text-editor.default\">\n\t\t\t\t<div class=\"elementor-widget-container\">\n\t\t\t\t\t\t\t<p>Prima del trucco permanente, i pazienti si incontrano per una consultazione individuale con uno specialista. Verr\u00e0 spiegato cosa aspettarsi dalla procedura e verranno discussi gli obiettivi del trattamento. \u00c8 inoltre possibile scegliere il colore di pigmentazione pi\u00f9 adatto alla tonalit\u00e0 dei capelli e della pelle. Un professionista pu\u00f2 aiutarvi a decidere cosa vi sembra pi\u00f9 naturale.<\/p>\n<p>I pazienti spesso avvertono un lieve disagio durante il trattamento; la sensazione varia da individuo a individuo, ma \u00e8 spesso descritta come una sensazione di schiaffo. Per garantire al paziente il massimo comfort durante il trattamento, \u00e8 possibile applicare una crema anestetica. Pu\u00f2 verificarsi bruciore nelle aree sensibili del viso, compresi gli occhi e le labbra.<\/p>\n<p>Per alcuni pazienti, il <strong>trucco permanente<\/strong> pu\u00f2 sbiadire leggermente. Pertanto, a seconda del colore della pelle e del tipo di pelle scelto, pu\u00f2 essere necessario un secondo trattamento. Questo si chiama &#8220;aftercare&#8221;.<\/p>\n<p>Dopo il trattamento, possono verificarsi arrossamenti e gonfiori temporanei nell&#8217;area interessata. Tuttavia, questo fenomeno passer\u00e0 gradualmente da solo e non deve preoccupare i pazienti. Inoltre, il colore appare pi\u00f9 scuro rispetto alla tonalit\u00e0 scelta inizialmente e rimane tale per i successivi 7-10 giorni. Anche questo \u00e8 un fenomeno normale e prevedibile, in quanto occorre un po&#8217; di tempo perch\u00e9 il colore si &#8220;stabilizzi&#8221;. In questo periodo pu\u00f2 anche formarsi una leggera crosticina.<\/p>\n<p>Nel nostro studio per il <strong>trucco permanente di Vienna<\/strong> potrete ottenere il look che avete sempre desiderato. Che si voglia ripristinare la pienezza delle sopracciglia o migliorare l&#8217;aspetto delle ciglia, questo processo di pigmentazione \u00e8 sicuro e pu\u00f2 portare a risultati di successo.<\/p>\n\t\t\t\t\t\t<\/div>\n\t\t\t\t<\/div>\n\t\t\t\t<div class=\"elementor-element elementor-element-3ce9eb5 elementor-widget elementor-widget-spacer\" data-id=\"3ce9eb5\" data-element_type=\"widget\" data-widget_type=\"spacer.default\">\n\t\t\t\t<div class=\"elementor-widget-container\">\n\t\t\t\t\t<div class=\"elementor-spacer\">\n\t\t\t<div class=\"elementor-spacer-inner\"><\/div>\n\t\t<\/div>\n\t\t\t\t<\/div>\n\t\t\t\t<\/div>\n\t\t\t\t<section class=\"elementor-section elementor-inner-section elementor-element elementor-element-44fd981 elementor-section-content-middle elementor-section-boxed elementor-section-height-default elementor-section-height-default\" data-id=\"44fd981\" data-element_type=\"section\">\n\t\t\t\t\t\t<div class=\"elementor-container elementor-column-gap-default\">\n\t\t\t\t\t<div class=\"elementor-column elementor-col-50 elementor-inner-column elementor-element elementor-element-ea188af\" data-id=\"ea188af\" data-element_type=\"column\">\n\t\t\t<div class=\"elementor-widget-wrap elementor-element-populated\">\n\t\t\t\t\t\t<div class=\"elementor-element elementor-element-d13dcad elementor-widget elementor-widget-heading\" data-id=\"d13dcad\" data-element_type=\"widget\" data-widget_type=\"heading.default\">\n\t\t\t\t<div class=\"elementor-widget-container\">\n\t\t\t<h3 class=\"elementor-heading-title elementor-size-default\">Siamo anche su Facebook e Instagram<\/h3>\t\t<\/div>\n\t\t\t\t<\/div>\n\t\t\t\t\t<\/div>\n\t\t<\/div>\n\t\t\t\t<div class=\"elementor-column elementor-col-50 elementor-inner-column elementor-element elementor-element-770801e\" data-id=\"770801e\" data-element_type=\"column\">\n\t\t\t<div class=\"elementor-widget-wrap elementor-element-populated\">\n\t\t\t\t\t\t<div class=\"elementor-element elementor-element-4128826 elementor-shape-rounded elementor-grid-0 e-grid-align-center elementor-widget elementor-widget-social-icons\" data-id=\"4128826\" data-element_type=\"widget\" data-widget_type=\"social-icons.default\">\n\t\t\t\t<div class=\"elementor-widget-container\">\n\t\t\t\t\t<div class=\"elementor-social-icons-wrapper elementor-grid\">\n\t\t\t\t\t\t\t<span class=\"elementor-grid-item\">\n\t\t\t\t\t<a class=\"elementor-icon elementor-social-icon elementor-social-icon-facebook elementor-repeater-item-a118c42\" href=\"https:\/\/www.facebook.com\/adeleschonheitssalon\" target=\"_blank\" rel=\"noopener\">\n\t\t\t\t\t\t<span class=\"elementor-screen-only\">Facebook<\/span>\n\t\t\t\t\t\t<i class=\"fab fa-facebook\"><\/i>\t\t\t\t\t<\/a>\n\t\t\t\t<\/span>\n\t\t\t\t\t\t\t<span class=\"elementor-grid-item\">\n\t\t\t\t\t<a class=\"elementor-icon elementor-social-icon elementor-social-icon-instagram elementor-repeater-item-848c37a\" href=\"https:\/\/www.instagram.com\/adele_luxury_spa\/\" target=\"_blank\" rel=\"noopener\">\n\t\t\t\t\t\t<span class=\"elementor-screen-only\">Instagram<\/span>\n\t\t\t\t\t\t<i class=\"fab fa-instagram\"><\/i>\t\t\t\t\t<\/a>\n\t\t\t\t<\/span>\n\t\t\t\t\t<\/div>\n\t\t\t\t<\/div>\n\t\t\t\t<\/div>\n\t\t\t\t\t<\/div>\n\t\t<\/div>\n\t\t\t\t\t<\/div>\n\t\t<\/section>\n\t\t\t\t<div class=\"elementor-element elementor-element-bd0207b elementor-widget elementor-widget-spacer\" data-id=\"bd0207b\" data-element_type=\"widget\" data-widget_type=\"spacer.default\">\n\t\t\t\t<div class=\"elementor-widget-container\">\n\t\t\t\t\t<div class=\"elementor-spacer\">\n\t\t\t<div class=\"elementor-spacer-inner\"><\/div>\n\t\t<\/div>\n\t\t\t\t<\/div>\n\t\t\t\t<\/div>\n\t\t\t\t\t<\/div>\n\t\t<\/div>\n\t\t\t\t\t<\/div>\n\t\t<\/section>\n\t\t\t\t<\/div>\n\t\t","protected":false},"excerpt":{"rendered":"<p>Trucco permanente Vienna Salone di bellezza ADELE Contatto Scopri i nostri servizi Il nostro trucco permanente per il viso comprende labbra, occhi e sopracciglia. Inoltre, la nostra micropigmentazione del cuoio capelluto di qualit\u00e0 superiore crea attaccature dall&#8217;aspetto naturale per coloro che soffrono di perdita di capelli di qualsiasi tipo. Date un&#8217;occhiata ai nostri trattamenti. Il&hellip; <a class=\"more-link\" href=\"https:\/\/www.adele-schoenheitssalon.at\/it\/trucco-permanente-vienna\/\">Continua a leggere <span class=\"screen-reader-text\">Trucco permanente Vienna<\/span><\/a><\/p>\n","protected":false},"author":1,"featured_media":6370,"parent":0,"menu_order":0,"comment_status":"closed","ping_status":"closed","template":"elementor_header_footer","meta":{"footnotes":""},"class_list":["post-7178","page","type-page","status-publish","has-post-thumbnail","hentry","entry"],"_links":{"self":[{"href":"https:\/\/www.adele-schoenheitssalon.at\/it\/wp-json\/wp\/v2\/pages\/7178","targetHints":{"allow":["GET"]}}],"collection":[{"href":"https:\/\/www.adele-schoenheitssalon.at\/it\/wp-json\/wp\/v2\/pages"}],"about":[{"href":"https:\/\/www.adele-schoenheitssalon.at\/it\/wp-json\/wp\/v2\/types\/page"}],"author":[{"embeddable":true,"href":"https:\/\/www.adele-schoenheitssalon.at\/it\/wp-json\/wp\/v2\/users\/1"}],"replies":[{"embeddable":true,"href":"https:\/\/www.adele-schoenheitssalon.at\/it\/wp-json\/wp\/v2\/comments?post=7178"}],"version-history":[{"count":2,"href":"https:\/\/www.adele-schoenheitssalon.at\/it\/wp-json\/wp\/v2\/pages\/7178\/revisions"}],"predecessor-version":[{"id":9156,"href":"https:\/\/www.adele-schoenheitssalon.at\/it\/wp-json\/wp\/v2\/pages\/7178\/revisions\/9156"}],"wp:featuredmedia":[{"embeddable":true,"href":"https:\/\/www.adele-schoenheitssalon.at\/it\/wp-json\/wp\/v2\/media\/6370"}],"wp:attachment":[{"href":"https:\/\/www.adele-schoenheitssalon.at\/it\/wp-json\/wp\/v2\/media?parent=7178"}],"curies":[{"name":"wp","href":"https:\/\/api.w.org\/{rel}","templated":true}]}}