{"id":5466,"date":"2022-10-02T19:31:57","date_gmt":"2022-10-02T18:31:57","guid":{"rendered":"https:\/\/www.adele-schoenheitssalon.at\/pigmentacija-kose-bec\/"},"modified":"2026-03-26T01:52:44","modified_gmt":"2026-03-26T00:52:44","slug":"pigmentacija-kose-bec","status":"publish","type":"page","link":"https:\/\/www.adele-schoenheitssalon.at\/sr\/pigmentacija-kose-bec\/","title":{"rendered":"Pigmentacija kose Be\u010d"},"content":{"rendered":"\t\t<div data-elementor-type=\"wp-page\" data-elementor-id=\"5466\" class=\"elementor elementor-5466 elementor-4166\" data-elementor-post-type=\"page\">\n\t\t\t\t\t\t<section class=\"elementor-section elementor-top-section elementor-element elementor-element-1df11140 elementor-section-height-min-height elementor-hidden-tablet elementor-hidden-mobile elementor-section-boxed elementor-section-height-default elementor-section-items-middle\" data-id=\"1df11140\" data-element_type=\"section\" data-settings=\"{&quot;background_background&quot;:&quot;classic&quot;}\">\n\t\t\t\t\t\t\t<div class=\"elementor-background-overlay\"><\/div>\n\t\t\t\t\t\t\t<div class=\"elementor-container elementor-column-gap-default\">\n\t\t\t\t\t<div class=\"elementor-column elementor-col-100 elementor-top-column elementor-element elementor-element-1aa78ec\" data-id=\"1aa78ec\" data-element_type=\"column\" data-settings=\"{&quot;background_background&quot;:&quot;classic&quot;}\">\n\t\t\t<div class=\"elementor-widget-wrap elementor-element-populated\">\n\t\t\t\t\t\t<div class=\"elementor-element elementor-element-5a4e1376 elementor-widget elementor-widget-heading\" data-id=\"5a4e1376\" data-element_type=\"widget\" data-widget_type=\"heading.default\">\n\t\t\t\t<div class=\"elementor-widget-container\">\n\t\t\t<h1 class=\"elementor-heading-title elementor-size-default\"><h1>PIGMENTACIJA KOSE BE\u010c<\/h1>\nMicro Hair Pigmentation for Full &amp; Thick Hair<\/h1>\t\t<\/div>\n\t\t\t\t<\/div>\n\t\t\t\t<div class=\"elementor-element elementor-element-7cdbbbde elementor-align-justify elementor-widget__width-auto elementor-widget elementor-widget-button\" data-id=\"7cdbbbde\" data-element_type=\"widget\" data-widget_type=\"button.default\">\n\t\t\t\t<div class=\"elementor-widget-container\">\n\t\t\t\t\t<div class=\"elementor-button-wrapper\">\n\t\t\t<a class=\"elementor-button elementor-button-link elementor-size-sm\" href=\"https:\/\/www.adele-schoenheitssalon.at\/sr\/rezervacija\/\">\n\t\t\t\t\t\t<span class=\"elementor-button-content-wrapper\">\n\t\t\t\t\t\t\t\t\t<span class=\"elementor-button-text\">\u0417\u0430\u043a\u0430\u0437\u0430\u0442\u0438 \u0441\u0430\u0441\u0442\u0430\u043d\u0430\u043a<\/span>\n\t\t\t\t\t<\/span>\n\t\t\t\t\t<\/a>\n\t\t<\/div>\n\t\t\t\t<\/div>\n\t\t\t\t<\/div>\n\t\t\t\t\t<\/div>\n\t\t<\/div>\n\t\t\t\t\t<\/div>\n\t\t<\/section>\n\t\t\t\t<section class=\"elementor-section elementor-top-section elementor-element elementor-element-92e26f6 elementor-section-full_width elementor-hidden-desktop elementor-section-height-default elementor-section-height-default\" data-id=\"92e26f6\" data-element_type=\"section\" data-settings=\"{&quot;background_background&quot;:&quot;classic&quot;}\">\n\t\t\t\t\t\t\t<div class=\"elementor-background-overlay\"><\/div>\n\t\t\t\t\t\t\t<div class=\"elementor-container elementor-column-gap-default\">\n\t\t\t\t\t<div class=\"elementor-column elementor-col-100 elementor-top-column elementor-element elementor-element-fcfd819\" data-id=\"fcfd819\" data-element_type=\"column\">\n\t\t\t<div class=\"elementor-widget-wrap elementor-element-populated\">\n\t\t\t\t\t\t<div class=\"elementor-element elementor-element-2d65a01 elementor-widget elementor-widget-heading\" data-id=\"2d65a01\" data-element_type=\"widget\" data-widget_type=\"heading.default\">\n\t\t\t\t<div class=\"elementor-widget-container\">\n\t\t\t<h1 class=\"elementor-heading-title elementor-size-default\">PIGMENTACIJA KOSE BE\u010c<\/h1>\t\t<\/div>\n\t\t\t\t<\/div>\n\t\t\t\t<div class=\"elementor-element elementor-element-cc8358c elementor-widget elementor-widget-heading\" data-id=\"cc8358c\" data-element_type=\"widget\" data-widget_type=\"heading.default\">\n\t\t\t\t<div class=\"elementor-widget-container\">\n\t\t\t<h2 class=\"elementor-heading-title elementor-size-default\">Micro Hair Pigmentation for Full &amp; Thick Hair<\/h2>\t\t<\/div>\n\t\t\t\t<\/div>\n\t\t\t\t\t<\/div>\n\t\t<\/div>\n\t\t\t\t\t<\/div>\n\t\t<\/section>\n\t\t\t\t<section class=\"elementor-section elementor-top-section elementor-element elementor-element-592a2ba8 elementor-section-full_width elementor-section-height-default elementor-section-height-default\" data-id=\"592a2ba8\" data-element_type=\"section\" data-settings=\"{&quot;background_background&quot;:&quot;classic&quot;}\">\n\t\t\t\t\t\t<div class=\"elementor-container elementor-column-gap-no\">\n\t\t\t\t\t<div class=\"elementor-column elementor-col-100 elementor-top-column elementor-element elementor-element-cf09a6b\" data-id=\"cf09a6b\" data-element_type=\"column\" data-settings=\"{&quot;background_background&quot;:&quot;classic&quot;}\">\n\t\t\t<div class=\"elementor-widget-wrap elementor-element-populated\">\n\t\t\t\t\t\t<div class=\"elementor-element elementor-element-5073a288 elementor-widget elementor-widget-heading\" data-id=\"5073a288\" data-element_type=\"widget\" data-widget_type=\"heading.default\">\n\t\t\t\t<div class=\"elementor-widget-container\">\n\t\t\t<h2 class=\"elementor-heading-title elementor-size-default\">\u041c\u0438\u043a\u0440\u043e \u043f\u0438\u0433\u043c\u0435\u043d\u0442\u0430\u0446\u0438\u0458\u0430 \u043a\u043e\u0441\u0435<\/h2>\t\t<\/div>\n\t\t\t\t<\/div>\n\t\t\t\t<div class=\"elementor-element elementor-element-2fb02a53 elementor-widget elementor-widget-text-editor\" data-id=\"2fb02a53\" data-element_type=\"widget\" data-widget_type=\"text-editor.default\">\n\t\t\t\t<div class=\"elementor-widget-container\">\n\t\t\t\t\t\t\t<p>Da li ste zabrinuti zbog gubitka kose? <strong>Pigmentacija kose skalpom<\/strong> daje vam novu frizuru koja odli\u010dno izgleda! Vrati\u0107e\u0161 se ku\u0107i samouvereno izgledaju\u0107i kao da si se razme\u0107e\u0161 gomilom kose u divnom stilu. Tip gubitka kose nije bitan. Imate prirodan izgled.<\/p>\n<p>Godine, boja ko\u017ee i boja kose nisu va\u017eni. Oslu\u0161kimo Va\u0161e nedoumice i krojimo na\u0161a re\u0161enja prema Va\u0161im potrebama. Mikropigmentacija skalpa je najprirodnije i najtaljnije re\u0161enje za gubitak kose kao \u0161to su \u0107elavost, prore\u0111ena kosa, hirur\u0161ki o\u017eiljci i alopecija. <strong>Mikro pigmentacija kose tako\u0111e<\/strong> mo\u017ee da sakrije rende i o\u017eiljke i pove\u0107a gustinu mesta gde je izvr\u0161ena transplantacija kose.<\/p>\n<p>Mi u Salonu lepote Adel spremni smo da se brinemo o vama ovim jedinstvenim kozmeti\u010dkim postupkom. Izgled je autenti\u010dan i nerazumljiv ukoliko ne odlu\u010dite da ka\u017eete ljudima. Pozdravi se sa vlaknima kose, sistemima perika i skrivaj se pod \u0161e\u0161irima zauvek.<\/p>\n\t\t\t\t\t\t<\/div>\n\t\t\t\t<\/div>\n\t\t\t\t\t<\/div>\n\t\t<\/div>\n\t\t\t\t\t<\/div>\n\t\t<\/section>\n\t\t\t\t<section class=\"elementor-section elementor-top-section elementor-element elementor-element-fe5b8d6 elementor-section-full_width elementor-section-height-default elementor-section-height-default\" data-id=\"fe5b8d6\" data-element_type=\"section\" data-settings=\"{&quot;background_background&quot;:&quot;classic&quot;}\">\n\t\t\t\t\t\t<div class=\"elementor-container elementor-column-gap-default\">\n\t\t\t\t\t<div class=\"elementor-column elementor-col-50 elementor-top-column elementor-element elementor-element-7b09f68\" data-id=\"7b09f68\" data-element_type=\"column\" data-settings=\"{&quot;background_background&quot;:&quot;classic&quot;}\">\n\t\t\t<div class=\"elementor-widget-wrap elementor-element-populated\">\n\t\t\t\t\t\t<div class=\"elementor-element elementor-element-c93b5ef elementor-widget elementor-widget-spacer\" data-id=\"c93b5ef\" data-element_type=\"widget\" data-widget_type=\"spacer.default\">\n\t\t\t\t<div class=\"elementor-widget-container\">\n\t\t\t\t\t<div class=\"elementor-spacer\">\n\t\t\t<div class=\"elementor-spacer-inner\"><\/div>\n\t\t<\/div>\n\t\t\t\t<\/div>\n\t\t\t\t<\/div>\n\t\t\t\t\t<\/div>\n\t\t<\/div>\n\t\t\t\t<div class=\"elementor-column elementor-col-50 elementor-top-column elementor-element elementor-element-0a80697\" data-id=\"0a80697\" data-element_type=\"column\" data-settings=\"{&quot;background_background&quot;:&quot;classic&quot;}\">\n\t\t\t<div class=\"elementor-widget-wrap elementor-element-populated\">\n\t\t\t\t\t\t<div class=\"elementor-element elementor-element-188d6ca elementor-widget elementor-widget-heading\" data-id=\"188d6ca\" data-element_type=\"widget\" data-widget_type=\"heading.default\">\n\t\t\t\t<div class=\"elementor-widget-container\">\n\t\t\t<h2 class=\"elementor-heading-title elementor-size-default\">Pigmentacija kose Be\u010d<\/h2>\t\t<\/div>\n\t\t\t\t<\/div>\n\t\t\t\t<div class=\"elementor-element elementor-element-8bd3408 elementor-widget elementor-widget-text-editor\" data-id=\"8bd3408\" data-element_type=\"widget\" data-widget_type=\"text-editor.default\">\n\t\t\t\t<div class=\"elementor-widget-container\">\n\t\t\t\t\t\t\t<p><strong>Pigmentacija kose<\/strong>, poznata i kao tetoviranje kose, jedinstvena je, neinvazivna kozmeti\u010dka procedura. Rezultati su odmah vidljivi i traju do 6 godina. Svide\u0107e ti se!<\/p>\n<p>Tvoja kosa \u0436e se vratiti u normalu za nekoliko sati. Va\u0161e lice \u0107e izgledati jasnije i \u010dvr\u0161\u0107e, \u010dine\u0107i da izgledate mla\u0111e i samouverenije.<\/p>\n<p>Mikropigmentacija na skalpu je veoma efikasno re\u0161enje za ljude koji pate od gubitka kose. Na\u0161 visokokvalifikovani tim primenjuje posebne pigmente na skalp koriste\u0107i slo\u017eenu ta\u010dkastu metodu za stvaranje vi\u0161e slojeva. Ona je trajna i opona\u0161a izgled folikula kose bez hirur\u0161ke rekonstrukcije, transplantacije kose ili drugih invazivnih procedura.<\/p>\n<p>Mikro <strong>pigmentacija kose se<\/strong> stapa sa preostalom kosom i tonom ko\u017ee radi prirodnog izgleda.<\/p>\n<p>Razgovarajte sa stru\u010dnjacima <strong>u Adel Beauty Salonu Be\u010d<\/strong> o ovoj velikoj dugoro\u010dnoj prilici. Svide\u0107e ti se!<\/p>\n\t\t\t\t\t\t<\/div>\n\t\t\t\t<\/div>\n\t\t\t\t\t<\/div>\n\t\t<\/div>\n\t\t\t\t\t<\/div>\n\t\t<\/section>\n\t\t\t\t<section class=\"elementor-section elementor-top-section elementor-element elementor-element-4e61ad23 elementor-section-height-min-height elementor-section-boxed elementor-section-height-default elementor-section-items-middle\" data-id=\"4e61ad23\" data-element_type=\"section\" data-settings=\"{&quot;background_background&quot;:&quot;classic&quot;}\">\n\t\t\t\t\t\t<div class=\"elementor-container elementor-column-gap-default\">\n\t\t\t\t\t<div class=\"elementor-column elementor-col-100 elementor-top-column elementor-element elementor-element-199c78ae\" data-id=\"199c78ae\" data-element_type=\"column\">\n\t\t\t<div class=\"elementor-widget-wrap elementor-element-populated\">\n\t\t\t\t\t\t<div class=\"elementor-element elementor-element-65cfb2e9 elementor-widget elementor-widget-heading\" data-id=\"65cfb2e9\" data-element_type=\"widget\" data-widget_type=\"heading.default\">\n\t\t\t\t<div class=\"elementor-widget-container\">\n\t\t\t<h4 class=\"elementor-heading-title elementor-size-default\">\u041c\u0443\u0448\u043a\u0438 \u0442\u0440\u0435\u0442\u043c\u0430\u043d<\/h4>\t\t<\/div>\n\t\t\t\t<\/div>\n\t\t\t\t<div class=\"elementor-element elementor-element-13998232 elementor-widget elementor-widget-text-editor\" data-id=\"13998232\" data-element_type=\"widget\" data-widget_type=\"text-editor.default\">\n\t\t\t\t<div class=\"elementor-widget-container\">\n\t\t\t\t\t\t\t<p>Zna\u010dajan gubitak kose poga\u0111a jednog od pet mu\u0161karaca u dvadesetim godinama, otprilike jednog od tri mu\u0161karca u tridesetim godinama, i skoro polovinu mu\u0161karaca u \u010detrdesetim godinama.<\/p>\n<p>Ve\u0107 dugi niz godina postoje\u0107i proizvodi za gubitak kose se ne menjaju niti pobolj\u0161avaju. Lako je videti za\u0161to mu\u0161karci tra\u017ee alternativu! <strong>Pigmentacija kose Be\u010d u<\/strong> Adel kozmeti\u010dkom salonu mogla bi da bude savr\u0161eno re\u0161enje za vas. To je jedino dokazano re\u0161enje sa zagarantovanim, dugotrajnim rezultatima.<\/p>\n\t\t\t\t\t\t<\/div>\n\t\t\t\t<\/div>\n\t\t\t\t\t<\/div>\n\t\t<\/div>\n\t\t\t\t\t<\/div>\n\t\t<\/section>\n\t\t\t\t<section class=\"elementor-section elementor-top-section elementor-element elementor-element-8abb1c7 elementor-section-full_width elementor-hidden-mobile elementor-section-height-default elementor-section-height-default\" data-id=\"8abb1c7\" data-element_type=\"section\" data-settings=\"{&quot;background_background&quot;:&quot;classic&quot;}\">\n\t\t\t\t\t\t<div class=\"elementor-container elementor-column-gap-default\">\n\t\t\t\t\t<div class=\"elementor-column elementor-col-50 elementor-top-column elementor-element elementor-element-ca11d1c\" data-id=\"ca11d1c\" data-element_type=\"column\" data-settings=\"{&quot;background_background&quot;:&quot;classic&quot;}\">\n\t\t\t<div class=\"elementor-widget-wrap elementor-element-populated\">\n\t\t\t\t\t\t<div class=\"elementor-element elementor-element-4589978 elementor-widget elementor-widget-heading\" data-id=\"4589978\" data-element_type=\"widget\" data-widget_type=\"heading.default\">\n\t\t\t\t<div class=\"elementor-widget-container\">\n\t\t\t<h4 class=\"elementor-heading-title elementor-size-default\">\u0433\u0443\u0431\u0438\u0442\u0430\u043a \u043a\u043e\u0441\u0435 \u043a\u043e\u0434 \u0436\u0435\u043d\u0430<\/h4>\t\t<\/div>\n\t\t\t\t<\/div>\n\t\t\t\t<div class=\"elementor-element elementor-element-7e14d52 elementor-widget elementor-widget-text-editor\" data-id=\"7e14d52\" data-element_type=\"widget\" data-widget_type=\"text-editor.default\">\n\t\t\t\t<div class=\"elementor-widget-container\">\n\t\t\t\t\t\t\t<p style=\"text-align: left;\">Oko tre\u0107ina \u017eena je pogo\u0111ena gubitkom kose. To je trajni gubitak kose i mo\u017ee biti bolan za pacijenta. Dok neki sugeri\u0161u da promena ishrane i na\u010dina \u017eivota mo\u017ee biti korisna, kamufla\u017ea je jo\u0161 jedna odr\u017eiva opcija.<br \/>Mo\u017eda ste jedna od onih \u017eena koje shvataju da patite od alopecije (= gubitak kose).<\/p>\n<p>Sre\u0107om, <strong>pigmentacija kose je re\u0161enje<\/strong> za ne\u0161to \u0161to nudi malo opcija le\u010denja.<\/p>\n<p>Gubitak kose kod \u017eena javlja se iz mnogo razloga, uklju\u010duju\u0107i hormonalni disbalans, stanja ko\u017ee, nedostatke gvo\u017e\u0111a ili vitamina nakon hemoterapije, stresa, imunolo\u0161kih poreme\u0107aja, dijabetesa i lupusa, prekomernog stilizovanja kose i gubitka kose nakon trudno\u0107e.<\/p>\n<p>Poma\u017eemo ti da prikrije\u0161 gubitak kose. Za <strong>tretman mikropigmentacije Be\u010d<\/strong> nije potrebno da brijete kosu. Dodajemo pigment va\u0161oj postoje\u0107oj kosi. Izgled je puniji, frizura koja ne pokazuje svoju neprirodnost!<\/p>\n\t\t\t\t\t\t<\/div>\n\t\t\t\t<\/div>\n\t\t\t\t\t<\/div>\n\t\t<\/div>\n\t\t\t\t<div class=\"elementor-column elementor-col-50 elementor-top-column elementor-element elementor-element-7413812\" data-id=\"7413812\" data-element_type=\"column\" data-settings=\"{&quot;background_background&quot;:&quot;classic&quot;}\">\n\t\t\t<div class=\"elementor-widget-wrap elementor-element-populated\">\n\t\t\t\t\t\t<div class=\"elementor-element elementor-element-a770417 elementor-widget elementor-widget-spacer\" data-id=\"a770417\" data-element_type=\"widget\" data-widget_type=\"spacer.default\">\n\t\t\t\t<div class=\"elementor-widget-container\">\n\t\t\t\t\t<div class=\"elementor-spacer\">\n\t\t\t<div class=\"elementor-spacer-inner\"><\/div>\n\t\t<\/div>\n\t\t\t\t<\/div>\n\t\t\t\t<\/div>\n\t\t\t\t\t<\/div>\n\t\t<\/div>\n\t\t\t\t\t<\/div>\n\t\t<\/section>\n\t\t\t\t<section class=\"elementor-section elementor-top-section elementor-element elementor-element-676d295 elementor-section-full_width elementor-hidden-desktop elementor-hidden-tablet elementor-section-height-default elementor-section-height-default\" data-id=\"676d295\" data-element_type=\"section\" data-settings=\"{&quot;background_background&quot;:&quot;classic&quot;}\">\n\t\t\t\t\t\t<div class=\"elementor-container elementor-column-gap-default\">\n\t\t\t\t\t<div class=\"elementor-column elementor-col-50 elementor-top-column elementor-element elementor-element-0863214\" data-id=\"0863214\" data-element_type=\"column\" data-settings=\"{&quot;background_background&quot;:&quot;classic&quot;}\">\n\t\t\t<div class=\"elementor-widget-wrap elementor-element-populated\">\n\t\t\t\t\t\t<div class=\"elementor-element elementor-element-28c9a54 elementor-widget elementor-widget-spacer\" data-id=\"28c9a54\" data-element_type=\"widget\" data-widget_type=\"spacer.default\">\n\t\t\t\t<div class=\"elementor-widget-container\">\n\t\t\t\t\t<div class=\"elementor-spacer\">\n\t\t\t<div class=\"elementor-spacer-inner\"><\/div>\n\t\t<\/div>\n\t\t\t\t<\/div>\n\t\t\t\t<\/div>\n\t\t\t\t\t<\/div>\n\t\t<\/div>\n\t\t\t\t<div class=\"elementor-column elementor-col-50 elementor-top-column elementor-element elementor-element-a25783f\" data-id=\"a25783f\" data-element_type=\"column\" data-settings=\"{&quot;background_background&quot;:&quot;classic&quot;}\">\n\t\t\t<div class=\"elementor-widget-wrap elementor-element-populated\">\n\t\t\t\t\t\t<div class=\"elementor-element elementor-element-d602098 elementor-widget elementor-widget-heading\" data-id=\"d602098\" data-element_type=\"widget\" data-widget_type=\"heading.default\">\n\t\t\t\t<div class=\"elementor-widget-container\">\n\t\t\t<h4 class=\"elementor-heading-title elementor-size-default\">\u0433\u0443\u0431\u0438\u0442\u0430\u043a \u043a\u043e\u0441\u0435 \u043a\u043e\u0434 \u0436\u0435\u043d\u0430<\/h4>\t\t<\/div>\n\t\t\t\t<\/div>\n\t\t\t\t<div class=\"elementor-element elementor-element-1c5d4f6 elementor-widget elementor-widget-text-editor\" data-id=\"1c5d4f6\" data-element_type=\"widget\" data-widget_type=\"text-editor.default\">\n\t\t\t\t<div class=\"elementor-widget-container\">\n\t\t\t\t\t\t\t<p style=\"text-align: left;\">Oko tre\u0107ina \u017eena je pogo\u0111ena gubitkom kose. To je trajni gubitak kose i mo\u017ee biti bolan za pacijenta. Dok neki sugeri\u0161u da promena ishrane i na\u010dina \u017eivota mo\u017ee biti korisna, kamufla\u017ea je jo\u0161 jedna odr\u017eiva opcija.<br \/>Mo\u017eda ste jedna od onih \u017eena koje shvataju da patite od alopecije (= gubitak kose).<\/p>\n<p>Sre\u0107om, <strong>pigmentacija kose je re\u0161enje<\/strong> za ne\u0161to \u0161to nudi malo opcija le\u010denja.<\/p>\n<p>Gubitak kose kod \u017eena javlja se iz mnogo razloga, uklju\u010duju\u0107i hormonalni disbalans, stanja ko\u017ee, nedostatke gvo\u017e\u0111a ili vitamina nakon hemoterapije, stresa, imunolo\u0161kih poreme\u0107aja, dijabetesa i lupusa, prekomernog stilizovanja kose i gubitka kose nakon trudno\u0107e.<\/p>\n<p>Poma\u017eemo ti da prikrije\u0161 gubitak kose. Za <strong>tretman mikropigmentacije Be\u010d<\/strong> nije potrebno da brijete kosu. Dodajemo pigment va\u0161oj postoje\u0107oj kosi. Izgled je puniji, frizura koja ne pokazuje svoju neprirodnost!<\/p>\n\t\t\t\t\t\t<\/div>\n\t\t\t\t<\/div>\n\t\t\t\t\t<\/div>\n\t\t<\/div>\n\t\t\t\t\t<\/div>\n\t\t<\/section>\n\t\t\t\t<section class=\"elementor-section elementor-top-section elementor-element elementor-element-1c1527d elementor-section-height-min-height elementor-section-boxed elementor-section-height-default elementor-section-items-middle\" data-id=\"1c1527d\" data-element_type=\"section\" data-settings=\"{&quot;background_background&quot;:&quot;classic&quot;}\">\n\t\t\t\t\t\t<div class=\"elementor-container elementor-column-gap-default\">\n\t\t\t\t\t<div class=\"elementor-column elementor-col-100 elementor-top-column elementor-element elementor-element-0834834\" data-id=\"0834834\" data-element_type=\"column\">\n\t\t\t<div class=\"elementor-widget-wrap elementor-element-populated\">\n\t\t\t\t\t\t<div class=\"elementor-element elementor-element-1783863 elementor-hidden-mobile elementor-widget elementor-widget-heading\" data-id=\"1783863\" data-element_type=\"widget\" data-widget_type=\"heading.default\">\n\t\t\t\t<div class=\"elementor-widget-container\">\n\t\t\t<h3 class=\"elementor-heading-title elementor-size-default\">Pigmentacija kose Be\u010d - <br>Zabrinutost<\/h3>\t\t<\/div>\n\t\t\t\t<\/div>\n\t\t\t\t<div class=\"elementor-element elementor-element-3d514f9 elementor-hidden-desktop elementor-hidden-tablet elementor-widget elementor-widget-heading\" data-id=\"3d514f9\" data-element_type=\"widget\" data-widget_type=\"heading.default\">\n\t\t\t\t<div class=\"elementor-widget-container\">\n\t\t\t<h3 class=\"elementor-heading-title elementor-size-default\">\u041f\u0438\u0433\u043c\u0435\u043d\u0442\u0430\u0446\u0438\u0458\u0430 \u043a\u043e\u0441\u0435 \u0411\u0435\u0447 - \u0437\u0430\u0431\u0440\u0438\u043d\u0443\u0442\u043e\u0441\u0442<\/h3>\t\t<\/div>\n\t\t\t\t<\/div>\n\t\t\t\t<div class=\"elementor-element elementor-element-6bcf90f elementor-widget elementor-widget-text-editor\" data-id=\"6bcf90f\" data-element_type=\"widget\" data-widget_type=\"text-editor.default\">\n\t\t\t\t<div class=\"elementor-widget-container\">\n\t\t\t\t\t\t\t<p>Jedna od glavnih briga ve\u0107ine klijenata je pogor\u0161anje le\u010denja. Dok je mikropigmentacija skalpa namenjena da bude \u0161to trajnija, vremenom \u0107e izbledeti. To mo\u017ee da potraje bilo gde od godinu do pet godina, u zavisnosti od toga kako vodite ra\u010duna o le\u010denju. Nije ta\u010dno da mu\u0161terije sa svetlom kosom do\u017eivljavaju bledilo mnogo ranije od klijenata sa tamnijom kosom. Tako\u0111e ne morate da brinete da li \u0107e <strong>pigmentacija kose<\/strong> izgledati &#8220;neprirodno&#8221; jer proces bledenja traje godinama pre nego \u0161to vidite primetnu razliku.<\/p>\n<p>Da biste odr\u017eali tu kosu realisti\u010dnog izgleda, preporu\u010dujemo sesije osetljive na dodir kako biste povratili nijansu va\u0161eg tretmana. Me\u0111utim, o\u010dekuje se da \u0107e mikro pigmentacija kose dati do\u017eivotne rezultate, pod uslovom da vodite ra\u010duna o svom tretmanu i pose\u0107ujete na\u0161 salon lepote svake godine ili dve.<\/p>\n<p>Iako postoji mnogo faktora koji doprinose da pigmentacija kose izbledi, postoji nekoliko stvari koje mo\u017eete da uradite kako biste usporili proces.<\/p>\n<ul>\n<li>Koristite hidratantnu kremu svakog jutra da ovla\u017eite skalp, idealno nakon tu\u0161iranja.<\/li>\n<li>Izbegavajte direktnu sun\u010devu svetlost na skalpu, jer to mo\u017ee o\u0161tetiti pigmente i promovisati bledilo.<\/li>\n<li>Izbegavajte preterano znojenje tokom prvih 30 dana le\u010denja. Preterano znojenje mo\u017ee dovesti do toga da tretman mikropigmentacije va\u0161eg skalpa izgleda naduveno.<\/li>\n<li>Izbegavajte upotrebu izbeljiva\u010da ili proizvoda na bazi alkohola koji mogu da upropaste pigment na va\u0161em skalpu.<\/li>\n<li>Pratite aftercare procedure po na\u0161im instrukcijama<\/li>\n<\/ul>\n\t\t\t\t\t\t<\/div>\n\t\t\t\t<\/div>\n\t\t\t\t\t<\/div>\n\t\t<\/div>\n\t\t\t\t\t<\/div>\n\t\t<\/section>\n\t\t\t\t<section class=\"elementor-section elementor-top-section elementor-element elementor-element-4fb54c1a elementor-section-full_width elementor-section-height-default elementor-section-height-default\" data-id=\"4fb54c1a\" data-element_type=\"section\" data-settings=\"{&quot;background_background&quot;:&quot;classic&quot;}\">\n\t\t\t\t\t\t\t<div class=\"elementor-background-overlay\"><\/div>\n\t\t\t\t\t\t\t<div class=\"elementor-container elementor-column-gap-default\">\n\t\t\t\t\t<div class=\"elementor-column elementor-col-100 elementor-top-column elementor-element elementor-element-6333911a\" data-id=\"6333911a\" data-element_type=\"column\">\n\t\t\t<div class=\"elementor-widget-wrap elementor-element-populated\">\n\t\t\t\t\t\t<div class=\"elementor-element elementor-element-81ce17f elementor-widget elementor-widget-spacer\" data-id=\"81ce17f\" data-element_type=\"widget\" data-widget_type=\"spacer.default\">\n\t\t\t\t<div class=\"elementor-widget-container\">\n\t\t\t\t\t<div class=\"elementor-spacer\">\n\t\t\t<div class=\"elementor-spacer-inner\"><\/div>\n\t\t<\/div>\n\t\t\t\t<\/div>\n\t\t\t\t<\/div>\n\t\t\t\t<div class=\"elementor-element elementor-element-75a135c4 elementor-widget elementor-widget-heading\" data-id=\"75a135c4\" data-element_type=\"widget\" data-widget_type=\"heading.default\">\n\t\t\t\t<div class=\"elementor-widget-container\">\n\t\t\t<h2 class=\"elementor-heading-title elementor-size-default\">\u041f\u0438\u0433\u043c\u0435\u043d\u0442\u0430\u0446\u0438\u0458\u0430 \u043a\u043e\u0441\u0435 \u0411\u0435\u0447 - \u0413\u0443\u0448\u045b\u0430 \u0438 \u043f\u0443\u043d\u0438\u0458\u0430 \u043a\u043e\u0441\u0430<\/h2>\t\t<\/div>\n\t\t\t\t<\/div>\n\t\t\t\t<div class=\"elementor-element elementor-element-1cd3656c elementor-widget elementor-widget-text-editor\" data-id=\"1cd3656c\" data-element_type=\"widget\" data-widget_type=\"text-editor.default\">\n\t\t\t\t<div class=\"elementor-widget-container\">\n\t\t\t\t\t\t\t<p style=\"text-align: center;\">\u0417\u0430\u0438\u043d\u0442\u0435\u0440\u0435\u0441\u043e\u0432\u0430\u043d\u0438 \u0437\u0430 \u043d\u0430\u0448\u0435 <span style=\"color: #ffffff;\"><a style=\"color: #ffffff;\" href=\"https:\/\/www.adele-schoenheitssalon.at\/sr\/\">\u0442\u0440\u0435\u0442\u043c\u0430\u043d\u0435<\/a><\/span> ? Pratite nas na dru\u0161tvenim mre\u017eama<\/p>\n\t\t\t\t\t\t<\/div>\n\t\t\t\t<\/div>\n\t\t\t\t<section class=\"elementor-section elementor-inner-section elementor-element elementor-element-65b7fbaf elementor-hidden-mobile elementor-section-boxed elementor-section-height-default elementor-section-height-default\" data-id=\"65b7fbaf\" data-element_type=\"section\">\n\t\t\t\t\t\t<div class=\"elementor-container elementor-column-gap-wider\">\n\t\t\t\t\t<div class=\"elementor-column elementor-col-50 elementor-inner-column elementor-element elementor-element-85e1d6\" data-id=\"85e1d6\" data-element_type=\"column\">\n\t\t\t<div class=\"elementor-widget-wrap elementor-element-populated\">\n\t\t\t\t\t\t<div class=\"elementor-element elementor-element-4cdc6218 elementor-widget elementor-widget-image\" data-id=\"4cdc6218\" data-element_type=\"widget\" data-widget_type=\"image.default\">\n\t\t\t\t<div class=\"elementor-widget-container\">\n\t\t\t\t\t\t\t\t\t\t\t\t\t\t<a href=\"https:\/\/www.instagram.com\/adele_luxury_spa\/\" target=\"_blank\" rel=\"noopener\">\n\t\t\t\t\t\t\t<img decoding=\"async\" src=\"https:\/\/www.adele-schoenheitssalon.at\/wp-content\/uploads\/elementor\/thumbs\/Instagram-Logo-q7wajzuc3ejnpd3wvj513w64vzn1l14pxml672bz6m.png\" title=\"Instagram-Logo\" alt=\"Instagram-Logo\" loading=\"lazy\" \/>\t\t\t\t\t\t\t\t<\/a>\n\t\t\t\t\t\t\t\t\t\t\t\t\t<\/div>\n\t\t\t\t<\/div>\n\t\t\t\t\t<\/div>\n\t\t<\/div>\n\t\t\t\t<div class=\"elementor-column elementor-col-50 elementor-inner-column elementor-element elementor-element-dfce9f2\" data-id=\"dfce9f2\" data-element_type=\"column\">\n\t\t\t<div class=\"elementor-widget-wrap elementor-element-populated\">\n\t\t\t\t\t\t<div class=\"elementor-element elementor-element-427224ce elementor-widget elementor-widget-image\" data-id=\"427224ce\" data-element_type=\"widget\" data-widget_type=\"image.default\">\n\t\t\t\t<div class=\"elementor-widget-container\">\n\t\t\t\t\t\t\t\t\t\t\t\t\t\t<a href=\"https:\/\/www.facebook.com\/adeleschonheitssalon\" target=\"_blank\" rel=\"noopener\">\n\t\t\t\t\t\t\t<img decoding=\"async\" src=\"https:\/\/www.adele-schoenheitssalon.at\/wp-content\/uploads\/elementor\/thumbs\/Facebook-Logo-q7wajzuc3ejnpd3wvj513w64vzn1l14pxml672bz6w.png\" title=\"Facebook-Logo\" alt=\"Facebook-Logo\" loading=\"lazy\" \/>\t\t\t\t\t\t\t\t<\/a>\n\t\t\t\t\t\t\t\t\t\t\t\t\t<\/div>\n\t\t\t\t<\/div>\n\t\t\t\t\t<\/div>\n\t\t<\/div>\n\t\t\t\t\t<\/div>\n\t\t<\/section>\n\t\t\t\t<section class=\"elementor-section elementor-inner-section elementor-element elementor-element-47be63c elementor-hidden-desktop elementor-hidden-tablet elementor-section-boxed elementor-section-height-default elementor-section-height-default\" data-id=\"47be63c\" data-element_type=\"section\">\n\t\t\t\t\t\t<div class=\"elementor-container elementor-column-gap-wider\">\n\t\t\t\t\t<div class=\"elementor-column elementor-col-100 elementor-inner-column elementor-element elementor-element-d8b4e6e\" data-id=\"d8b4e6e\" data-element_type=\"column\">\n\t\t\t<div class=\"elementor-widget-wrap elementor-element-populated\">\n\t\t\t\t\t\t<div class=\"elementor-element elementor-element-6cb1318 elementor-widget elementor-widget-image\" data-id=\"6cb1318\" data-element_type=\"widget\" data-widget_type=\"image.default\">\n\t\t\t\t<div class=\"elementor-widget-container\">\n\t\t\t\t\t\t\t\t\t\t\t\t\t\t<a href=\"https:\/\/www.instagram.com\/adele_luxury_spa\/\" target=\"_blank\" rel=\"noopener\">\n\t\t\t\t\t\t\t<img decoding=\"async\" src=\"https:\/\/www.adele-schoenheitssalon.at\/wp-content\/uploads\/elementor\/thumbs\/Instagram-Logo-q7wajzuc3ejnpd3wvj513w64vzn1l14pxml672bz6m.png\" title=\"Instagram-Logo\" alt=\"Instagram-Logo\" loading=\"lazy\" \/>\t\t\t\t\t\t\t\t<\/a>\n\t\t\t\t\t\t\t\t\t\t\t\t\t<\/div>\n\t\t\t\t<\/div>\n\t\t\t\t<div class=\"elementor-element elementor-element-855e1f1 elementor-widget elementor-widget-image\" data-id=\"855e1f1\" data-element_type=\"widget\" data-widget_type=\"image.default\">\n\t\t\t\t<div class=\"elementor-widget-container\">\n\t\t\t\t\t\t\t\t\t\t\t\t\t\t<a href=\"https:\/\/www.facebook.com\/adeleschonheitssalon\" target=\"_blank\" rel=\"noopener\">\n\t\t\t\t\t\t\t<img decoding=\"async\" src=\"https:\/\/www.adele-schoenheitssalon.at\/wp-content\/uploads\/elementor\/thumbs\/Facebook-Logo-q7wajzuc3ejnpd3wvj513w64vzn1l14pxml672bz6w.png\" title=\"Facebook-Logo\" alt=\"Facebook-Logo\" loading=\"lazy\" \/>\t\t\t\t\t\t\t\t<\/a>\n\t\t\t\t\t\t\t\t\t\t\t\t\t<\/div>\n\t\t\t\t<\/div>\n\t\t\t\t\t<\/div>\n\t\t<\/div>\n\t\t\t\t\t<\/div>\n\t\t<\/section>\n\t\t\t\t<div class=\"elementor-element elementor-element-64e9791d elementor-widget elementor-widget-spacer\" data-id=\"64e9791d\" data-element_type=\"widget\" data-widget_type=\"spacer.default\">\n\t\t\t\t<div class=\"elementor-widget-container\">\n\t\t\t\t\t<div class=\"elementor-spacer\">\n\t\t\t<div class=\"elementor-spacer-inner\"><\/div>\n\t\t<\/div>\n\t\t\t\t<\/div>\n\t\t\t\t<\/div>\n\t\t\t\t\t<\/div>\n\t\t<\/div>\n\t\t\t\t\t<\/div>\n\t\t<\/section>\n\t\t\t\t<\/div>\n\t\t","protected":false},"excerpt":{"rendered":"<p>PIGMENTACIJA KOSE BE\u010c Micro Hair Pigmentation for Full &amp; Thick Hair \u0417\u0430\u043a\u0430\u0437\u0430\u0442\u0438 \u0441\u0430\u0441\u0442\u0430\u043d\u0430\u043a PIGMENTACIJA KOSE BE\u010c Micro Hair Pigmentation for Full &amp; Thick Hair \u041c\u0438\u043a\u0440\u043e \u043f\u0438\u0433\u043c\u0435\u043d\u0442\u0430\u0446\u0438\u0458\u0430 \u043a\u043e\u0441\u0435 Da li ste zabrinuti zbog gubitka kose? Pigmentacija kose skalpom daje vam novu frizuru koja odli\u010dno izgleda! Vrati\u0107e\u0161 se ku\u0107i samouvereno izgledaju\u0107i kao da si se razme\u0107e\u0161 gomilom&hellip; <a class=\"more-link\" href=\"https:\/\/www.adele-schoenheitssalon.at\/sr\/pigmentacija-kose-bec\/\">\u041d\u0430\u0441\u0442\u0430\u0432\u0438 \u0441\u0430 \u0447\u0438\u0442\u0430\u045a\u0435\u043c <span class=\"screen-reader-text\">Pigmentacija kose Be\u010d<\/span><\/a><\/p>\n","protected":false},"author":1,"featured_media":5359,"parent":0,"menu_order":0,"comment_status":"closed","ping_status":"closed","template":"elementor_header_footer","meta":{"footnotes":""},"class_list":["post-5466","page","type-page","status-publish","has-post-thumbnail","hentry","entry"],"_links":{"self":[{"href":"https:\/\/www.adele-schoenheitssalon.at\/sr\/wp-json\/wp\/v2\/pages\/5466","targetHints":{"allow":["GET"]}}],"collection":[{"href":"https:\/\/www.adele-schoenheitssalon.at\/sr\/wp-json\/wp\/v2\/pages"}],"about":[{"href":"https:\/\/www.adele-schoenheitssalon.at\/sr\/wp-json\/wp\/v2\/types\/page"}],"author":[{"embeddable":true,"href":"https:\/\/www.adele-schoenheitssalon.at\/sr\/wp-json\/wp\/v2\/users\/1"}],"replies":[{"embeddable":true,"href":"https:\/\/www.adele-schoenheitssalon.at\/sr\/wp-json\/wp\/v2\/comments?post=5466"}],"version-history":[{"count":2,"href":"https:\/\/www.adele-schoenheitssalon.at\/sr\/wp-json\/wp\/v2\/pages\/5466\/revisions"}],"predecessor-version":[{"id":9202,"href":"https:\/\/www.adele-schoenheitssalon.at\/sr\/wp-json\/wp\/v2\/pages\/5466\/revisions\/9202"}],"wp:featuredmedia":[{"embeddable":true,"href":"https:\/\/www.adele-schoenheitssalon.at\/sr\/wp-json\/wp\/v2\/media\/5359"}],"wp:attachment":[{"href":"https:\/\/www.adele-schoenheitssalon.at\/sr\/wp-json\/wp\/v2\/media?parent=5466"}],"curies":[{"name":"wp","href":"https:\/\/api.w.org\/{rel}","templated":true}]}}