{"id":3780,"date":"2021-10-20T13:26:15","date_gmt":"2021-10-20T12:26:15","guid":{"rendered":"https:\/\/www.adele-schoenheitssalon.at\/kuenye\/"},"modified":"2026-03-26T00:12:39","modified_gmt":"2026-03-25T23:12:39","slug":"kuenye","status":"publish","type":"page","link":"https:\/\/www.adele-schoenheitssalon.at\/tr\/kuenye\/","title":{"rendered":"K\u00fcnye"},"content":{"rendered":"\t\t<div data-elementor-type=\"wp-page\" data-elementor-id=\"3780\" class=\"elementor elementor-3780 elementor-732\" data-elementor-post-type=\"page\">\n\t\t\t\t\t\t<section class=\"elementor-section elementor-top-section elementor-element elementor-element-153f60d8 elementor-section-boxed elementor-section-height-default elementor-section-height-default\" data-id=\"153f60d8\" data-element_type=\"section\">\n\t\t\t\t\t\t<div class=\"elementor-container elementor-column-gap-default\">\n\t\t\t\t\t<div class=\"elementor-column elementor-col-100 elementor-top-column elementor-element elementor-element-5c72e885\" data-id=\"5c72e885\" data-element_type=\"column\">\n\t\t\t<div class=\"elementor-widget-wrap elementor-element-populated\">\n\t\t\t\t\t\t<div class=\"elementor-element elementor-element-42b1a15a elementor-widget elementor-widget-text-editor\" data-id=\"42b1a15a\" data-element_type=\"widget\" data-widget_type=\"text-editor.default\">\n\t\t\t\t<div class=\"elementor-widget-container\">\n\t\t\t\t\t\t\t<section class=\"elementor-section elementor-top-section elementor-element elementor-element-404f070 elementor-section-boxed elementor-section-height-default elementor-section-height-default\" data-id=\"404f070\" data-element_type=\"section\" data-settings=\"{\">\n<div class=\"elementor-container elementor-column-gap-default\">\n<div class=\"elementor-column elementor-col-100 elementor-top-column elementor-element elementor-element-6e1b883\" data-id=\"6e1b883\" data-element_type=\"column\" data-settings=\"{\">\n<div class=\"elementor-widget-wrap elementor-element-populated\">\n<div class=\"elementor-element elementor-element-a8f7935 elementor-widget elementor-widget-text-editor\" data-id=\"a8f7935\" data-element_type=\"widget\" data-widget_type=\"text-editor.default\">\n<div class=\"elementor-widget-container\">\n<p><strong>Adele g\u00fczellik salonu L\u00fcx &amp; Spa<\/strong><\/p>\n<p><strong>ADELE Sch\u00f6nheitssalon e.U<\/strong><br \/>W\u00e4hringerstra\u00dfe 44<br \/>1090 Wien<br \/>\u00d6sterreich<\/p>\n<p><strong>Mobil &amp; Whatsapp :<\/strong> <a href=\"tel:+4369910909019\"><span class=\"elementor-icon-list-text\">0699 109 09 019<\/span><\/a><br \/><strong>E-Mail :<\/strong> <a href=\"mailto:info@adele-schoenheitssalon.at\">info@adele-schoenheitssalon.at<\/a><br \/><strong>Web:<\/strong> <a href=\"http:\/\/www.adele-schoenheitssalon.at\">www.adele-schoenheitssalon.at<\/a><\/p>\n<p>Web sitesinin i\u00e7eri\u011finden genel m\u00fcd\u00fcr sorumludur<br \/>FN523659m numaras\u0131yla ticaret siciline kay\u0131tl\u0131, yetkili mahkeme Viyana Ticaret Mahkemesi<\/p>\n<p><strong>KDV Kimli\u011fi \/ Vergi No:<\/strong> ATU75094924<\/p>\n<p><strong>\u015eirket kay\u0131t numaras\u0131:<\/strong> FN523659m<\/p>\n<p>Yetkili Belediye. ECG (E-Ticaret Yasas\u0131)<br \/>9. B\u00f6lge Belediye Ba\u015fkanl\u0131\u011f\u0131<\/p>\n<p><strong>Kullan\u0131lan foto\u011fraflar\u0131n lisanslar\u0131:<\/strong> Sat\u0131lan \u00fcr\u00fcnlerin t\u00fcm g\u00f6rselleri, \u00fcr\u00fcnlerin \u00fcreticisi taraf\u0131ndan<br \/>Web sitesinde kullan\u0131lan di\u011fer foto\u011fraflar:<br \/>Kodlogy Technologies GmbH a\u015fa\u011f\u0131daki platformlarda:<br \/>Envato Elements, Twenty20, Freepik, Themeforest<\/p>\n<p><strong>Web sitesi ve \u00e7evrimi\u00e7i ma\u011fazan\u0131n uygulanmas\u0131, web tasar\u0131m\u0131 ve SEO arama motoru optimizasyonu:<\/strong><br \/>Kodlogy Technologies GmbH &#8211; <strong><span style=\"color: #a18405;\"><a style=\"color: #a18405;\" href=\"https:\/\/www.kodlogy.at\" target=\"_blank\" rel=\"noopener\">SEO arama motoru optimizasyonu Viyana<\/a><\/span><\/strong><\/p>\n<p>Sorumluluk Reddi<strong>:<\/strong><br \/>\u0130\u00e7eri\u011fin dikkatli bir \u015fekilde kontrol edilmesine ra\u011fmen, harici ba\u011flant\u0131lar\u0131n ve foto\u011fraflar\u0131n i\u00e7eri\u011fi i\u00e7in hi\u00e7bir sorumluluk kabul etmiyoruz. Ba\u011flant\u0131l\u0131 sayfalar\u0131n ve yay\u0131nlanan foto\u011fraflar\u0131n operat\u00f6rleri, i\u00e7eriklerinden yaln\u0131zca sorumludur. www.adele-schoenheitssalon.at alan ad\u0131, t\u00fcm alt alan adlar\u0131 dahil, internetteki di\u011fer sitelere verilen ba\u011flant\u0131lara at\u0131fta bulunur. Bu durumlarda a\u015fa\u011f\u0131dakiler ge\u00e7erlidir: www.adele-schoenheitssalon.at&#8217;in i\u015fletmecisi olarak ADELE Sch\u00f6nheitssalon e.U ba\u011flant\u0131l\u0131 ve i\u00e7e aktar\u0131lan sayfalar\u0131n ve foto\u011fraflar\u0131n tasar\u0131m\u0131 ve i\u00e7eri\u011fi \u00fczerinde hi\u00e7bir etkisinin olmad\u0131\u011f\u0131n\u0131 a\u00e7\u0131k\u00e7a beyan eder. Bu nedenle, www.adele-schoenheitssalon.at ADELE Sch\u00f6nheitssalon e.U, ba\u011flant\u0131l\u0131 t\u00fcm sayfalardaki t\u00fcm i\u00e7erikten ve web sitesinde yay\u0131nlanan foto\u011fraflardan a\u00e7\u0131k\u00e7a uzak durur ve bu i\u00e7eri\u011fi kendi i\u00e7eri\u011fi olarak kabul etmez. Bu beyan, ba\u011flant\u0131lar\u0131n y\u00f6nlendirildi\u011fi t\u00fcm sayfalar i\u00e7in ge\u00e7erlidir.<\/p>\n<\/div>\n<\/div>\n<\/div>\n<\/div>\n<\/div>\n<\/section>\n<div class=\"notranslate\" style=\"all: initial;\"> <\/div>\n\t\t\t\t\t\t<\/div>\n\t\t\t\t<\/div>\n\t\t\t\t\t<\/div>\n\t\t<\/div>\n\t\t\t\t\t<\/div>\n\t\t<\/section>\n\t\t\t\t<\/div>\n\t\t","protected":false},"excerpt":{"rendered":"<p>Adele g\u00fczellik salonu L\u00fcx &amp; Spa ADELE Sch\u00f6nheitssalon e.UW\u00e4hringerstra\u00dfe 441090 Wien\u00d6sterreich Mobil &amp; Whatsapp : 0699 109 09 019E-Mail : info@adele-schoenheitssalon.atWeb: www.adele-schoenheitssalon.at Web sitesinin i\u00e7eri\u011finden genel m\u00fcd\u00fcr sorumludurFN523659m numaras\u0131yla ticaret siciline kay\u0131tl\u0131, yetkili mahkeme Viyana Ticaret Mahkemesi KDV Kimli\u011fi \/ Vergi No: ATU75094924 \u015eirket kay\u0131t numaras\u0131: FN523659m Yetkili Belediye. ECG (E-Ticaret Yasas\u0131)9. B\u00f6lge Belediye Ba\u015fkanl\u0131\u011f\u0131&hellip; <a class=\"more-link\" href=\"https:\/\/www.adele-schoenheitssalon.at\/tr\/kuenye\/\">Okumaya devam et <span class=\"screen-reader-text\">K\u00fcnye<\/span><\/a><\/p>\n","protected":false},"author":1,"featured_media":0,"parent":0,"menu_order":0,"comment_status":"closed","ping_status":"closed","template":"","meta":{"footnotes":""},"class_list":["post-3780","page","type-page","status-publish","hentry","entry"],"_links":{"self":[{"href":"https:\/\/www.adele-schoenheitssalon.at\/tr\/wp-json\/wp\/v2\/pages\/3780","targetHints":{"allow":["GET"]}}],"collection":[{"href":"https:\/\/www.adele-schoenheitssalon.at\/tr\/wp-json\/wp\/v2\/pages"}],"about":[{"href":"https:\/\/www.adele-schoenheitssalon.at\/tr\/wp-json\/wp\/v2\/types\/page"}],"author":[{"embeddable":true,"href":"https:\/\/www.adele-schoenheitssalon.at\/tr\/wp-json\/wp\/v2\/users\/1"}],"replies":[{"embeddable":true,"href":"https:\/\/www.adele-schoenheitssalon.at\/tr\/wp-json\/wp\/v2\/comments?post=3780"}],"version-history":[{"count":2,"href":"https:\/\/www.adele-schoenheitssalon.at\/tr\/wp-json\/wp\/v2\/pages\/3780\/revisions"}],"predecessor-version":[{"id":9039,"href":"https:\/\/www.adele-schoenheitssalon.at\/tr\/wp-json\/wp\/v2\/pages\/3780\/revisions\/9039"}],"wp:attachment":[{"href":"https:\/\/www.adele-schoenheitssalon.at\/tr\/wp-json\/wp\/v2\/media?parent=3780"}],"curies":[{"name":"wp","href":"https:\/\/api.w.org\/{rel}","templated":true}]}}