{"id":3844,"date":"2022-03-07T21:45:26","date_gmt":"2022-03-07T19:45:26","guid":{"rendered":"https:\/\/www.adele-schoenheitssalon.at\/pudra-kaslar\/"},"modified":"2022-09-30T23:15:09","modified_gmt":"2022-09-30T21:15:09","slug":"pudra-kaslar","status":"publish","type":"page","link":"https:\/\/www.adele-schoenheitssalon.at\/tr\/pudra-kaslar\/","title":{"rendered":"Pudra Ka\u015flar"},"content":{"rendered":"\t\t<div data-elementor-type=\"wp-page\" data-elementor-id=\"3844\" class=\"elementor elementor-3844 elementor-2403\" data-elementor-post-type=\"page\">\n\t\t\t\t\t\t<section class=\"elementor-section elementor-top-section elementor-element elementor-element-36bbb9e0 elementor-section-height-full elementor-section-stretched elementor-section-boxed elementor-section-height-default elementor-section-items-middle\" data-id=\"36bbb9e0\" data-element_type=\"section\" data-settings=\"{&quot;background_background&quot;:&quot;classic&quot;,&quot;stretch_section&quot;:&quot;section-stretched&quot;}\">\n\t\t\t\t\t\t\t<div class=\"elementor-background-overlay\"><\/div>\n\t\t\t\t\t\t\t<div class=\"elementor-container elementor-column-gap-no\">\n\t\t\t\t\t<div class=\"elementor-column elementor-col-100 elementor-top-column elementor-element elementor-element-5d4afd93\" data-id=\"5d4afd93\" data-element_type=\"column\">\n\t\t\t<div class=\"elementor-widget-wrap elementor-element-populated\">\n\t\t\t\t\t\t<div class=\"elementor-element elementor-element-2c93bed1 elementor-invisible elementor-widget elementor-widget-heading\" data-id=\"2c93bed1\" data-element_type=\"widget\" data-settings=\"{&quot;motion_fx_motion_fx_scrolling&quot;:&quot;yes&quot;,&quot;motion_fx_translateY_effect&quot;:&quot;yes&quot;,&quot;motion_fx_translateY_speed&quot;:{&quot;unit&quot;:&quot;px&quot;,&quot;size&quot;:1.2,&quot;sizes&quot;:[]},&quot;_animation&quot;:&quot;fadeIn&quot;,&quot;motion_fx_devices&quot;:[&quot;desktop&quot;,&quot;tablet&quot;],&quot;motion_fx_translateY_affectedRange&quot;:{&quot;unit&quot;:&quot;%&quot;,&quot;size&quot;:&quot;&quot;,&quot;sizes&quot;:{&quot;start&quot;:0,&quot;end&quot;:100}}}\" data-widget_type=\"heading.default\">\n\t\t\t\t<div class=\"elementor-widget-container\">\n\t\t\t<h1 class=\"elementor-heading-title elementor-size-default\">Pudra Kaslar<br>  Viyana<\/h1>\t\t<\/div>\n\t\t\t\t<\/div>\n\t\t\t\t\t<\/div>\n\t\t<\/div>\n\t\t\t\t\t<\/div>\n\t\t<\/section>\n\t\t\t\t<section class=\"elementor-section elementor-top-section elementor-element elementor-element-9568543 elementor-section-full_width elementor-section-height-min-height elementor-section-items-stretch elementor-hidden-tablet elementor-hidden-mobile elementor-section-height-default\" data-id=\"9568543\" data-element_type=\"section\">\n\t\t\t\t\t\t<div class=\"elementor-container elementor-column-gap-default\">\n\t\t\t\t\t<div class=\"elementor-column elementor-col-50 elementor-top-column elementor-element elementor-element-7c8f0f3\" data-id=\"7c8f0f3\" data-element_type=\"column\" data-settings=\"{&quot;background_background&quot;:&quot;classic&quot;}\">\n\t\t\t<div class=\"elementor-widget-wrap elementor-element-populated\">\n\t\t\t\t\t\t<section class=\"elementor-section elementor-inner-section elementor-element elementor-element-c7812fb elementor-section-boxed elementor-section-height-default elementor-section-height-default\" data-id=\"c7812fb\" data-element_type=\"section\">\n\t\t\t\t\t\t<div class=\"elementor-container elementor-column-gap-default\">\n\t\t\t\t\t<div class=\"elementor-column elementor-col-66 elementor-inner-column elementor-element elementor-element-ed98f27\" data-id=\"ed98f27\" data-element_type=\"column\">\n\t\t\t<div class=\"elementor-widget-wrap elementor-element-populated\">\n\t\t\t\t\t\t<div class=\"elementor-element elementor-element-4b801b2 elementor-widget elementor-widget-heading\" data-id=\"4b801b2\" data-element_type=\"widget\" data-widget_type=\"heading.default\">\n\t\t\t\t<div class=\"elementor-widget-container\">\n\t\t\t<h2 class=\"elementor-heading-title elementor-size-default\">Pudra Ka\u015flar<\/h2>\t\t<\/div>\n\t\t\t\t<\/div>\n\t\t\t\t<div class=\"elementor-element elementor-element-9924808 elementor-widget-divider--view-line elementor-widget elementor-widget-divider\" data-id=\"9924808\" data-element_type=\"widget\" data-widget_type=\"divider.default\">\n\t\t\t\t<div class=\"elementor-widget-container\">\n\t\t\t\t\t<div class=\"elementor-divider\">\n\t\t\t<span class=\"elementor-divider-separator\">\n\t\t\t\t\t\t<\/span>\n\t\t<\/div>\n\t\t\t\t<\/div>\n\t\t\t\t<\/div>\n\t\t\t\t<div class=\"elementor-element elementor-element-9a202a5 elementor-widget elementor-widget-heading\" data-id=\"9a202a5\" data-element_type=\"widget\" data-widget_type=\"heading.default\">\n\t\t\t\t<div class=\"elementor-widget-container\">\n\t\t\t<h2 class=\"elementor-heading-title elementor-size-default\">Ka\u015f Pudras\u0131 Tekni\u011fi<\/h2>\t\t<\/div>\n\t\t\t\t<\/div>\n\t\t\t\t<div class=\"elementor-element elementor-element-7b18f7f elementor-widget elementor-widget-text-editor\" data-id=\"7b18f7f\" data-element_type=\"widget\" data-widget_type=\"text-editor.default\">\n\t\t\t\t<div class=\"elementor-widget-container\">\n\t\t\t\t\t\t\t<p>Daha dolgun ka\u015flar ve daha belirgin bir &#8220;makyaj&#8221; g\u00f6r\u00fcn\u00fcm\u00fc tercih ediyorsan\u0131z, Powder Brow do\u011fal ka\u015flar\u0131n g\u00f6r\u00fcn\u00fcm\u00fcn\u00fc taklit eder. Makine ve kal\u0131c\u0131 makyaj teknikleri kullan\u0131larak pigmentler tan\u0131mlanm\u0131\u015f yumu\u015fak bir \u015fekilde cilde uygulan\u0131r.  <strong>Ka\u015f pudras\u0131 tekni\u011fi<\/strong> ya\u011fl\u0131 ciltler veya seyrek ka\u015flar i\u00e7in m\u00fckemmeldir.<\/p>\t\t\t\t\t\t<\/div>\n\t\t\t\t<\/div>\n\t\t\t\t\t<\/div>\n\t\t<\/div>\n\t\t\t\t<div class=\"elementor-column elementor-col-33 elementor-inner-column elementor-element elementor-element-b7518b6\" data-id=\"b7518b6\" data-element_type=\"column\">\n\t\t\t<div class=\"elementor-widget-wrap elementor-element-populated\">\n\t\t\t\t\t\t<div class=\"elementor-element elementor-element-3070e32 elementor-widget__width-initial elementor-absolute elementor-widget-tablet__width-initial elementor-widget-mobile__width-initial elementor-widget elementor-widget-image\" data-id=\"3070e32\" data-element_type=\"widget\" data-settings=\"{&quot;_position&quot;:&quot;absolute&quot;}\" data-widget_type=\"image.default\">\n\t\t\t\t<div class=\"elementor-widget-container\">\n\t\t\t\t\t\t\t\t\t\t\t\t\t<img fetchpriority=\"high\" decoding=\"async\" width=\"700\" height=\"467\" src=\"https:\/\/www.adele-schoenheitssalon.at\/wp-content\/uploads\/2022\/03\/Augenbrauen-Pudertechnik.jpg\" class=\"attachment-full size-full wp-image-2443\" alt=\"Augenbrauen Pudertechnik\" srcset=\"https:\/\/www.adele-schoenheitssalon.at\/wp-content\/uploads\/2022\/03\/Augenbrauen-Pudertechnik.jpg 700w, https:\/\/www.adele-schoenheitssalon.at\/wp-content\/uploads\/2022\/03\/Augenbrauen-Pudertechnik-300x200.jpg 300w, https:\/\/www.adele-schoenheitssalon.at\/wp-content\/uploads\/2022\/03\/Augenbrauen-Pudertechnik-600x400.jpg 600w\" sizes=\"(max-width: 700px) 100vw, 700px\" style=\"width:100%;height:66.71%;max-width:700px\" \/>\t\t\t\t\t\t\t\t\t\t\t\t\t<\/div>\n\t\t\t\t<\/div>\n\t\t\t\t\t<\/div>\n\t\t<\/div>\n\t\t\t\t\t<\/div>\n\t\t<\/section>\n\t\t\t\t\t<\/div>\n\t\t<\/div>\n\t\t\t\t<div class=\"elementor-column elementor-col-50 elementor-top-column elementor-element elementor-element-3cd0651\" data-id=\"3cd0651\" data-element_type=\"column\" data-settings=\"{&quot;background_background&quot;:&quot;classic&quot;}\">\n\t\t\t<div class=\"elementor-widget-wrap elementor-element-populated\">\n\t\t\t\t\t\t<div class=\"elementor-element elementor-element-774d735 elementor-widget elementor-widget-spacer\" data-id=\"774d735\" data-element_type=\"widget\" data-widget_type=\"spacer.default\">\n\t\t\t\t<div class=\"elementor-widget-container\">\n\t\t\t\t\t<div class=\"elementor-spacer\">\n\t\t\t<div class=\"elementor-spacer-inner\"><\/div>\n\t\t<\/div>\n\t\t\t\t<\/div>\n\t\t\t\t<\/div>\n\t\t\t\t\t<\/div>\n\t\t<\/div>\n\t\t\t\t\t<\/div>\n\t\t<\/section>\n\t\t\t\t<section class=\"elementor-section elementor-top-section elementor-element elementor-element-e908d9a elementor-hidden-desktop elementor-section-boxed elementor-section-height-default elementor-section-height-default\" data-id=\"e908d9a\" data-element_type=\"section\" data-settings=\"{&quot;background_background&quot;:&quot;classic&quot;}\">\n\t\t\t\t\t\t<div class=\"elementor-container elementor-column-gap-default\">\n\t\t\t\t\t<div class=\"elementor-column elementor-col-100 elementor-top-column elementor-element elementor-element-1ac8018\" data-id=\"1ac8018\" data-element_type=\"column\">\n\t\t\t<div class=\"elementor-widget-wrap elementor-element-populated\">\n\t\t\t\t\t\t<div class=\"elementor-element elementor-element-bf6fe29 elementor-widget elementor-widget-heading\" data-id=\"bf6fe29\" data-element_type=\"widget\" data-widget_type=\"heading.default\">\n\t\t\t\t<div class=\"elementor-widget-container\">\n\t\t\t<h2 class=\"elementor-heading-title elementor-size-default\">Pudra Ka\u015flar<\/h2>\t\t<\/div>\n\t\t\t\t<\/div>\n\t\t\t\t<div class=\"elementor-element elementor-element-6ac85fa elementor-widget-divider--view-line elementor-widget elementor-widget-divider\" data-id=\"6ac85fa\" data-element_type=\"widget\" data-widget_type=\"divider.default\">\n\t\t\t\t<div class=\"elementor-widget-container\">\n\t\t\t\t\t<div class=\"elementor-divider\">\n\t\t\t<span class=\"elementor-divider-separator\">\n\t\t\t\t\t\t<\/span>\n\t\t<\/div>\n\t\t\t\t<\/div>\n\t\t\t\t<\/div>\n\t\t\t\t<div class=\"elementor-element elementor-element-55bffe9 elementor-widget elementor-widget-heading\" data-id=\"55bffe9\" data-element_type=\"widget\" data-widget_type=\"heading.default\">\n\t\t\t\t<div class=\"elementor-widget-container\">\n\t\t\t<h2 class=\"elementor-heading-title elementor-size-default\">Ka\u015f Pudras\u0131 Tekni\u011fi<\/h2>\t\t<\/div>\n\t\t\t\t<\/div>\n\t\t\t\t<div class=\"elementor-element elementor-element-18afe1f elementor-widget elementor-widget-image\" data-id=\"18afe1f\" data-element_type=\"widget\" data-widget_type=\"image.default\">\n\t\t\t\t<div class=\"elementor-widget-container\">\n\t\t\t\t\t\t\t\t\t\t\t\t\t<img decoding=\"async\" width=\"700\" height=\"467\" src=\"https:\/\/www.adele-schoenheitssalon.at\/wp-content\/uploads\/2022\/03\/Augenbrauen-Pudertechnik.jpg\" class=\"attachment-large size-large wp-image-2443\" alt=\"Augenbrauen Pudertechnik\" srcset=\"https:\/\/www.adele-schoenheitssalon.at\/wp-content\/uploads\/2022\/03\/Augenbrauen-Pudertechnik.jpg 700w, https:\/\/www.adele-schoenheitssalon.at\/wp-content\/uploads\/2022\/03\/Augenbrauen-Pudertechnik-300x200.jpg 300w, https:\/\/www.adele-schoenheitssalon.at\/wp-content\/uploads\/2022\/03\/Augenbrauen-Pudertechnik-600x400.jpg 600w\" sizes=\"(max-width: 700px) 100vw, 700px\" style=\"width:100%;height:66.71%;max-width:700px\" \/>\t\t\t\t\t\t\t\t\t\t\t\t\t<\/div>\n\t\t\t\t<\/div>\n\t\t\t\t<div class=\"elementor-element elementor-element-3c9d288 elementor-widget elementor-widget-text-editor\" data-id=\"3c9d288\" data-element_type=\"widget\" data-widget_type=\"text-editor.default\">\n\t\t\t\t<div class=\"elementor-widget-container\">\n\t\t\t\t\t\t\t<p>Daha dolgun ka\u015flar ve daha belirgin bir &#8220;makyaj&#8221; g\u00f6r\u00fcn\u00fcm\u00fc tercih ediyorsan\u0131z, Powder Brow do\u011fal ka\u015flar\u0131n g\u00f6r\u00fcn\u00fcm\u00fcn\u00fc taklit eder. Makine ve kal\u0131c\u0131 makyaj teknikleri kullan\u0131larak pigmentler tan\u0131mlanm\u0131\u015f yumu\u015fak bir \u015fekilde cilde uygulan\u0131r.  <strong>Ka\u015f pudras\u0131 tekni\u011fi<\/strong> ya\u011fl\u0131 ciltler veya seyrek ka\u015flar i\u00e7in m\u00fckemmeldir.<\/p>\t\t\t\t\t\t<\/div>\n\t\t\t\t<\/div>\n\t\t\t\t\t<\/div>\n\t\t<\/div>\n\t\t\t\t\t<\/div>\n\t\t<\/section>\n\t\t\t\t<section class=\"elementor-section elementor-top-section elementor-element elementor-element-4d4ec738 elementor-section-height-min-height elementor-section-items-stretch elementor-section-full_width elementor-hidden-mobile elementor-section-height-default\" data-id=\"4d4ec738\" data-element_type=\"section\">\n\t\t\t\t\t\t<div class=\"elementor-container elementor-column-gap-default\">\n\t\t\t\t\t<div class=\"elementor-column elementor-col-50 elementor-top-column elementor-element elementor-element-6514abd1 elementor-hidden-phone\" data-id=\"6514abd1\" data-element_type=\"column\" data-settings=\"{&quot;background_background&quot;:&quot;classic&quot;,&quot;background_motion_fx_motion_fx_scrolling&quot;:&quot;yes&quot;,&quot;background_motion_fx_range&quot;:&quot;viewport&quot;,&quot;background_motion_fx_devices&quot;:[&quot;desktop&quot;,&quot;tablet&quot;,&quot;mobile&quot;]}\">\n\t\t\t<div class=\"elementor-widget-wrap elementor-element-populated\">\n\t\t\t\t\t\t<div class=\"elementor-element elementor-element-5cacb43e elementor-widget elementor-widget-spacer\" data-id=\"5cacb43e\" data-element_type=\"widget\" data-widget_type=\"spacer.default\">\n\t\t\t\t<div class=\"elementor-widget-container\">\n\t\t\t\t\t<div class=\"elementor-spacer\">\n\t\t\t<div class=\"elementor-spacer-inner\"><\/div>\n\t\t<\/div>\n\t\t\t\t<\/div>\n\t\t\t\t<\/div>\n\t\t\t\t\t<\/div>\n\t\t<\/div>\n\t\t\t\t<div class=\"elementor-column elementor-col-50 elementor-top-column elementor-element elementor-element-31444608\" data-id=\"31444608\" data-element_type=\"column\" data-settings=\"{&quot;background_background&quot;:&quot;classic&quot;}\">\n\t\t\t<div class=\"elementor-widget-wrap elementor-element-populated\">\n\t\t\t\t\t\t<div class=\"elementor-element elementor-element-2022197a elementor-widget elementor-widget-heading\" data-id=\"2022197a\" data-element_type=\"widget\" data-widget_type=\"heading.default\">\n\t\t\t\t<div class=\"elementor-widget-container\">\n\t\t\t<h2 class=\"elementor-heading-title elementor-size-default\">PUDRA KA\u015eLAR<\/h2>\t\t<\/div>\n\t\t\t\t<\/div>\n\t\t\t\t<div class=\"elementor-element elementor-element-19ea9dd8 elementor-widget elementor-widget-text-editor\" data-id=\"19ea9dd8\" data-element_type=\"widget\" data-widget_type=\"text-editor.default\">\n\t\t\t\t<div class=\"elementor-widget-container\">\n\t\t\t\t\t\t\t<p>Ombr\u00e9 ka\u015flar, daha geleneksel makine y\u00f6ntemlerini kullanan yeni bir teknikle yap\u0131l\u0131r. Bu teknik, temiz bir tasar\u0131mda yumu\u015fak bir bu\u011fu\/toz finisaj\u0131 b\u0131rak\u0131r. \u0130mplante edilen pigmentin yo\u011funlu\u011fu ka\u015f\u0131n \u00f6n k\u0131sm\u0131nda hafif\u00e7e yay\u0131lmaya ba\u015flar ve uca do\u011fru giderek koyula\u015f\u0131r. Bu <strong>Powder Brows<\/strong> tekni\u011fi daha uzun s\u00fcre dayanma e\u011filimindedir ve cildin b\u00fct\u00fcnl\u00fc\u011f\u00fc i\u00e7in genel olarak daha iyidir. Sa\u00e7\u0131 az olan veya hi\u00e7 olmayanlar, ya\u011fl\u0131 cilde sahip olanlar veya daha belirgin bir ka\u015f \u015fekli tercih edenler i\u00e7in idealdir.<\/p>\t\t\t\t\t\t<\/div>\n\t\t\t\t<\/div>\n\t\t\t\t<div class=\"elementor-element elementor-element-5a625619 elementor-widget elementor-widget-button\" data-id=\"5a625619\" data-element_type=\"widget\" data-widget_type=\"button.default\">\n\t\t\t\t<div class=\"elementor-widget-container\">\n\t\t\t\t\t<div class=\"elementor-button-wrapper\">\n\t\t\t<a class=\"elementor-button elementor-button-link elementor-size-sm\" href=\"https:\/\/www.adele-schoenheitssalon.at\/tr\/rezervasyon\/\">\n\t\t\t\t\t\t<span class=\"elementor-button-content-wrapper\">\n\t\t\t\t\t\t\t\t\t<span class=\"elementor-button-text\">Randevu talep edin<\/span>\n\t\t\t\t\t<\/span>\n\t\t\t\t\t<\/a>\n\t\t<\/div>\n\t\t\t\t<\/div>\n\t\t\t\t<\/div>\n\t\t\t\t\t<\/div>\n\t\t<\/div>\n\t\t\t\t\t<\/div>\n\t\t<\/section>\n\t\t\t\t<section class=\"elementor-section elementor-top-section elementor-element elementor-element-b75539f elementor-section-height-min-height elementor-section-items-stretch elementor-section-full_width elementor-hidden-desktop elementor-hidden-tablet elementor-section-height-default\" data-id=\"b75539f\" data-element_type=\"section\">\n\t\t\t\t\t\t<div class=\"elementor-container elementor-column-gap-default\">\n\t\t\t\t\t<div class=\"elementor-column elementor-col-100 elementor-top-column elementor-element elementor-element-ee92106\" data-id=\"ee92106\" data-element_type=\"column\" data-settings=\"{&quot;background_background&quot;:&quot;classic&quot;}\">\n\t\t\t<div class=\"elementor-widget-wrap elementor-element-populated\">\n\t\t\t\t\t\t<div class=\"elementor-element elementor-element-442930e elementor-widget elementor-widget-heading\" data-id=\"442930e\" data-element_type=\"widget\" data-widget_type=\"heading.default\">\n\t\t\t\t<div class=\"elementor-widget-container\">\n\t\t\t<h2 class=\"elementor-heading-title elementor-size-default\">PUDRA KA\u015eLAR<\/h2>\t\t<\/div>\n\t\t\t\t<\/div>\n\t\t\t\t<div class=\"elementor-element elementor-element-39f4648 elementor-widget elementor-widget-image\" data-id=\"39f4648\" data-element_type=\"widget\" data-widget_type=\"image.default\">\n\t\t\t\t<div class=\"elementor-widget-container\">\n\t\t\t\t\t\t\t\t\t\t\t\t\t<img decoding=\"async\" width=\"750\" height=\"500\" src=\"https:\/\/www.adele-schoenheitssalon.at\/wp-content\/uploads\/2022\/03\/Puder-Augenbrauen-1024x683.jpg\" class=\"attachment-large size-large wp-image-2451\" alt=\"Puder Augenbrauen\" srcset=\"https:\/\/www.adele-schoenheitssalon.at\/wp-content\/uploads\/2022\/03\/Puder-Augenbrauen-1024x683.jpg 1024w, https:\/\/www.adele-schoenheitssalon.at\/wp-content\/uploads\/2022\/03\/Puder-Augenbrauen-300x200.jpg 300w, https:\/\/www.adele-schoenheitssalon.at\/wp-content\/uploads\/2022\/03\/Puder-Augenbrauen-768x512.jpg 768w, https:\/\/www.adele-schoenheitssalon.at\/wp-content\/uploads\/2022\/03\/Puder-Augenbrauen-600x400.jpg 600w, https:\/\/www.adele-schoenheitssalon.at\/wp-content\/uploads\/2022\/03\/Puder-Augenbrauen.jpg 1200w\" sizes=\"(max-width: 750px) 100vw, 750px\" style=\"width:100%;height:66.67%;max-width:1200px\" \/>\t\t\t\t\t\t\t\t\t\t\t\t\t<\/div>\n\t\t\t\t<\/div>\n\t\t\t\t<div class=\"elementor-element elementor-element-965e39c elementor-widget elementor-widget-text-editor\" data-id=\"965e39c\" data-element_type=\"widget\" data-widget_type=\"text-editor.default\">\n\t\t\t\t<div class=\"elementor-widget-container\">\n\t\t\t\t\t\t\t<p>Ombr\u00e9 ka\u015flar, daha geleneksel makine y\u00f6ntemlerini kullanan yeni bir teknikle yap\u0131l\u0131r. Bu teknik, temiz bir tasar\u0131mda yumu\u015fak bir bu\u011fu\/toz finisaj\u0131 b\u0131rak\u0131r. \u0130mplante edilen pigmentin yo\u011funlu\u011fu ka\u015f\u0131n \u00f6n k\u0131sm\u0131nda hafif\u00e7e yay\u0131lmaya ba\u015flar ve uca do\u011fru giderek koyula\u015f\u0131r. Bu <strong>Powder Brows<\/strong> tekni\u011fi daha uzun s\u00fcre dayanma e\u011filimindedir ve cildin b\u00fct\u00fcnl\u00fc\u011f\u00fc i\u00e7in genel olarak daha iyidir. Sa\u00e7\u0131 az olan veya hi\u00e7 olmayanlar, ya\u011fl\u0131 cilde sahip olanlar veya daha belirgin bir ka\u015f \u015fekli tercih edenler i\u00e7in idealdir.<\/p>\t\t\t\t\t\t<\/div>\n\t\t\t\t<\/div>\n\t\t\t\t<div class=\"elementor-element elementor-element-cde0052 elementor-align-center elementor-widget elementor-widget-button\" data-id=\"cde0052\" data-element_type=\"widget\" data-widget_type=\"button.default\">\n\t\t\t\t<div class=\"elementor-widget-container\">\n\t\t\t\t\t<div class=\"elementor-button-wrapper\">\n\t\t\t<a class=\"elementor-button elementor-button-link elementor-size-sm\" href=\"https:\/\/www.adele-schoenheitssalon.at\/tr\/rezervasyon\/\">\n\t\t\t\t\t\t<span class=\"elementor-button-content-wrapper\">\n\t\t\t\t\t\t\t\t\t<span class=\"elementor-button-text\">Randevu talep edin<\/span>\n\t\t\t\t\t<\/span>\n\t\t\t\t\t<\/a>\n\t\t<\/div>\n\t\t\t\t<\/div>\n\t\t\t\t<\/div>\n\t\t\t\t\t<\/div>\n\t\t<\/div>\n\t\t\t\t\t<\/div>\n\t\t<\/section>\n\t\t\t\t<section class=\"elementor-section elementor-top-section elementor-element elementor-element-df6338a elementor-section-height-min-height elementor-section-items-stretch elementor-section-full_width elementor-hidden-mobile elementor-section-height-default\" data-id=\"df6338a\" data-element_type=\"section\">\n\t\t\t\t\t\t<div class=\"elementor-container elementor-column-gap-default\">\n\t\t\t\t\t<div class=\"elementor-column elementor-col-50 elementor-top-column elementor-element elementor-element-749d0c4\" data-id=\"749d0c4\" data-element_type=\"column\" data-settings=\"{&quot;background_background&quot;:&quot;classic&quot;}\">\n\t\t\t<div class=\"elementor-widget-wrap elementor-element-populated\">\n\t\t\t\t\t\t<div class=\"elementor-element elementor-element-c14dc6e elementor-widget elementor-widget-heading\" data-id=\"c14dc6e\" data-element_type=\"widget\" data-widget_type=\"heading.default\">\n\t\t\t\t<div class=\"elementor-widget-container\">\n\t\t\t<h2 class=\"elementor-heading-title elementor-size-default\">OMBRE G\u00d6Z KA\u015eLARI<\/h2>\t\t<\/div>\n\t\t\t\t<\/div>\n\t\t\t\t<div class=\"elementor-element elementor-element-27c9876 elementor-widget elementor-widget-text-editor\" data-id=\"27c9876\" data-element_type=\"widget\" data-widget_type=\"text-editor.default\">\n\t\t\t\t<div class=\"elementor-widget-container\">\n\t\t\t\t\t\t\t<p>Dan\u0131\u015fma, tercihlerinizi tart\u0131\u015ft\u0131\u011f\u0131m\u0131z ve fikir al\u0131\u015fveri\u015finde bulundu\u011fumuz <strong>Powder Brows Vienna<\/strong> s\u00fcrecinin \u00f6nemli bir par\u00e7as\u0131d\u0131r. Daha sonra hangi y\u00f6ntemin mevcut ka\u015f \u015feklinizi en iyi \u015fekilde vurgulayaca\u011f\u0131na karar verebiliriz. Bu, nihai sonucun nas\u0131l g\u00f6r\u00fcnece\u011fi hakk\u0131nda bir fikir vermek i\u00e7in \u015fekillendirme (gerekirse koparma) ve i\u015faretlemeyi i\u00e7erir. Bu ayn\u0131 zamanda size sonucun yakla\u015f\u0131k olarak nas\u0131l g\u00f6r\u00fcnece\u011fini \u00f6nceden g\u00f6rme f\u0131rsat\u0131 verir.<\/p>\t\t\t\t\t\t<\/div>\n\t\t\t\t<\/div>\n\t\t\t\t<div class=\"elementor-element elementor-element-e1f1669 elementor-widget elementor-widget-button\" data-id=\"e1f1669\" data-element_type=\"widget\" data-widget_type=\"button.default\">\n\t\t\t\t<div class=\"elementor-widget-container\">\n\t\t\t\t\t<div class=\"elementor-button-wrapper\">\n\t\t\t<a class=\"elementor-button elementor-button-link elementor-size-sm\" href=\"https:\/\/www.adele-schoenheitssalon.at\/tr\/iletisim\/\">\n\t\t\t\t\t\t<span class=\"elementor-button-content-wrapper\">\n\t\t\t\t\t\t\t\t\t<span class=\"elementor-button-text\">Bir sorunuz var m\u0131?<\/span>\n\t\t\t\t\t<\/span>\n\t\t\t\t\t<\/a>\n\t\t<\/div>\n\t\t\t\t<\/div>\n\t\t\t\t<\/div>\n\t\t\t\t\t<\/div>\n\t\t<\/div>\n\t\t\t\t<div class=\"elementor-column elementor-col-50 elementor-top-column elementor-element elementor-element-d1608f8 elementor-hidden-phone\" data-id=\"d1608f8\" data-element_type=\"column\" data-settings=\"{&quot;background_background&quot;:&quot;classic&quot;,&quot;background_motion_fx_motion_fx_scrolling&quot;:&quot;yes&quot;,&quot;background_motion_fx_range&quot;:&quot;viewport&quot;,&quot;background_motion_fx_devices&quot;:[&quot;desktop&quot;,&quot;tablet&quot;,&quot;mobile&quot;]}\">\n\t\t\t<div class=\"elementor-widget-wrap elementor-element-populated\">\n\t\t\t\t\t\t<div class=\"elementor-element elementor-element-043573a elementor-widget elementor-widget-spacer\" data-id=\"043573a\" data-element_type=\"widget\" data-widget_type=\"spacer.default\">\n\t\t\t\t<div class=\"elementor-widget-container\">\n\t\t\t\t\t<div class=\"elementor-spacer\">\n\t\t\t<div class=\"elementor-spacer-inner\"><\/div>\n\t\t<\/div>\n\t\t\t\t<\/div>\n\t\t\t\t<\/div>\n\t\t\t\t\t<\/div>\n\t\t<\/div>\n\t\t\t\t\t<\/div>\n\t\t<\/section>\n\t\t\t\t<section class=\"elementor-section elementor-top-section elementor-element elementor-element-33ee958 elementor-section-height-min-height elementor-section-items-stretch elementor-section-full_width elementor-hidden-desktop elementor-hidden-tablet elementor-section-height-default\" data-id=\"33ee958\" data-element_type=\"section\">\n\t\t\t\t\t\t<div class=\"elementor-container elementor-column-gap-default\">\n\t\t\t\t\t<div class=\"elementor-column elementor-col-100 elementor-top-column elementor-element elementor-element-f067fc5\" data-id=\"f067fc5\" data-element_type=\"column\" data-settings=\"{&quot;background_background&quot;:&quot;classic&quot;}\">\n\t\t\t<div class=\"elementor-widget-wrap elementor-element-populated\">\n\t\t\t\t\t\t<div class=\"elementor-element elementor-element-fb0bee1 elementor-widget elementor-widget-heading\" data-id=\"fb0bee1\" data-element_type=\"widget\" data-widget_type=\"heading.default\">\n\t\t\t\t<div class=\"elementor-widget-container\">\n\t\t\t<h2 class=\"elementor-heading-title elementor-size-default\">OMBRE G\u00d6Z KA\u015eLARI<\/h2>\t\t<\/div>\n\t\t\t\t<\/div>\n\t\t\t\t<div class=\"elementor-element elementor-element-c0a889e elementor-widget elementor-widget-image\" data-id=\"c0a889e\" data-element_type=\"widget\" data-widget_type=\"image.default\">\n\t\t\t\t<div class=\"elementor-widget-container\">\n\t\t\t\t\t\t\t\t\t\t\t\t\t<img loading=\"lazy\" decoding=\"async\" width=\"750\" height=\"500\" src=\"https:\/\/www.adele-schoenheitssalon.at\/wp-content\/uploads\/2022\/03\/Ombre-Augenbrauen-1024x683.jpg\" class=\"attachment-large size-large wp-image-2461\" alt=\"Ombre Augenbrauen\" srcset=\"https:\/\/www.adele-schoenheitssalon.at\/wp-content\/uploads\/2022\/03\/Ombre-Augenbrauen-1024x683.jpg 1024w, https:\/\/www.adele-schoenheitssalon.at\/wp-content\/uploads\/2022\/03\/Ombre-Augenbrauen-300x200.jpg 300w, https:\/\/www.adele-schoenheitssalon.at\/wp-content\/uploads\/2022\/03\/Ombre-Augenbrauen-768x512.jpg 768w, https:\/\/www.adele-schoenheitssalon.at\/wp-content\/uploads\/2022\/03\/Ombre-Augenbrauen-600x400.jpg 600w, https:\/\/www.adele-schoenheitssalon.at\/wp-content\/uploads\/2022\/03\/Ombre-Augenbrauen.jpg 1200w\" sizes=\"(max-width: 750px) 100vw, 750px\" style=\"width:100%;height:66.67%;max-width:1200px\" \/>\t\t\t\t\t\t\t\t\t\t\t\t\t<\/div>\n\t\t\t\t<\/div>\n\t\t\t\t<div class=\"elementor-element elementor-element-db9f396 elementor-widget elementor-widget-text-editor\" data-id=\"db9f396\" data-element_type=\"widget\" data-widget_type=\"text-editor.default\">\n\t\t\t\t<div class=\"elementor-widget-container\">\n\t\t\t\t\t\t\t<p>Dan\u0131\u015fma, tercihlerinizi tart\u0131\u015ft\u0131\u011f\u0131m\u0131z ve fikir al\u0131\u015fveri\u015finde bulundu\u011fumuz <strong>Powder Brows Vienna<\/strong> s\u00fcrecinin \u00f6nemli bir par\u00e7as\u0131d\u0131r. Daha sonra hangi y\u00f6ntemin mevcut ka\u015f \u015feklinizi en iyi \u015fekilde vurgulayaca\u011f\u0131na karar verebiliriz. Bu, nihai sonucun nas\u0131l g\u00f6r\u00fcnece\u011fi hakk\u0131nda bir fikir vermek i\u00e7in \u015fekillendirme (gerekirse koparma) ve i\u015faretlemeyi i\u00e7erir. Bu ayn\u0131 zamanda size sonucun yakla\u015f\u0131k olarak nas\u0131l g\u00f6r\u00fcnece\u011fini \u00f6nceden g\u00f6rme f\u0131rsat\u0131 verir.<\/p>\t\t\t\t\t\t<\/div>\n\t\t\t\t<\/div>\n\t\t\t\t<div class=\"elementor-element elementor-element-c9e4f5f elementor-align-center elementor-widget elementor-widget-button\" data-id=\"c9e4f5f\" data-element_type=\"widget\" data-widget_type=\"button.default\">\n\t\t\t\t<div class=\"elementor-widget-container\">\n\t\t\t\t\t<div class=\"elementor-button-wrapper\">\n\t\t\t<a class=\"elementor-button elementor-button-link elementor-size-sm\" href=\"https:\/\/www.adele-schoenheitssalon.at\/tr\/iletisim\/\">\n\t\t\t\t\t\t<span class=\"elementor-button-content-wrapper\">\n\t\t\t\t\t\t\t\t\t<span class=\"elementor-button-text\">Bir sorunuz var m\u0131?<\/span>\n\t\t\t\t\t<\/span>\n\t\t\t\t\t<\/a>\n\t\t<\/div>\n\t\t\t\t<\/div>\n\t\t\t\t<\/div>\n\t\t\t\t\t<\/div>\n\t\t<\/div>\n\t\t\t\t\t<\/div>\n\t\t<\/section>\n\t\t\t\t<section class=\"elementor-section elementor-top-section elementor-element elementor-element-366043ec elementor-section-full_width elementor-section-height-min-height elementor-section-items-stretch elementor-hidden-tablet elementor-hidden-mobile elementor-section-height-default\" data-id=\"366043ec\" data-element_type=\"section\">\n\t\t\t\t\t\t<div class=\"elementor-container elementor-column-gap-default\">\n\t\t\t\t\t<div class=\"elementor-column elementor-col-50 elementor-top-column elementor-element elementor-element-3b43f5a4\" data-id=\"3b43f5a4\" data-element_type=\"column\" data-settings=\"{&quot;background_background&quot;:&quot;classic&quot;}\">\n\t\t\t<div class=\"elementor-widget-wrap elementor-element-populated\">\n\t\t\t\t\t\t<div class=\"elementor-element elementor-element-4df5d152 elementor-widget elementor-widget-spacer\" data-id=\"4df5d152\" data-element_type=\"widget\" data-widget_type=\"spacer.default\">\n\t\t\t\t<div class=\"elementor-widget-container\">\n\t\t\t\t\t<div class=\"elementor-spacer\">\n\t\t\t<div class=\"elementor-spacer-inner\"><\/div>\n\t\t<\/div>\n\t\t\t\t<\/div>\n\t\t\t\t<\/div>\n\t\t\t\t\t<\/div>\n\t\t<\/div>\n\t\t\t\t<div class=\"elementor-column elementor-col-50 elementor-top-column elementor-element elementor-element-38a0a099\" data-id=\"38a0a099\" data-element_type=\"column\" data-settings=\"{&quot;background_background&quot;:&quot;classic&quot;}\">\n\t\t\t<div class=\"elementor-widget-wrap elementor-element-populated\">\n\t\t\t\t\t\t<section class=\"elementor-section elementor-inner-section elementor-element elementor-element-1560b21b elementor-section-boxed elementor-section-height-default elementor-section-height-default\" data-id=\"1560b21b\" data-element_type=\"section\">\n\t\t\t\t\t\t<div class=\"elementor-container elementor-column-gap-default\">\n\t\t\t\t\t<div class=\"elementor-column elementor-col-33 elementor-inner-column elementor-element elementor-element-34dacda6\" data-id=\"34dacda6\" data-element_type=\"column\">\n\t\t\t<div class=\"elementor-widget-wrap elementor-element-populated\">\n\t\t\t\t\t\t<div class=\"elementor-element elementor-element-7f5b83bb elementor-widget__width-initial elementor-absolute elementor-widget-tablet__width-initial elementor-widget-mobile__width-initial elementor-widget elementor-widget-image\" data-id=\"7f5b83bb\" data-element_type=\"widget\" data-settings=\"{&quot;_position&quot;:&quot;absolute&quot;}\" data-widget_type=\"image.default\">\n\t\t\t\t<div class=\"elementor-widget-container\">\n\t\t\t\t\t\t\t\t\t\t\t\t\t<img loading=\"lazy\" decoding=\"async\" width=\"700\" height=\"467\" src=\"https:\/\/www.adele-schoenheitssalon.at\/wp-content\/uploads\/2022\/03\/Powderbrows-Wien.jpg\" class=\"attachment-full size-full wp-image-2501\" alt=\"Powderbrows Wien\" srcset=\"https:\/\/www.adele-schoenheitssalon.at\/wp-content\/uploads\/2022\/03\/Powderbrows-Wien.jpg 700w, https:\/\/www.adele-schoenheitssalon.at\/wp-content\/uploads\/2022\/03\/Powderbrows-Wien-300x200.jpg 300w, https:\/\/www.adele-schoenheitssalon.at\/wp-content\/uploads\/2022\/03\/Powderbrows-Wien-600x400.jpg 600w\" sizes=\"(max-width: 700px) 100vw, 700px\" style=\"width:100%;height:66.71%;max-width:700px\" \/>\t\t\t\t\t\t\t\t\t\t\t\t\t<\/div>\n\t\t\t\t<\/div>\n\t\t\t\t\t<\/div>\n\t\t<\/div>\n\t\t\t\t<div class=\"elementor-column elementor-col-66 elementor-inner-column elementor-element elementor-element-45eda338\" data-id=\"45eda338\" data-element_type=\"column\">\n\t\t\t<div class=\"elementor-widget-wrap elementor-element-populated\">\n\t\t\t\t\t\t<div class=\"elementor-element elementor-element-d314308 elementor-widget elementor-widget-heading\" data-id=\"d314308\" data-element_type=\"widget\" data-widget_type=\"heading.default\">\n\t\t\t\t<div class=\"elementor-widget-container\">\n\t\t\t<h3 class=\"elementor-heading-title elementor-size-default\">Pudra Ka\u015flar Viyana<\/h3>\t\t<\/div>\n\t\t\t\t<\/div>\n\t\t\t\t<div class=\"elementor-element elementor-element-eecfaf9 elementor-widget-divider--view-line elementor-widget elementor-widget-divider\" data-id=\"eecfaf9\" data-element_type=\"widget\" data-widget_type=\"divider.default\">\n\t\t\t\t<div class=\"elementor-widget-container\">\n\t\t\t\t\t<div class=\"elementor-divider\">\n\t\t\t<span class=\"elementor-divider-separator\">\n\t\t\t\t\t\t<\/span>\n\t\t<\/div>\n\t\t\t\t<\/div>\n\t\t\t\t<\/div>\n\t\t\t\t<div class=\"elementor-element elementor-element-4f50dc8 elementor-widget elementor-widget-heading\" data-id=\"4f50dc8\" data-element_type=\"widget\" data-widget_type=\"heading.default\">\n\t\t\t\t<div class=\"elementor-widget-container\">\n\t\t\t<h3 class=\"elementor-heading-title elementor-size-default\">Neden microblading yerine pudra ka\u015flar?<\/h3>\t\t<\/div>\n\t\t\t\t<\/div>\n\t\t\t\t<div class=\"elementor-element elementor-element-1af3e28 elementor-widget elementor-widget-text-editor\" data-id=\"1af3e28\" data-element_type=\"widget\" data-widget_type=\"text-editor.default\">\n\t\t\t\t<div class=\"elementor-widget-container\">\n\t\t\t\t\t\t\t<p>Ombre ka\u015flar, k\u00fc\u00e7\u00fck pigment noktalar\u0131n\u0131 cilt boyunca e\u015fit olarak da\u011f\u0131tan bir renklendirme tekni\u011fi kullanan bir makine ile elde edilir. Microblading ise ciltte minimal kesiler yapmak i\u00e7in el aletleri kullan\u0131r. Ayn\u0131 yerde tekrarlanan kesikler zamanla cilde daha \u00e7abuk zarar verebilir. Bu nedenle, <strong>Powderbrows Vienna<\/strong> daha az invazivdir.<\/p>\t\t\t\t\t\t<\/div>\n\t\t\t\t<\/div>\n\t\t\t\t\t<\/div>\n\t\t<\/div>\n\t\t\t\t\t<\/div>\n\t\t<\/section>\n\t\t\t\t\t<\/div>\n\t\t<\/div>\n\t\t\t\t\t<\/div>\n\t\t<\/section>\n\t\t\t\t<section class=\"elementor-section elementor-top-section elementor-element elementor-element-de634f8 elementor-hidden-desktop elementor-section-boxed elementor-section-height-default elementor-section-height-default\" data-id=\"de634f8\" data-element_type=\"section\" data-settings=\"{&quot;background_background&quot;:&quot;classic&quot;}\">\n\t\t\t\t\t\t<div class=\"elementor-container elementor-column-gap-default\">\n\t\t\t\t\t<div class=\"elementor-column elementor-col-100 elementor-top-column elementor-element elementor-element-9289546\" data-id=\"9289546\" data-element_type=\"column\">\n\t\t\t<div class=\"elementor-widget-wrap elementor-element-populated\">\n\t\t\t\t\t\t<div class=\"elementor-element elementor-element-2b0fc71 elementor-widget elementor-widget-heading\" data-id=\"2b0fc71\" data-element_type=\"widget\" data-widget_type=\"heading.default\">\n\t\t\t\t<div class=\"elementor-widget-container\">\n\t\t\t<h3 class=\"elementor-heading-title elementor-size-default\">Pudra Ka\u015flar Viyana<\/h3>\t\t<\/div>\n\t\t\t\t<\/div>\n\t\t\t\t<div class=\"elementor-element elementor-element-68f32c2 elementor-widget-divider--view-line elementor-widget elementor-widget-divider\" data-id=\"68f32c2\" data-element_type=\"widget\" data-widget_type=\"divider.default\">\n\t\t\t\t<div class=\"elementor-widget-container\">\n\t\t\t\t\t<div class=\"elementor-divider\">\n\t\t\t<span class=\"elementor-divider-separator\">\n\t\t\t\t\t\t<\/span>\n\t\t<\/div>\n\t\t\t\t<\/div>\n\t\t\t\t<\/div>\n\t\t\t\t<div class=\"elementor-element elementor-element-c709157 elementor-widget elementor-widget-heading\" data-id=\"c709157\" data-element_type=\"widget\" data-widget_type=\"heading.default\">\n\t\t\t\t<div class=\"elementor-widget-container\">\n\t\t\t<h3 class=\"elementor-heading-title elementor-size-default\">Neden microblading yerine pudra ka\u015flar?<\/h3>\t\t<\/div>\n\t\t\t\t<\/div>\n\t\t\t\t<div class=\"elementor-element elementor-element-cae0d5a elementor-widget elementor-widget-image\" data-id=\"cae0d5a\" data-element_type=\"widget\" data-widget_type=\"image.default\">\n\t\t\t\t<div class=\"elementor-widget-container\">\n\t\t\t\t\t\t\t\t\t\t\t\t\t<img loading=\"lazy\" decoding=\"async\" width=\"700\" height=\"467\" src=\"https:\/\/www.adele-schoenheitssalon.at\/wp-content\/uploads\/2022\/03\/Powderbrows-Wien.jpg\" class=\"attachment-full size-full wp-image-2501\" alt=\"Powderbrows Wien\" srcset=\"https:\/\/www.adele-schoenheitssalon.at\/wp-content\/uploads\/2022\/03\/Powderbrows-Wien.jpg 700w, https:\/\/www.adele-schoenheitssalon.at\/wp-content\/uploads\/2022\/03\/Powderbrows-Wien-300x200.jpg 300w, https:\/\/www.adele-schoenheitssalon.at\/wp-content\/uploads\/2022\/03\/Powderbrows-Wien-600x400.jpg 600w\" sizes=\"(max-width: 700px) 100vw, 700px\" style=\"width:100%;height:66.71%;max-width:700px\" \/>\t\t\t\t\t\t\t\t\t\t\t\t\t<\/div>\n\t\t\t\t<\/div>\n\t\t\t\t<div class=\"elementor-element elementor-element-d149646 elementor-widget elementor-widget-text-editor\" data-id=\"d149646\" data-element_type=\"widget\" data-widget_type=\"text-editor.default\">\n\t\t\t\t<div class=\"elementor-widget-container\">\n\t\t\t\t\t\t\t<p>Ombre ka\u015flar, k\u00fc\u00e7\u00fck pigment noktalar\u0131n\u0131 cilt boyunca e\u015fit olarak da\u011f\u0131tan bir renklendirme tekni\u011fi kullanan bir makine ile elde edilir. Microblading ise ciltte minimal kesiler yapmak i\u00e7in el aletleri kullan\u0131r. Ayn\u0131 yerde tekrarlanan kesikler zamanla cilde daha \u00e7abuk zarar verebilir. Bu nedenle, <strong>Powderbrows Vienna<\/strong> daha az invazivdir.<\/p>\t\t\t\t\t\t<\/div>\n\t\t\t\t<\/div>\n\t\t\t\t\t<\/div>\n\t\t<\/div>\n\t\t\t\t\t<\/div>\n\t\t<\/section>\n\t\t\t\t<section class=\"elementor-section elementor-top-section elementor-element elementor-element-f6a16ea elementor-section-boxed elementor-section-height-default elementor-section-height-default\" data-id=\"f6a16ea\" data-element_type=\"section\">\n\t\t\t\t\t\t<div class=\"elementor-container elementor-column-gap-default\">\n\t\t\t\t\t<div class=\"elementor-column elementor-col-100 elementor-top-column elementor-element elementor-element-37658d1\" data-id=\"37658d1\" data-element_type=\"column\">\n\t\t\t<div class=\"elementor-widget-wrap elementor-element-populated\">\n\t\t\t\t\t\t<div class=\"elementor-element elementor-element-9aca8f1 elementor-widget elementor-widget-heading\" data-id=\"9aca8f1\" data-element_type=\"widget\" data-widget_type=\"heading.default\">\n\t\t\t\t<div class=\"elementor-widget-container\">\n\t\t\t<h3 class=\"elementor-heading-title elementor-size-default\">Sorular ve bilgiler<\/h3>\t\t<\/div>\n\t\t\t\t<\/div>\n\t\t\t\t<div class=\"elementor-element elementor-element-68e046f elementor-widget elementor-widget-toggle\" data-id=\"68e046f\" data-element_type=\"widget\" data-widget_type=\"toggle.default\">\n\t\t\t\t<div class=\"elementor-widget-container\">\n\t\t\t\t\t<div class=\"elementor-toggle\">\n\t\t\t\t\t\t\t<div class=\"elementor-toggle-item\">\n\t\t\t\t\t<div id=\"elementor-tab-title-1091\" class=\"elementor-tab-title\" data-tab=\"1\" role=\"button\" aria-controls=\"elementor-tab-content-1091\" aria-expanded=\"false\">\n\t\t\t\t\t\t\t\t\t\t\t\t<span class=\"elementor-toggle-icon elementor-toggle-icon-left\" aria-hidden=\"true\">\n\t\t\t\t\t\t\t\t\t\t\t\t\t\t\t<span class=\"elementor-toggle-icon-closed\"><i class=\"fas fa-caret-right\"><\/i><\/span>\n\t\t\t\t\t\t\t\t<span class=\"elementor-toggle-icon-opened\"><i class=\"elementor-toggle-icon-opened fas fa-caret-up\"><\/i><\/span>\n\t\t\t\t\t\t\t\t\t\t\t\t\t<\/span>\n\t\t\t\t\t\t\t\t\t\t\t\t<a class=\"elementor-toggle-title\" tabindex=\"0\">Daha az ac\u0131 verici<\/a>\n\t\t\t\t\t<\/div>\n\n\t\t\t\t\t<div id=\"elementor-tab-content-1091\" class=\"elementor-tab-content elementor-clearfix\" data-tab=\"1\" role=\"region\" aria-labelledby=\"elementor-tab-title-1091\"><p>Ombr\u00e9 toz ka\u015flar, cildi daha az travmatize eden g\u00f6lgeleme tekni\u011fi nedeniyle microblading tekni\u011finden daha az ac\u0131 vericidir. Bunun nedeni deride kesikler olu\u015fmas\u0131 ve bunun da daha fazla kanamaya neden olmas\u0131d\u0131r.  <strong>Ombr\u00e9 toz ka\u015flarda<\/strong>, i\u015flem s\u0131ras\u0131nda minimum kan y\u00fczeyi olu\u015fur veya hi\u00e7 olu\u015fmaz. Baz\u0131 m\u00fc\u015fteriler, ombr\u00e9 toz ka\u015f uygulamas\u0131n\u0131n cilde bast\u0131r\u0131lan elektrikli bir di\u015f f\u0131r\u00e7as\u0131na veya h\u0131zl\u0131 bir koparmaya benzer bir his oldu\u011funu s\u00f6yl\u00fcyor. Lokal anestezik kullan\u0131m\u0131 nedeniyle rahats\u0131zl\u0131k hissi yok denecek kadar azd\u0131r.<\/p><\/div>\n\t\t\t\t<\/div>\n\t\t\t\t\t\t\t<div class=\"elementor-toggle-item\">\n\t\t\t\t\t<div id=\"elementor-tab-title-1092\" class=\"elementor-tab-title\" data-tab=\"2\" role=\"button\" aria-controls=\"elementor-tab-content-1092\" aria-expanded=\"false\">\n\t\t\t\t\t\t\t\t\t\t\t\t<span class=\"elementor-toggle-icon elementor-toggle-icon-left\" aria-hidden=\"true\">\n\t\t\t\t\t\t\t\t\t\t\t\t\t\t\t<span class=\"elementor-toggle-icon-closed\"><i class=\"fas fa-caret-right\"><\/i><\/span>\n\t\t\t\t\t\t\t\t<span class=\"elementor-toggle-icon-opened\"><i class=\"elementor-toggle-icon-opened fas fa-caret-up\"><\/i><\/span>\n\t\t\t\t\t\t\t\t\t\t\t\t\t<\/span>\n\t\t\t\t\t\t\t\t\t\t\t\t<a class=\"elementor-toggle-title\" tabindex=\"0\">Daha uzun s\u00fcre dayan\u0131r<\/a>\n\t\t\t\t\t<\/div>\n\n\t\t\t\t\t<div id=\"elementor-tab-content-1092\" class=\"elementor-tab-content elementor-clearfix\" data-tab=\"2\" role=\"region\" aria-labelledby=\"elementor-tab-title-1092\"><p>Sonu\u00e7lar ya\u015fam tarz\u0131na, cilt tipine, sa\u011fl\u0131\u011fa, tercihlere vb. ba\u011fl\u0131 olarak de\u011fi\u015fir, ancak y\u00fcksek kaliteli <a href=\"https:\/\/de.wikipedia.org\/wiki\/Pigmente\" target=\"_blank\" rel=\"noopener\">pigmentlerle<\/a> yap\u0131lan tek bir ombr\u00e9 toz ka\u015f seans\u0131 ortalama 1-3 y\u0131l s\u00fcrebilir.<\/p><\/div>\n\t\t\t\t<\/div>\n\t\t\t\t\t\t\t<div class=\"elementor-toggle-item\">\n\t\t\t\t\t<div id=\"elementor-tab-title-1093\" class=\"elementor-tab-title\" data-tab=\"3\" role=\"button\" aria-controls=\"elementor-tab-content-1093\" aria-expanded=\"false\">\n\t\t\t\t\t\t\t\t\t\t\t\t<span class=\"elementor-toggle-icon elementor-toggle-icon-left\" aria-hidden=\"true\">\n\t\t\t\t\t\t\t\t\t\t\t\t\t\t\t<span class=\"elementor-toggle-icon-closed\"><i class=\"fas fa-caret-right\"><\/i><\/span>\n\t\t\t\t\t\t\t\t<span class=\"elementor-toggle-icon-opened\"><i class=\"elementor-toggle-icon-opened fas fa-caret-up\"><\/i><\/span>\n\t\t\t\t\t\t\t\t\t\t\t\t\t<\/span>\n\t\t\t\t\t\t\t\t\t\t\t\t<a class=\"elementor-toggle-title\" tabindex=\"0\">T\u00fcm cilt tipleri i\u00e7in uygundur<\/a>\n\t\t\t\t\t<\/div>\n\n\t\t\t\t\t<div id=\"elementor-tab-content-1093\" class=\"elementor-tab-content elementor-clearfix\" data-tab=\"3\" role=\"region\" aria-labelledby=\"elementor-tab-title-1093\"><strong>Ombr\u00e9 Powder Brows<\/strong>, geni\u015f g\u00f6zenekli, ya\u011fl\u0131 ve ya\u015fl\u0131 ciltler i\u00e7in uygun olmayan Microblading&#8217;in aksine t\u00fcm cilt tipleri i\u00e7in m\u00fckemmeldir. Ya\u011fl\u0131 ciltlerde microblading birka\u00e7 r\u00f6tu\u015f gerektirir ve bu da cildi daha fazla travmatize eder.<\/div>\n\t\t\t\t<\/div>\n\t\t\t\t\t\t\t<div class=\"elementor-toggle-item\">\n\t\t\t\t\t<div id=\"elementor-tab-title-1094\" class=\"elementor-tab-title\" data-tab=\"4\" role=\"button\" aria-controls=\"elementor-tab-content-1094\" aria-expanded=\"false\">\n\t\t\t\t\t\t\t\t\t\t\t\t<span class=\"elementor-toggle-icon elementor-toggle-icon-left\" aria-hidden=\"true\">\n\t\t\t\t\t\t\t\t\t\t\t\t\t\t\t<span class=\"elementor-toggle-icon-closed\"><i class=\"fas fa-caret-right\"><\/i><\/span>\n\t\t\t\t\t\t\t\t<span class=\"elementor-toggle-icon-opened\"><i class=\"elementor-toggle-icon-opened fas fa-caret-up\"><\/i><\/span>\n\t\t\t\t\t\t\t\t\t\t\t\t\t<\/span>\n\t\t\t\t\t\t\t\t\t\t\t\t<a class=\"elementor-toggle-title\" tabindex=\"0\">Do\u011fal g\u00f6r\u00fcn\u00fcyor<\/a>\n\t\t\t\t\t<\/div>\n\n\t\t\t\t\t<div id=\"elementor-tab-content-1094\" class=\"elementor-tab-content elementor-clearfix\" data-tab=\"4\" role=\"region\" aria-labelledby=\"elementor-tab-title-1094\"><p> <strong>Ombr\u00e9 toz ka\u015flar<\/strong> daha &#8220;dolgulu&#8221; bir g\u00f6r\u00fcn\u00fcme sahipken, iyile\u015ftirilmi\u015f sonu\u00e7lar yumu\u015fak g\u00f6lgeli bir ka\u015f kalemi veya yumu\u015fak bir sis pudras\u0131 gibi g\u00f6r\u00fcn\u00fcr. Uygulamadan hemen sonra, ombr\u00e9 toz ka\u015flar daha g\u00fc\u00e7l\u00fc ve daha doygun g\u00f6r\u00fcnebilir, ancak ka\u015flar %40-50 oran\u0131nda solar ve sonu\u00e7 olarak \u00e7ok yumu\u015fak, pudrams\u0131 bir y\u00fczey ve \u015fekil b\u0131rak\u0131r.<\/p><\/div>\n\t\t\t\t<\/div>\n\t\t\t\t\t\t\t<div class=\"elementor-toggle-item\">\n\t\t\t\t\t<div id=\"elementor-tab-title-1095\" class=\"elementor-tab-title\" data-tab=\"5\" role=\"button\" aria-controls=\"elementor-tab-content-1095\" aria-expanded=\"false\">\n\t\t\t\t\t\t\t\t\t\t\t\t<span class=\"elementor-toggle-icon elementor-toggle-icon-left\" aria-hidden=\"true\">\n\t\t\t\t\t\t\t\t\t\t\t\t\t\t\t<span class=\"elementor-toggle-icon-closed\"><i class=\"fas fa-caret-right\"><\/i><\/span>\n\t\t\t\t\t\t\t\t<span class=\"elementor-toggle-icon-opened\"><i class=\"elementor-toggle-icon-opened fas fa-caret-up\"><\/i><\/span>\n\t\t\t\t\t\t\t\t\t\t\t\t\t<\/span>\n\t\t\t\t\t\t\t\t\t\t\t\t<a class=\"elementor-toggle-title\" tabindex=\"0\">Kendi ka\u015flar\u0131m hala uzuyor mu?<\/a>\n\t\t\t\t\t<\/div>\n\n\t\t\t\t\t<div id=\"elementor-tab-content-1095\" class=\"elementor-tab-content elementor-clearfix\" data-tab=\"5\" role=\"region\" aria-labelledby=\"elementor-tab-title-1095\">Pudra ka\u015flar, hafif\u00e7e &#8220;d\u00f6vme&#8221; \u015feklinde uyguland\u0131klar\u0131 i\u00e7in ka\u015f b\u00f6lgenizde b\u00fcy\u00fcmeyi te\u015fvik edebilir. Toz ka\u015flar, ka\u015flar\u0131n do\u011fal b\u00fcy\u00fcme d\u00f6ng\u00fcs\u00fcne m\u00fcdahale etmez.<\/div>\n\t\t\t\t<\/div>\n\t\t\t\t\t\t\t<div class=\"elementor-toggle-item\">\n\t\t\t\t\t<div id=\"elementor-tab-title-1096\" class=\"elementor-tab-title\" data-tab=\"6\" role=\"button\" aria-controls=\"elementor-tab-content-1096\" aria-expanded=\"false\">\n\t\t\t\t\t\t\t\t\t\t\t\t<span class=\"elementor-toggle-icon elementor-toggle-icon-left\" aria-hidden=\"true\">\n\t\t\t\t\t\t\t\t\t\t\t\t\t\t\t<span class=\"elementor-toggle-icon-closed\"><i class=\"fas fa-caret-right\"><\/i><\/span>\n\t\t\t\t\t\t\t\t<span class=\"elementor-toggle-icon-opened\"><i class=\"elementor-toggle-icon-opened fas fa-caret-up\"><\/i><\/span>\n\t\t\t\t\t\t\t\t\t\t\t\t\t<\/span>\n\t\t\t\t\t\t\t\t\t\t\t\t<a class=\"elementor-toggle-title\" tabindex=\"0\">Tedaviden sonra nelere dikkat etmeliyim?<\/a>\n\t\t\t\t\t<\/div>\n\n\t\t\t\t\t<div id=\"elementor-tab-content-1096\" class=\"elementor-tab-content elementor-clearfix\" data-tab=\"6\" role=\"region\" aria-labelledby=\"elementor-tab-title-1096\">\u0130\u015fleminizden hemen sonra ka\u015flar\u0131n\u0131z daha koyu ve belirgin g\u00f6r\u00fcnecek ve bu durum 2 hafta kadar s\u00fcrecektir. Yeni ka\u015flar\u0131n\u0131z daha s\u0131k\u0131 g\u00f6r\u00fcnebilir. Sa\u00e7 \u00e7izgileri kaybolmu\u015f gibi g\u00f6r\u00fcn\u00fcr ve \u0131slak ve boyal\u0131 g\u00f6r\u00fcnebilir, ancak bu normaldir. Yakla\u015f\u0131k 4-5. g\u00fcnlerde kabuklanma meydana gelebilir ve ka\u015flar\u0131n\u0131z kuru ve pul pul g\u00f6r\u00fcnebilir. Kabuklar\u0131n\u0131z\u0131 koparmay\u0131n ve do\u011fal olarak d\u00f6k\u00fclmelerine izin verin. Kabuk erken kald\u0131r\u0131l\u0131rsa, eksik sa\u00e7 telleri ve yamal\u0131 ka\u015flar olacakt\u0131r.\nTamamen iyile\u015fmesi 6-8 hafta kadar s\u00fcrer. \u0130lk seanstan sonra ka\u015flar\u0131n\u0131z\u0131n m\u00fckemmel bir \u015fekilde iyile\u015fmesini beklemeyin. Bu iki ad\u0131ml\u0131, bazen de \u00e7ok ad\u0131ml\u0131 bir s\u00fcre\u00e7tir.\n<\/div>\n\t\t\t\t<\/div>\n\t\t\t\t\t\t\t\t<\/div>\n\t\t\t\t<\/div>\n\t\t\t\t<\/div>\n\t\t\t\t\t<\/div>\n\t\t<\/div>\n\t\t\t\t\t<\/div>\n\t\t<\/section>\n\t\t\t\t<section class=\"elementor-section elementor-top-section elementor-element elementor-element-b6aa9c8 elementor-section-full_width elementor-section-height-default elementor-section-height-default\" data-id=\"b6aa9c8\" data-element_type=\"section\">\n\t\t\t\t\t\t<div class=\"elementor-container elementor-column-gap-no\">\n\t\t\t\t\t<div class=\"elementor-column elementor-col-100 elementor-top-column elementor-element elementor-element-c58f21e\" data-id=\"c58f21e\" data-element_type=\"column\">\n\t\t\t<div class=\"elementor-widget-wrap elementor-element-populated\">\n\t\t\t\t\t\t<div class=\"elementor-element elementor-element-a011832 elementor-arrows-position-inside elementor-pagination-position-outside elementor-widget elementor-widget-image-carousel\" data-id=\"a011832\" data-element_type=\"widget\" data-settings=\"{&quot;slides_to_show&quot;:&quot;4&quot;,&quot;image_spacing_custom&quot;:{&quot;unit&quot;:&quot;px&quot;,&quot;size&quot;:40,&quot;sizes&quot;:[]},&quot;navigation&quot;:&quot;both&quot;,&quot;autoplay&quot;:&quot;yes&quot;,&quot;pause_on_hover&quot;:&quot;yes&quot;,&quot;pause_on_interaction&quot;:&quot;yes&quot;,&quot;autoplay_speed&quot;:5000,&quot;infinite&quot;:&quot;yes&quot;,&quot;speed&quot;:500,&quot;image_spacing_custom_tablet&quot;:{&quot;unit&quot;:&quot;px&quot;,&quot;size&quot;:&quot;&quot;,&quot;sizes&quot;:[]},&quot;image_spacing_custom_mobile&quot;:{&quot;unit&quot;:&quot;px&quot;,&quot;size&quot;:&quot;&quot;,&quot;sizes&quot;:[]}}\" data-widget_type=\"image-carousel.default\">\n\t\t\t\t<div class=\"elementor-widget-container\">\n\t\t\t\t\t<div class=\"elementor-image-carousel-wrapper swiper\" dir=\"ltr\">\n\t\t\t<div class=\"elementor-image-carousel swiper-wrapper\" aria-live=\"off\">\n\t\t\t\t\t\t\t\t<div class=\"swiper-slide\" role=\"group\" aria-roledescription=\"slide\" aria-label=\"1 \/ 5\"><figure class=\"swiper-slide-inner\"><img decoding=\"async\" class=\"swiper-slide-image\" src=\"https:\/\/www.adele-schoenheitssalon.at\/wp-content\/uploads\/2022\/03\/Powder-Augenbrauen.jpg\" alt=\"Powder Augenbrauen\" \/><\/figure><\/div><div class=\"swiper-slide\" role=\"group\" aria-roledescription=\"slide\" aria-label=\"2 \/ 5\"><figure class=\"swiper-slide-inner\"><img decoding=\"async\" class=\"swiper-slide-image\" src=\"https:\/\/www.adele-schoenheitssalon.at\/wp-content\/uploads\/2022\/03\/Mikropigmentierung-Augenbrauen.jpg\" alt=\"Mikropigmentierung Augenbrauen\" \/><\/figure><\/div><div class=\"swiper-slide\" role=\"group\" aria-roledescription=\"slide\" aria-label=\"3 \/ 5\"><figure class=\"swiper-slide-inner\"><img decoding=\"async\" class=\"swiper-slide-image\" src=\"https:\/\/www.adele-schoenheitssalon.at\/wp-content\/uploads\/2022\/03\/Pudertechnik-Augenbrauen.jpg\" alt=\"Pudertechnik Augenbrauen\" \/><\/figure><\/div><div class=\"swiper-slide\" role=\"group\" aria-roledescription=\"slide\" aria-label=\"4 \/ 5\"><figure class=\"swiper-slide-inner\"><img decoding=\"async\" class=\"swiper-slide-image\" src=\"https:\/\/www.adele-schoenheitssalon.at\/wp-content\/uploads\/2022\/03\/Augenbrauen-Powder-Brows.jpg\" alt=\"Augenbrauen Powder Brows\" \/><\/figure><\/div><div class=\"swiper-slide\" role=\"group\" aria-roledescription=\"slide\" aria-label=\"5 \/ 5\"><figure class=\"swiper-slide-inner\"><img decoding=\"async\" class=\"swiper-slide-image\" src=\"https:\/\/www.adele-schoenheitssalon.at\/wp-content\/uploads\/2022\/03\/Augenbrauen-Mikropigmentierung.jpg\" alt=\"Augenbrauen Mikropigmentierung\" \/><\/figure><\/div>\t\t\t<\/div>\n\t\t\t\t\t\t\t\t\t\t\t\t<div class=\"elementor-swiper-button elementor-swiper-button-prev\" role=\"button\" tabindex=\"0\">\n\t\t\t\t\t\t<i aria-hidden=\"true\" class=\"eicon-chevron-left\"><\/i>\t\t\t\t\t<\/div>\n\t\t\t\t\t<div class=\"elementor-swiper-button elementor-swiper-button-next\" role=\"button\" tabindex=\"0\">\n\t\t\t\t\t\t<i aria-hidden=\"true\" class=\"eicon-chevron-right\"><\/i>\t\t\t\t\t<\/div>\n\t\t\t\t\n\t\t\t\t\t\t\t\t\t<div class=\"swiper-pagination\"><\/div>\n\t\t\t\t\t\t\t\t\t<\/div>\n\t\t\t\t<\/div>\n\t\t\t\t<\/div>\n\t\t\t\t\t<\/div>\n\t\t<\/div>\n\t\t\t\t\t<\/div>\n\t\t<\/section>\n\t\t\t\t<section class=\"elementor-section elementor-top-section elementor-element elementor-element-3ab47604 elementor-section-full_width animated-fast elementor-hidden-phone elementor-section-height-default elementor-section-height-default elementor-invisible\" data-id=\"3ab47604\" data-element_type=\"section\" data-settings=\"{&quot;sticky&quot;:&quot;bottom&quot;,&quot;animation&quot;:&quot;slideInUp&quot;,&quot;animation_delay&quot;:200,&quot;background_background&quot;:&quot;classic&quot;,&quot;sticky_on&quot;:[&quot;desktop&quot;,&quot;tablet&quot;,&quot;mobile&quot;],&quot;sticky_offset&quot;:0,&quot;sticky_effects_offset&quot;:0}\">\n\t\t\t\t\t\t<div class=\"elementor-container elementor-column-gap-default\">\n\t\t\t\t\t<div class=\"elementor-column elementor-col-100 elementor-top-column elementor-element elementor-element-3e2b4e49\" data-id=\"3e2b4e49\" data-element_type=\"column\">\n\t\t\t<div class=\"elementor-widget-wrap elementor-element-populated\">\n\t\t\t\t\t\t<div class=\"elementor-element elementor-element-74ab6546 elementor-view-stacked elementor-shape-circle elementor-widget elementor-widget-icon\" data-id=\"74ab6546\" data-element_type=\"widget\" data-settings=\"{&quot;sticky&quot;:&quot;bottom&quot;,&quot;sticky_offset&quot;:30,&quot;sticky_on&quot;:[&quot;desktop&quot;,&quot;tablet&quot;,&quot;mobile&quot;],&quot;sticky_effects_offset&quot;:0}\" data-widget_type=\"icon.default\">\n\t\t\t\t<div class=\"elementor-widget-container\">\n\t\t\t\t\t<div class=\"elementor-icon-wrapper\">\n\t\t\t<a class=\"elementor-icon elementor-animation-grow\" href=\"#top\">\n\t\t\t<i aria-hidden=\"true\" class=\"fas fa-arrow-up\"><\/i>\t\t\t<\/a>\n\t\t<\/div>\n\t\t\t\t<\/div>\n\t\t\t\t<\/div>\n\t\t\t\t\t<\/div>\n\t\t<\/div>\n\t\t\t\t\t<\/div>\n\t\t<\/section>\n\t\t\t\t<\/div>\n\t\t","protected":false},"excerpt":{"rendered":"<p>Pudra Kaslar Viyana Pudra Ka\u015flar Ka\u015f Pudras\u0131 Tekni\u011fi Daha dolgun ka\u015flar ve daha belirgin bir &#8220;makyaj&#8221; g\u00f6r\u00fcn\u00fcm\u00fc tercih ediyorsan\u0131z, Powder Brow do\u011fal ka\u015flar\u0131n g\u00f6r\u00fcn\u00fcm\u00fcn\u00fc taklit eder. Makine ve kal\u0131c\u0131 makyaj teknikleri kullan\u0131larak pigmentler tan\u0131mlanm\u0131\u015f yumu\u015fak bir \u015fekilde cilde uygulan\u0131r. Ka\u015f pudras\u0131 tekni\u011fi ya\u011fl\u0131 ciltler veya seyrek ka\u015flar i\u00e7in m\u00fckemmeldir. Pudra Ka\u015flar Ka\u015f Pudras\u0131 Tekni\u011fi Daha&hellip; <a class=\"more-link\" href=\"https:\/\/www.adele-schoenheitssalon.at\/tr\/pudra-kaslar\/\">Okumaya devam et <span class=\"screen-reader-text\">Pudra Ka\u015flar<\/span><\/a><\/p>\n","protected":false},"author":1,"featured_media":0,"parent":0,"menu_order":0,"comment_status":"closed","ping_status":"closed","template":"elementor_header_footer","meta":{"footnotes":""},"class_list":["post-3844","page","type-page","status-publish","hentry","entry"],"_links":{"self":[{"href":"https:\/\/www.adele-schoenheitssalon.at\/tr\/wp-json\/wp\/v2\/pages\/3844","targetHints":{"allow":["GET"]}}],"collection":[{"href":"https:\/\/www.adele-schoenheitssalon.at\/tr\/wp-json\/wp\/v2\/pages"}],"about":[{"href":"https:\/\/www.adele-schoenheitssalon.at\/tr\/wp-json\/wp\/v2\/types\/page"}],"author":[{"embeddable":true,"href":"https:\/\/www.adele-schoenheitssalon.at\/tr\/wp-json\/wp\/v2\/users\/1"}],"replies":[{"embeddable":true,"href":"https:\/\/www.adele-schoenheitssalon.at\/tr\/wp-json\/wp\/v2\/comments?post=3844"}],"version-history":[{"count":0,"href":"https:\/\/www.adele-schoenheitssalon.at\/tr\/wp-json\/wp\/v2\/pages\/3844\/revisions"}],"wp:attachment":[{"href":"https:\/\/www.adele-schoenheitssalon.at\/tr\/wp-json\/wp\/v2\/media?parent=3844"}],"curies":[{"name":"wp","href":"https:\/\/api.w.org\/{rel}","templated":true}]}}