{"id":3856,"date":"2021-10-08T22:48:19","date_gmt":"2021-10-08T21:48:19","guid":{"rendered":"https:\/\/www.adele-schoenheitssalon.at\/kirpik-kaldirma-viyana\/"},"modified":"2026-03-26T01:28:23","modified_gmt":"2026-03-26T00:28:23","slug":"kirpik-kaldirma-viyana","status":"publish","type":"page","link":"https:\/\/www.adele-schoenheitssalon.at\/tr\/kirpik-kaldirma-viyana\/","title":{"rendered":"Kirpik Kald\u0131rma Viyana"},"content":{"rendered":"\t\t<div data-elementor-type=\"wp-page\" data-elementor-id=\"3856\" class=\"elementor elementor-3856 elementor-449\" data-elementor-post-type=\"page\">\n\t\t\t\t\t\t<section class=\"elementor-section elementor-top-section elementor-element elementor-element-79cd1232 elementor-section-boxed elementor-section-height-default elementor-section-height-default\" data-id=\"79cd1232\" data-element_type=\"section\">\n\t\t\t\t\t\t<div class=\"elementor-container elementor-column-gap-default\">\n\t\t\t\t\t<div class=\"elementor-column elementor-col-100 elementor-top-column elementor-element elementor-element-5f4f4f5f\" data-id=\"5f4f4f5f\" data-element_type=\"column\">\n\t\t\t<div class=\"elementor-widget-wrap elementor-element-populated\">\n\t\t\t\t\t\t<div class=\"elementor-element elementor-element-5496654a elementor-widget elementor-widget-heading\" data-id=\"5496654a\" data-element_type=\"widget\" data-widget_type=\"heading.default\">\n\t\t\t\t<div class=\"elementor-widget-container\">\n\t\t\t<h1 class=\"elementor-heading-title elementor-size-default\">Kirpik Kald\u0131rma Viyana<\/h1>\t\t<\/div>\n\t\t\t\t<\/div>\n\t\t\t\t<div class=\"elementor-element elementor-element-f2a4a45 elementor-widget elementor-widget-text-editor\" data-id=\"f2a4a45\" data-element_type=\"widget\" data-widget_type=\"text-editor.default\">\n\t\t\t\t<div class=\"elementor-widget-container\">\n\t\t\t\t\t\t\t&#8220;Takma&#8221; kirpiklerin panzehiri &#8211; kirpikler i\u00e7in devrim niteli\u011finde bir yol\nHacim yaratmak veya Kirpikleri yumu\u015fatmak i\u00e7in.\t\t\t\t\t\t<\/div>\n\t\t\t\t<\/div>\n\t\t\t\t\t<\/div>\n\t\t<\/div>\n\t\t\t\t\t<\/div>\n\t\t<\/section>\n\t\t\t\t<section class=\"elementor-section elementor-top-section elementor-element elementor-element-45248bc6 elementor-section-full_width elementor-section-content-top elementor-section-stretched elementor-section-height-default elementor-section-height-default\" data-id=\"45248bc6\" data-element_type=\"section\" data-settings=\"{&quot;background_background&quot;:&quot;classic&quot;,&quot;stretch_section&quot;:&quot;section-stretched&quot;}\">\n\t\t\t\t\t\t<div class=\"elementor-container elementor-column-gap-default\">\n\t\t\t\t\t<div class=\"elementor-column elementor-col-100 elementor-top-column elementor-element elementor-element-4193a\" data-id=\"4193a\" data-element_type=\"column\" data-settings=\"{&quot;background_background&quot;:&quot;classic&quot;}\">\n\t\t\t<div class=\"elementor-widget-wrap elementor-element-populated\">\n\t\t\t\t\t\t<div class=\"elementor-element elementor-element-5163709 elementor-widget elementor-widget-image\" data-id=\"5163709\" data-element_type=\"widget\" data-widget_type=\"image.default\">\n\t\t\t\t<div class=\"elementor-widget-container\">\n\t\t\t\t\t\t\t\t\t\t\t\t\t<img fetchpriority=\"high\" decoding=\"async\" width=\"1920\" height=\"619\" src=\"https:\/\/www.adele-schoenheitssalon.at\/wp-content\/uploads\/2021\/11\/Wimpernlifting-Wien.jpg\" class=\"attachment-full size-full wp-image-1444\" alt=\"Wimpernlifting Wien, Wimpernlifting, Lash Lifting Wien, Lash Lifting\" srcset=\"https:\/\/www.adele-schoenheitssalon.at\/wp-content\/uploads\/2021\/11\/Wimpernlifting-Wien.jpg 1920w, https:\/\/www.adele-schoenheitssalon.at\/wp-content\/uploads\/2021\/11\/Wimpernlifting-Wien-300x97.jpg 300w, https:\/\/www.adele-schoenheitssalon.at\/wp-content\/uploads\/2021\/11\/Wimpernlifting-Wien-1024x330.jpg 1024w, https:\/\/www.adele-schoenheitssalon.at\/wp-content\/uploads\/2021\/11\/Wimpernlifting-Wien-768x248.jpg 768w, https:\/\/www.adele-schoenheitssalon.at\/wp-content\/uploads\/2021\/11\/Wimpernlifting-Wien-1536x495.jpg 1536w, https:\/\/www.adele-schoenheitssalon.at\/wp-content\/uploads\/2021\/11\/Wimpernlifting-Wien-1568x506.jpg 1568w, https:\/\/www.adele-schoenheitssalon.at\/wp-content\/uploads\/2021\/11\/Wimpernlifting-Wien-600x193.jpg 600w\" sizes=\"(max-width: 1920px) 100vw, 1920px\" style=\"width:100%;height:32.24%;max-width:1920px\" \/>\t\t\t\t\t\t\t\t\t\t\t\t\t<\/div>\n\t\t\t\t<\/div>\n\t\t\t\t\t<\/div>\n\t\t<\/div>\n\t\t\t\t\t<\/div>\n\t\t<\/section>\n\t\t\t\t<section class=\"elementor-section elementor-top-section elementor-element elementor-element-12e5fddb elementor-section-boxed elementor-section-height-default elementor-section-height-default\" data-id=\"12e5fddb\" data-element_type=\"section\" data-settings=\"{&quot;background_background&quot;:&quot;classic&quot;}\">\n\t\t\t\t\t\t<div class=\"elementor-container elementor-column-gap-default\">\n\t\t\t\t\t<div class=\"elementor-column elementor-col-50 elementor-top-column elementor-element elementor-element-5267e850\" data-id=\"5267e850\" data-element_type=\"column\">\n\t\t\t<div class=\"elementor-widget-wrap elementor-element-populated\">\n\t\t\t\t\t\t<div class=\"elementor-element elementor-element-3a6998c3 elementor-widget elementor-widget-heading\" data-id=\"3a6998c3\" data-element_type=\"widget\" data-widget_type=\"heading.default\">\n\t\t\t\t<div class=\"elementor-widget-container\">\n\t\t\t<h3 class=\"elementor-heading-title elementor-size-default\">Basit bir kirpik kald\u0131rma ile d\u00fcnyalar kadar fark<\/h3>\t\t<\/div>\n\t\t\t\t<\/div>\n\t\t\t\t<div class=\"elementor-element elementor-element-51296d67 elementor-widget elementor-widget-text-editor\" data-id=\"51296d67\" data-element_type=\"widget\" data-widget_type=\"text-editor.default\">\n\t\t\t\t<div class=\"elementor-widget-container\">\n\t\t\t\t\t\t\t<p>Lash Lifting, hi\u00e7 \u00e7aba harcamadan g\u00fczel k\u0131vr\u0131ml\u0131 kirpikler isteyenler i\u00e7in m\u00fckemmel bir se\u00e7enektir. Kirpik kald\u0131rma, g\u00f6zlerinize ekstra vay etkisi vermek i\u00e7in ihtiyac\u0131n\u0131z olan \u015feydir! Misafirlerimiz buna bay\u0131l\u0131yor \u00e7\u00fcnk\u00fc hayat\u0131 kolayla\u015ft\u0131r\u0131yor. <strong>ADELE G\u00fczellik Salonu<\/strong> &#8216;ndaki Lash Lifting ile sekiz haftaya kadar her sabah m\u00fckemmel k\u0131vr\u0131ml\u0131 kirpiklerle uyanacaks\u0131n\u0131z. Basit ve g\u00fczel &#8211; kirpik kald\u0131rma, ihtiyac\u0131n\u0131z olan canland\u0131r\u0131c\u0131d\u0131r. Kozmetik st\u00fcdyomuz, uzun ve zarif kirpikler sa\u011flayan <strong>Lash Lift Vienna<\/strong> i\u00e7in en iyi yerdir.<\/p>\n\t\t\t\t\t\t<\/div>\n\t\t\t\t<\/div>\n\t\t\t\t\t<\/div>\n\t\t<\/div>\n\t\t\t\t<div class=\"elementor-column elementor-col-50 elementor-top-column elementor-element elementor-element-1c43485a\" data-id=\"1c43485a\" data-element_type=\"column\">\n\t\t\t<div class=\"elementor-widget-wrap elementor-element-populated\">\n\t\t\t\t\t\t<div class=\"elementor-element elementor-element-f916c33 elementor-widget elementor-widget-image\" data-id=\"f916c33\" data-element_type=\"widget\" data-widget_type=\"image.default\">\n\t\t\t\t<div class=\"elementor-widget-container\">\n\t\t\t\t\t\t\t\t\t\t\t\t\t<img decoding=\"async\" width=\"750\" height=\"500\" src=\"https:\/\/www.adele-schoenheitssalon.at\/wp-content\/uploads\/2021\/11\/Lash-Lifting-1024x683.jpg\" class=\"attachment-large size-large wp-image-1458\" alt=\"Lash Lifting\" srcset=\"https:\/\/www.adele-schoenheitssalon.at\/wp-content\/uploads\/2021\/11\/Lash-Lifting-1024x683.jpg 1024w, https:\/\/www.adele-schoenheitssalon.at\/wp-content\/uploads\/2021\/11\/Lash-Lifting-300x200.jpg 300w, https:\/\/www.adele-schoenheitssalon.at\/wp-content\/uploads\/2021\/11\/Lash-Lifting-768x512.jpg 768w, https:\/\/www.adele-schoenheitssalon.at\/wp-content\/uploads\/2021\/11\/Lash-Lifting-600x400.jpg 600w, https:\/\/www.adele-schoenheitssalon.at\/wp-content\/uploads\/2021\/11\/Lash-Lifting.jpg 1200w\" sizes=\"(max-width: 750px) 100vw, 750px\" style=\"width:100%;height:66.67%;max-width:1200px\" \/>\t\t\t\t\t\t\t\t\t\t\t\t\t<\/div>\n\t\t\t\t<\/div>\n\t\t\t\t\t<\/div>\n\t\t<\/div>\n\t\t\t\t\t<\/div>\n\t\t<\/section>\n\t\t\t\t<section class=\"elementor-section elementor-top-section elementor-element elementor-element-9c84f28 elementor-section-boxed elementor-section-height-default elementor-section-height-default\" data-id=\"9c84f28\" data-element_type=\"section\" data-settings=\"{&quot;background_background&quot;:&quot;classic&quot;}\">\n\t\t\t\t\t\t<div class=\"elementor-container elementor-column-gap-default\">\n\t\t\t\t\t<div class=\"elementor-column elementor-col-50 elementor-top-column elementor-element elementor-element-5f065df\" data-id=\"5f065df\" data-element_type=\"column\">\n\t\t\t<div class=\"elementor-widget-wrap elementor-element-populated\">\n\t\t\t\t\t\t<div class=\"elementor-element elementor-element-bf438d3 elementor-widget elementor-widget-image\" data-id=\"bf438d3\" data-element_type=\"widget\" data-widget_type=\"image.default\">\n\t\t\t\t<div class=\"elementor-widget-container\">\n\t\t\t\t\t\t\t\t\t\t\t\t\t<img decoding=\"async\" width=\"750\" height=\"500\" src=\"https:\/\/www.adele-schoenheitssalon.at\/wp-content\/uploads\/2021\/11\/Wimpernlifting-1024x683.jpg\" class=\"attachment-large size-large wp-image-1466\" alt=\"Wimpernlifting\" srcset=\"https:\/\/www.adele-schoenheitssalon.at\/wp-content\/uploads\/2021\/11\/Wimpernlifting-1024x683.jpg 1024w, https:\/\/www.adele-schoenheitssalon.at\/wp-content\/uploads\/2021\/11\/Wimpernlifting-300x200.jpg 300w, https:\/\/www.adele-schoenheitssalon.at\/wp-content\/uploads\/2021\/11\/Wimpernlifting-768x512.jpg 768w, https:\/\/www.adele-schoenheitssalon.at\/wp-content\/uploads\/2021\/11\/Wimpernlifting-600x400.jpg 600w, https:\/\/www.adele-schoenheitssalon.at\/wp-content\/uploads\/2021\/11\/Wimpernlifting.jpg 1200w\" sizes=\"(max-width: 750px) 100vw, 750px\" style=\"width:100%;height:66.67%;max-width:1200px\" \/>\t\t\t\t\t\t\t\t\t\t\t\t\t<\/div>\n\t\t\t\t<\/div>\n\t\t\t\t\t<\/div>\n\t\t<\/div>\n\t\t\t\t<div class=\"elementor-column elementor-col-50 elementor-top-column elementor-element elementor-element-a762c25\" data-id=\"a762c25\" data-element_type=\"column\">\n\t\t\t<div class=\"elementor-widget-wrap elementor-element-populated\">\n\t\t\t\t\t\t<div class=\"elementor-element elementor-element-cdd5bca elementor-widget elementor-widget-heading\" data-id=\"cdd5bca\" data-element_type=\"widget\" data-widget_type=\"heading.default\">\n\t\t\t\t<div class=\"elementor-widget-container\">\n\t\t\t<h2 class=\"elementor-heading-title elementor-size-default\">Kirpik kald\u0131rma nedir?<\/h2>\t\t<\/div>\n\t\t\t\t<\/div>\n\t\t\t\t<div class=\"elementor-element elementor-element-95d4f79 elementor-widget elementor-widget-text-editor\" data-id=\"95d4f79\" data-element_type=\"widget\" data-widget_type=\"text-editor.default\">\n\t\t\t\t<div class=\"elementor-widget-container\">\n\t\t\t\t\t\t\t<p>Kirpik lifti olarak da adland\u0131r\u0131lan kirpik <strong>lifti<\/strong>, d\u00fcz kirpiklerinizi al\u0131r ve <strong>sekiz haftaya kadar<\/strong> kal\u0131c\u0131 &#8220;kirpik dalgalar\u0131na&#8221; d\u00f6n\u00fc\u015ft\u00fcr\u00fcr! Do\u011fal kirpikleriniz i\u00e7in m\u00fckemmel, g\u00fcvenli, bireysel dalgay\u0131 elde etmek i\u00e7in yaln\u0131zca en kaliteli malzemeleri ve \u00fcr\u00fcnleri kullan\u0131yoruz. G\u00f6z \u015feklinize ve di\u011fer y\u00fcz \u00f6zelliklerinize en uygun e\u011frili\u011fi se\u00e7menize yard\u0131mc\u0131 olaca\u011f\u0131z. Daha sonra kirpiklerinizi \u00e7ubu\u011fa yap\u0131\u015ft\u0131rmak ve dalgay\u0131 yerinde tutmak i\u00e7in yumu\u015fak bir yap\u0131\u015ft\u0131r\u0131c\u0131 kullan\u0131yoruz. Perma gibi, tek fark\u0131 kirpikleriniz i\u00e7in olmas\u0131. T\u00fcm s\u00fcre\u00e7 bir saatten az s\u00fcr\u00fcyor!<\/p>\n<p>Kirpik <strong>liftingi<\/strong> genellikle <strong>kirpik renklendirme<\/strong> ile birle\u015ftirilir<\/p>\n\t\t\t\t\t\t<\/div>\n\t\t\t\t<\/div>\n\t\t\t\t\t<\/div>\n\t\t<\/div>\n\t\t\t\t\t<\/div>\n\t\t<\/section>\n\t\t\t\t<section class=\"elementor-section elementor-top-section elementor-element elementor-element-9011203 elementor-section-height-min-height elementor-section-boxed elementor-section-height-default elementor-section-items-middle\" data-id=\"9011203\" data-element_type=\"section\" data-settings=\"{&quot;background_background&quot;:&quot;classic&quot;,&quot;background_motion_fx_motion_fx_scrolling&quot;:&quot;yes&quot;,&quot;background_motion_fx_translateY_effect&quot;:&quot;yes&quot;,&quot;background_motion_fx_translateY_speed&quot;:{&quot;unit&quot;:&quot;px&quot;,&quot;size&quot;:7.7,&quot;sizes&quot;:[]},&quot;background_motion_fx_translateY_affectedRange&quot;:{&quot;unit&quot;:&quot;%&quot;,&quot;size&quot;:&quot;&quot;,&quot;sizes&quot;:{&quot;start&quot;:0,&quot;end&quot;:100}},&quot;background_motion_fx_devices&quot;:[&quot;desktop&quot;,&quot;tablet&quot;,&quot;mobile&quot;]}\">\n\t\t\t\t\t\t<div class=\"elementor-container elementor-column-gap-wide\">\n\t\t\t\t\t<div class=\"elementor-column elementor-col-100 elementor-top-column elementor-element elementor-element-377fd36\" data-id=\"377fd36\" data-element_type=\"column\">\n\t\t\t<div class=\"elementor-widget-wrap elementor-element-populated\">\n\t\t\t\t\t\t<div class=\"elementor-element elementor-element-3d062a10 elementor-widget elementor-widget-heading\" data-id=\"3d062a10\" data-element_type=\"widget\" data-widget_type=\"heading.default\">\n\t\t\t\t<div class=\"elementor-widget-container\">\n\t\t\t<h2 class=\"elementor-heading-title elementor-size-default\">Kirpik Kald\u0131rma Viyana<\/h2>\t\t<\/div>\n\t\t\t\t<\/div>\n\t\t\t\t<div class=\"elementor-element elementor-element-1e6d5a7b elementor-widget elementor-widget-heading\" data-id=\"1e6d5a7b\" data-element_type=\"widget\" data-widget_type=\"heading.default\">\n\t\t\t\t<div class=\"elementor-widget-container\">\n\t\t\t<h2 class=\"elementor-heading-title elementor-size-default\">Bug\u00fcn randevu al\u0131n<\/h2>\t\t<\/div>\n\t\t\t\t<\/div>\n\t\t\t\t<div class=\"elementor-element elementor-element-729b9f14 elementor-widget-divider--view-line elementor-widget elementor-widget-divider\" data-id=\"729b9f14\" data-element_type=\"widget\" data-widget_type=\"divider.default\">\n\t\t\t\t<div class=\"elementor-widget-container\">\n\t\t\t\t\t<div class=\"elementor-divider\">\n\t\t\t<span class=\"elementor-divider-separator\">\n\t\t\t\t\t\t<\/span>\n\t\t<\/div>\n\t\t\t\t<\/div>\n\t\t\t\t<\/div>\n\t\t\t\t<section class=\"elementor-section elementor-inner-section elementor-element elementor-element-6e8d7295 elementor-section-content-middle elementor-section-boxed elementor-section-height-default elementor-section-height-default\" data-id=\"6e8d7295\" data-element_type=\"section\">\n\t\t\t\t\t\t<div class=\"elementor-container elementor-column-gap-wider\">\n\t\t\t\t\t<div class=\"elementor-column elementor-col-100 elementor-inner-column elementor-element elementor-element-2e079879\" data-id=\"2e079879\" data-element_type=\"column\">\n\t\t\t<div class=\"elementor-widget-wrap elementor-element-populated\">\n\t\t\t\t\t\t<div class=\"elementor-element elementor-element-42f70ed5 elementor-widget elementor-widget-text-editor\" data-id=\"42f70ed5\" data-element_type=\"widget\" data-widget_type=\"text-editor.default\">\n\t\t\t\t<div class=\"elementor-widget-container\">\n\t\t\t\t\t\t\t<p style=\"text-align: center;\">Kirpik liftinginin sizin i\u00e7in uygun olup olmad\u0131\u011f\u0131 konusunda herhangi bir sorunuz varsa, bizi araman\u0131z yeterlidir. Size tavsiyelerde bulunmaktan ve m\u00fckemmel g\u00f6r\u00fcn\u00fcm\u00fc elde etmenize yard\u0131mc\u0131 olmaktan mutluluk duyar\u0131z.<\/p>\n\t\t\t\t\t\t<\/div>\n\t\t\t\t<\/div>\n\t\t\t\t<div class=\"elementor-element elementor-element-8ae5ed0 elementor-align-center elementor-widget elementor-widget-button\" data-id=\"8ae5ed0\" data-element_type=\"widget\" data-widget_type=\"button.default\">\n\t\t\t\t<div class=\"elementor-widget-container\">\n\t\t\t\t\t<div class=\"elementor-button-wrapper\">\n\t\t\t<a class=\"elementor-button elementor-button-link elementor-size-sm\" href=\"https:\/\/www.adele-schoenheitssalon.at\/tr\/rezervasyon\/\">\n\t\t\t\t\t\t<span class=\"elementor-button-content-wrapper\">\n\t\t\t\t\t\t\t\t\t<span class=\"elementor-button-text\">Randevu al\u0131n<\/span>\n\t\t\t\t\t<\/span>\n\t\t\t\t\t<\/a>\n\t\t<\/div>\n\t\t\t\t<\/div>\n\t\t\t\t<\/div>\n\t\t\t\t\t<\/div>\n\t\t<\/div>\n\t\t\t\t\t<\/div>\n\t\t<\/section>\n\t\t\t\t\t<\/div>\n\t\t<\/div>\n\t\t\t\t\t<\/div>\n\t\t<\/section>\n\t\t\t\t<section class=\"elementor-section elementor-top-section elementor-element elementor-element-3486e06 elementor-section-boxed elementor-section-height-default elementor-section-height-default\" data-id=\"3486e06\" data-element_type=\"section\" data-settings=\"{&quot;background_background&quot;:&quot;classic&quot;}\">\n\t\t\t\t\t\t<div class=\"elementor-container elementor-column-gap-default\">\n\t\t\t\t\t<div class=\"elementor-column elementor-col-50 elementor-top-column elementor-element elementor-element-f38a518\" data-id=\"f38a518\" data-element_type=\"column\">\n\t\t\t<div class=\"elementor-widget-wrap elementor-element-populated\">\n\t\t\t\t\t\t<div class=\"elementor-element elementor-element-6d52d8a elementor-widget elementor-widget-heading\" data-id=\"6d52d8a\" data-element_type=\"widget\" data-widget_type=\"heading.default\">\n\t\t\t\t<div class=\"elementor-widget-container\">\n\t\t\t<h3 class=\"elementor-heading-title elementor-size-default\">Lash Lifting nas\u0131l \u00e7al\u0131\u015f\u0131r?<\/h3>\t\t<\/div>\n\t\t\t\t<\/div>\n\t\t\t\t<div class=\"elementor-element elementor-element-b9ef64c elementor-widget elementor-widget-text-editor\" data-id=\"b9ef64c\" data-element_type=\"widget\" data-widget_type=\"text-editor.default\">\n\t\t\t\t<div class=\"elementor-widget-container\">\n\t\t\t\t\t\t\t<p> <strong>Kirpik kald\u0131rma i\u015fleminde, kirpiklerin<\/strong> perma sol\u00fcsyonu ile kald\u0131r\u0131ld\u0131\u011f\u0131 \u00f6zel olarak uyarlanm\u0131\u015f bir silikon ped kullan\u0131l\u0131r. Bu kirpikleri k\u00f6k\u00fcnden kald\u0131r\u0131r, daha uzun g\u00f6r\u00fcnmelerini sa\u011flar ve g\u00f6z\u00fc daha iyi \u00e7er\u00e7eveler. Sonu\u00e7, g\u00f6zleri a\u00e7an kirpiklere ince, do\u011fal g\u00f6r\u00fcn\u00fcml\u00fc bir k\u0131vr\u0131md\u0131r. Uygulama genellikle 30 dakika ile bir saat aras\u0131nda s\u00fcrer. Ayr\u0131ca, i\u015flem hi\u00e7 ac\u0131tmaz, hatta bir\u00e7ok ki\u015fi bunu rahatlat\u0131c\u0131 bulur! Sonu\u00e7lar 6-8 hafta aras\u0131nda s\u00fcrer ve bu s\u00fcre zarf\u0131nda <strong>kirpik kald\u0131rma tedavisi <\/strong>size g\u00fczellik konforu sa\u011flar.<\/p>\n\t\t\t\t\t\t<\/div>\n\t\t\t\t<\/div>\n\t\t\t\t\t<\/div>\n\t\t<\/div>\n\t\t\t\t<div class=\"elementor-column elementor-col-50 elementor-top-column elementor-element elementor-element-69067c9\" data-id=\"69067c9\" data-element_type=\"column\">\n\t\t\t<div class=\"elementor-widget-wrap elementor-element-populated\">\n\t\t\t\t\t\t<div class=\"elementor-element elementor-element-8da03ed elementor-widget elementor-widget-image\" data-id=\"8da03ed\" data-element_type=\"widget\" data-widget_type=\"image.default\">\n\t\t\t\t<div class=\"elementor-widget-container\">\n\t\t\t\t\t\t\t\t\t\t\t\t\t<img loading=\"lazy\" decoding=\"async\" width=\"750\" height=\"500\" src=\"https:\/\/www.adele-schoenheitssalon.at\/wp-content\/uploads\/2021\/11\/Lash-Lifting-Wien-1024x683.jpg\" class=\"attachment-large size-large wp-image-1475\" alt=\"Lash Lifting Wien\" srcset=\"https:\/\/www.adele-schoenheitssalon.at\/wp-content\/uploads\/2021\/11\/Lash-Lifting-Wien-1024x683.jpg 1024w, https:\/\/www.adele-schoenheitssalon.at\/wp-content\/uploads\/2021\/11\/Lash-Lifting-Wien-300x200.jpg 300w, https:\/\/www.adele-schoenheitssalon.at\/wp-content\/uploads\/2021\/11\/Lash-Lifting-Wien-768x512.jpg 768w, https:\/\/www.adele-schoenheitssalon.at\/wp-content\/uploads\/2021\/11\/Lash-Lifting-Wien-600x400.jpg 600w, https:\/\/www.adele-schoenheitssalon.at\/wp-content\/uploads\/2021\/11\/Lash-Lifting-Wien.jpg 1200w\" sizes=\"(max-width: 750px) 100vw, 750px\" style=\"width:100%;height:66.67%;max-width:1200px\" \/>\t\t\t\t\t\t\t\t\t\t\t\t\t<\/div>\n\t\t\t\t<\/div>\n\t\t\t\t\t<\/div>\n\t\t<\/div>\n\t\t\t\t\t<\/div>\n\t\t<\/section>\n\t\t\t\t<section class=\"elementor-section elementor-top-section elementor-element elementor-element-de0e796 elementor-section-boxed elementor-section-height-default elementor-section-height-default\" data-id=\"de0e796\" data-element_type=\"section\" data-settings=\"{&quot;background_background&quot;:&quot;classic&quot;}\">\n\t\t\t\t\t\t<div class=\"elementor-container elementor-column-gap-default\">\n\t\t\t\t\t<div class=\"elementor-column elementor-col-50 elementor-top-column elementor-element elementor-element-cf0e205\" data-id=\"cf0e205\" data-element_type=\"column\">\n\t\t\t<div class=\"elementor-widget-wrap elementor-element-populated\">\n\t\t\t\t\t\t<div class=\"elementor-element elementor-element-1eabc6b elementor-widget elementor-widget-image\" data-id=\"1eabc6b\" data-element_type=\"widget\" data-widget_type=\"image.default\">\n\t\t\t\t<div class=\"elementor-widget-container\">\n\t\t\t\t\t\t\t\t\t\t\t\t\t<img loading=\"lazy\" decoding=\"async\" width=\"750\" height=\"500\" src=\"https:\/\/www.adele-schoenheitssalon.at\/wp-content\/uploads\/2021\/11\/Wimpernlifting-1090-1024x683.jpg\" class=\"attachment-large size-large wp-image-1481\" alt=\"\" srcset=\"https:\/\/www.adele-schoenheitssalon.at\/wp-content\/uploads\/2021\/11\/Wimpernlifting-1090-1024x683.jpg 1024w, https:\/\/www.adele-schoenheitssalon.at\/wp-content\/uploads\/2021\/11\/Wimpernlifting-1090-300x200.jpg 300w, https:\/\/www.adele-schoenheitssalon.at\/wp-content\/uploads\/2021\/11\/Wimpernlifting-1090-768x512.jpg 768w, https:\/\/www.adele-schoenheitssalon.at\/wp-content\/uploads\/2021\/11\/Wimpernlifting-1090-600x400.jpg 600w, https:\/\/www.adele-schoenheitssalon.at\/wp-content\/uploads\/2021\/11\/Wimpernlifting-1090.jpg 1200w\" sizes=\"(max-width: 750px) 100vw, 750px\" style=\"width:100%;height:66.67%;max-width:1200px\" \/>\t\t\t\t\t\t\t\t\t\t\t\t\t<\/div>\n\t\t\t\t<\/div>\n\t\t\t\t\t<\/div>\n\t\t<\/div>\n\t\t\t\t<div class=\"elementor-column elementor-col-50 elementor-top-column elementor-element elementor-element-5cec32c\" data-id=\"5cec32c\" data-element_type=\"column\">\n\t\t\t<div class=\"elementor-widget-wrap elementor-element-populated\">\n\t\t\t\t\t\t<div class=\"elementor-element elementor-element-a79433d elementor-widget elementor-widget-heading\" data-id=\"a79433d\" data-element_type=\"widget\" data-widget_type=\"heading.default\">\n\t\t\t\t<div class=\"elementor-widget-container\">\n\t\t\t<h2 class=\"elementor-heading-title elementor-size-default\">Bak\u0131m Sonras\u0131<\/h2>\t\t<\/div>\n\t\t\t\t<\/div>\n\t\t\t\t<div class=\"elementor-element elementor-element-a8807d9 elementor-widget elementor-widget-text-editor\" data-id=\"a8807d9\" data-element_type=\"widget\" data-widget_type=\"text-editor.default\">\n\t\t\t\t<div class=\"elementor-widget-container\">\n\t\t\t\t\t\t\t<p>Kirpik <strong>kald\u0131rma<\/strong> i\u015fleminden sonraki ilk 24 saat boyunca kirpiklerinize \u00fcr\u00fcn s\u00fcrmekten ka\u00e7\u0131nmal\u0131s\u0131n\u0131z. Buna maskara da dahildir. Bu nedenle makyaj yap\u0131lmamal\u0131d\u0131r. Kirpikler ayr\u0131ca ilk 24 saat boyunca kuru tutulmal\u0131d\u0131r. Bu y\u00fczden onlar\u0131 \u0131slatmamaya \u00e7al\u0131\u015f\u0131n ki momentumlar\u0131n\u0131 kaybetmesinler. Ayr\u0131ca, kirpiklerinize nazik davran\u0131n ve \u00e7ok fazla ovalamamaya \u00e7al\u0131\u015f\u0131n. T\u00fcm bunlar kirpiklerinizin m\u00fcmk\u00fcn oldu\u011funca uzun s\u00fcre k\u0131vr\u0131k kalmas\u0131n\u0131 sa\u011flamak i\u00e7in!<\/p>\n\t\t\t\t\t\t<\/div>\n\t\t\t\t<\/div>\n\t\t\t\t\t<\/div>\n\t\t<\/div>\n\t\t\t\t\t<\/div>\n\t\t<\/section>\n\t\t\t\t<section class=\"elementor-section elementor-top-section elementor-element elementor-element-2b012c5 elementor-section-boxed elementor-section-height-default elementor-section-height-default\" data-id=\"2b012c5\" data-element_type=\"section\" data-settings=\"{&quot;background_background&quot;:&quot;classic&quot;}\">\n\t\t\t\t\t\t<div class=\"elementor-container elementor-column-gap-default\">\n\t\t\t\t\t<div class=\"elementor-column elementor-col-100 elementor-top-column elementor-element elementor-element-623ccf4\" data-id=\"623ccf4\" data-element_type=\"column\">\n\t\t\t<div class=\"elementor-widget-wrap elementor-element-populated\">\n\t\t\t\t\t\t<div class=\"elementor-element elementor-element-6c84b2f elementor-widget elementor-widget-heading\" data-id=\"6c84b2f\" data-element_type=\"widget\" data-widget_type=\"heading.default\">\n\t\t\t\t<div class=\"elementor-widget-container\">\n\t\t\t<h3 class=\"elementor-heading-title elementor-size-default\">Kirpik Liftinginin Avantajlar\u0131<\/h3>\t\t<\/div>\n\t\t\t\t<\/div>\n\t\t\t\t<div class=\"elementor-element elementor-element-a7c4839 elementor-icon-list--layout-traditional elementor-list-item-link-full_width elementor-widget elementor-widget-icon-list\" data-id=\"a7c4839\" data-element_type=\"widget\" data-widget_type=\"icon-list.default\">\n\t\t\t\t<div class=\"elementor-widget-container\">\n\t\t\t\t\t<ul class=\"elementor-icon-list-items\">\n\t\t\t\t\t\t\t<li class=\"elementor-icon-list-item\">\n\t\t\t\t\t\t\t\t\t\t\t<span class=\"elementor-icon-list-icon\">\n\t\t\t\t\t\t\t<i aria-hidden=\"true\" class=\"fas fa-check\"><\/i>\t\t\t\t\t\t<\/span>\n\t\t\t\t\t\t\t\t\t\t<span class=\"elementor-icon-list-text\">D\u00fcz kirpiklere \u00e7ekici bir k\u0131vr\u0131m verir<\/span>\n\t\t\t\t\t\t\t\t\t<\/li>\n\t\t\t\t\t\t\t\t<li class=\"elementor-icon-list-item\">\n\t\t\t\t\t\t\t\t\t\t\t<span class=\"elementor-icon-list-icon\">\n\t\t\t\t\t\t\t<i aria-hidden=\"true\" class=\"fas fa-check\"><\/i>\t\t\t\t\t\t<\/span>\n\t\t\t\t\t\t\t\t\t\t<span class=\"elementor-icon-list-text\">D\u00fcz kirpikleri kirpik uzatma i\u00e7in daha iyi haz\u0131rlar<\/span>\n\t\t\t\t\t\t\t\t\t<\/li>\n\t\t\t\t\t\t\t\t<li class=\"elementor-icon-list-item\">\n\t\t\t\t\t\t\t\t\t\t\t<span class=\"elementor-icon-list-icon\">\n\t\t\t\t\t\t\t<i aria-hidden=\"true\" class=\"fas fa-check\"><\/i>\t\t\t\t\t\t<\/span>\n\t\t\t\t\t\t\t\t\t\t<span class=\"elementor-icon-list-text\">G\u00f6z \u00e7evresinin elastikiyetinin azalmas\u0131 nedeniyle kirpikleri sarkabilen olgun m\u00fc\u015fteriler i\u00e7in g\u00f6zleri g\u00f6rsel olarak a\u00e7ar<\/span>\n\t\t\t\t\t\t\t\t\t<\/li>\n\t\t\t\t\t\t\t\t<li class=\"elementor-icon-list-item\">\n\t\t\t\t\t\t\t\t\t\t\t<span class=\"elementor-icon-list-icon\">\n\t\t\t\t\t\t\t<i aria-hidden=\"true\" class=\"fas fa-check\"><\/i>\t\t\t\t\t\t<\/span>\n\t\t\t\t\t\t\t\t\t\t<span class=\"elementor-icon-list-text\">Kirpiklerin g\u00f6zl\u00fck veya g\u00f6zl\u00fc\u011f\u00fcn arkas\u0131na bask\u0131 yapmas\u0131n\u0131 \u00f6nler<\/span>\n\t\t\t\t\t\t\t\t\t<\/li>\n\t\t\t\t\t\t\t\t<li class=\"elementor-icon-list-item\">\n\t\t\t\t\t\t\t\t\t\t\t<span class=\"elementor-icon-list-icon\">\n\t\t\t\t\t\t\t<i aria-hidden=\"true\" class=\"fas fa-check\"><\/i>\t\t\t\t\t\t<\/span>\n\t\t\t\t\t\t\t\t\t\t<span class=\"elementor-icon-list-text\">Kirpikleri \u0131s\u0131tmal\u0131 veya kelep\u00e7eli kirpik k\u0131v\u0131r\u0131c\u0131 ile k\u0131v\u0131rma ihtiyac\u0131n\u0131 ortadan kald\u0131rarak zamandan ve emekten tasarruf sa\u011flar<\/span>\n\t\t\t\t\t\t\t\t\t<\/li>\n\t\t\t\t\t\t\t\t<li class=\"elementor-icon-list-item\">\n\t\t\t\t\t\t\t\t\t\t\t<span class=\"elementor-icon-list-icon\">\n\t\t\t\t\t\t\t<i aria-hidden=\"true\" class=\"fas fa-check\"><\/i>\t\t\t\t\t\t<\/span>\n\t\t\t\t\t\t\t\t\t\t<span class=\"elementor-icon-list-text\">Renklendirmeden \u00f6nce kirpik liftingi yap\u0131ld\u0131ysa, kirpik renklendirmenin etkisini ve uzun \u00f6m\u00fcrl\u00fcl\u00fc\u011f\u00fcn\u00fc art\u0131r\u0131r<\/span>\n\t\t\t\t\t\t\t\t\t<\/li>\n\t\t\t\t\t\t\t\t<li class=\"elementor-icon-list-item\">\n\t\t\t\t\t\t\t\t\t\t\t<span class=\"elementor-icon-list-icon\">\n\t\t\t\t\t\t\t<i aria-hidden=\"true\" class=\"fas fa-check\"><\/i>\t\t\t\t\t\t<\/span>\n\t\t\t\t\t\t\t\t\t\t<span class=\"elementor-icon-list-text\">Kirpikleri maskara olmadan s\u00fcsler, tatiller ve her g\u00fcn i\u00e7in m\u00fckemmeldir<\/span>\n\t\t\t\t\t\t\t\t\t<\/li>\n\t\t\t\t\t\t\t\t<li class=\"elementor-icon-list-item\">\n\t\t\t\t\t\t\t\t\t\t\t<span class=\"elementor-icon-list-icon\">\n\t\t\t\t\t\t\t<i aria-hidden=\"true\" class=\"fas fa-check\"><\/i>\t\t\t\t\t\t<\/span>\n\t\t\t\t\t\t\t\t\t\t<span class=\"elementor-icon-list-text\">\u00c7ok az veya hi\u00e7 bak\u0131m gerektirmeden kirpiklere do\u011fal bir g\u00fc\u00e7 kazand\u0131r\u0131r<\/span>\n\t\t\t\t\t\t\t\t\t<\/li>\n\t\t\t\t\t\t<\/ul>\n\t\t\t\t<\/div>\n\t\t\t\t<\/div>\n\t\t\t\t\t<\/div>\n\t\t<\/div>\n\t\t\t\t\t<\/div>\n\t\t<\/section>\n\t\t\t\t<section class=\"elementor-section elementor-top-section elementor-element elementor-element-0840df5 elementor-section-boxed elementor-section-height-default elementor-section-height-default\" data-id=\"0840df5\" data-element_type=\"section\" data-settings=\"{&quot;background_background&quot;:&quot;classic&quot;}\">\n\t\t\t\t\t\t<div class=\"elementor-container elementor-column-gap-default\">\n\t\t\t\t\t<div class=\"elementor-column elementor-col-100 elementor-top-column elementor-element elementor-element-c3903b5\" data-id=\"c3903b5\" data-element_type=\"column\">\n\t\t\t<div class=\"elementor-widget-wrap elementor-element-populated\">\n\t\t\t\t\t\t<div class=\"elementor-element elementor-element-8eb34b9 elementor-widget elementor-widget-heading\" data-id=\"8eb34b9\" data-element_type=\"widget\" data-widget_type=\"heading.default\">\n\t\t\t\t<div class=\"elementor-widget-container\">\n\t\t\t<h3 class=\"elementor-heading-title elementor-size-default\">Sa\u011fl\u0131k ve g\u00fcvenlik i\u00e7in kirpik kald\u0131rma<\/h3>\t\t<\/div>\n\t\t\t\t<\/div>\n\t\t\t\t<div class=\"elementor-element elementor-element-07be129 elementor-widget elementor-widget-text-editor\" data-id=\"07be129\" data-element_type=\"widget\" data-widget_type=\"text-editor.default\">\n\t\t\t\t<div class=\"elementor-widget-container\">\n\t\t\t\t\t\t\t<p>\u0130yi e\u011fitimli ve deneyimli bir g\u00fczellik uzman\u0131 taraf\u0131ndan yap\u0131ld\u0131\u011f\u0131nda, <strong>kirpik kald\u0131rma<\/strong> dermatologlar ve doktorlar taraf\u0131ndan g\u00fcvenli kabul edilir. Perma uygulamas\u0131 \u00f6ncesinde, s\u0131ras\u0131nda ve sonras\u0131nda g\u00fcvenli\u011finizi ve refah\u0131n\u0131z\u0131 sa\u011flamak i\u00e7in her t\u00fcrl\u00fc \u00f6nlem al\u0131nmaktad\u0131r.<br \/>Bununla birlikte, g\u00f6z\u00fcn kendisi de dahil olmak \u00fczere g\u00f6z yuvas\u0131nda potansiyel riskler, tahri\u015f veya hasar olabilir. Sadece nadir durumlarda reaksiyon \u015fiddetli olabilir. Daha \u00f6nceki randevularda veya di\u011fer salonlarda olumsuz bir reaksiyon ya\u015famam\u0131\u015f olsan\u0131z bile tahri\u015f veya reaksiyon meydana gelebilir. <strong>Lash Lifting Vienna<\/strong>, kirpikleri yeniden \u015fekillendirmek i\u00e7in denat\u00fcre eden kimyasal bir i\u015flemdir. Do\u011fru teknikle bile, bu kirpiklerin zarar g\u00f6rmesine, k\u0131r\u0131lmas\u0131na, k\u0131vr\u0131lmas\u0131na veya ayr\u0131lmas\u0131na neden olabilir.<\/p>\n\t\t\t\t\t\t<\/div>\n\t\t\t\t<\/div>\n\t\t\t\t\t<\/div>\n\t\t<\/div>\n\t\t\t\t\t<\/div>\n\t\t<\/section>\n\t\t\t\t<section class=\"elementor-section elementor-top-section elementor-element elementor-element-4fbaf34e elementor-section-full_width elementor-section-height-default elementor-section-height-default\" data-id=\"4fbaf34e\" data-element_type=\"section\" data-settings=\"{&quot;background_background&quot;:&quot;classic&quot;}\">\n\t\t\t\t\t\t\t<div class=\"elementor-background-overlay\"><\/div>\n\t\t\t\t\t\t\t<div class=\"elementor-container elementor-column-gap-default\">\n\t\t\t\t\t<div class=\"elementor-column elementor-col-100 elementor-top-column elementor-element elementor-element-47ccc061\" data-id=\"47ccc061\" data-element_type=\"column\">\n\t\t\t<div class=\"elementor-widget-wrap elementor-element-populated\">\n\t\t\t\t\t\t<div class=\"elementor-element elementor-element-336df948 elementor-widget elementor-widget-spacer\" data-id=\"336df948\" data-element_type=\"widget\" data-widget_type=\"spacer.default\">\n\t\t\t\t<div class=\"elementor-widget-container\">\n\t\t\t\t\t<div class=\"elementor-spacer\">\n\t\t\t<div class=\"elementor-spacer-inner\"><\/div>\n\t\t<\/div>\n\t\t\t\t<\/div>\n\t\t\t\t<\/div>\n\t\t\t\t<div class=\"elementor-element elementor-element-1f3e4ef3 elementor-widget elementor-widget-text-editor\" data-id=\"1f3e4ef3\" data-element_type=\"widget\" data-widget_type=\"text-editor.default\">\n\t\t\t\t<div class=\"elementor-widget-container\">\n\t\t\t\t\t\t\t<p style=\"text-align: center;\">Bizi sosyal medyadan da takip edebilirsiniz<\/p>\n\t\t\t\t\t\t<\/div>\n\t\t\t\t<\/div>\n\t\t\t\t<section class=\"elementor-section elementor-inner-section elementor-element elementor-element-5ee62b60 elementor-section-boxed elementor-section-height-default elementor-section-height-default\" data-id=\"5ee62b60\" data-element_type=\"section\">\n\t\t\t\t\t\t<div class=\"elementor-container elementor-column-gap-wider\">\n\t\t\t\t\t<div class=\"elementor-column elementor-col-50 elementor-inner-column elementor-element elementor-element-6d9c04a9\" data-id=\"6d9c04a9\" data-element_type=\"column\">\n\t\t\t<div class=\"elementor-widget-wrap elementor-element-populated\">\n\t\t\t\t\t\t<div class=\"elementor-element elementor-element-393e46ca elementor-widget elementor-widget-image\" data-id=\"393e46ca\" data-element_type=\"widget\" data-widget_type=\"image.default\">\n\t\t\t\t<div class=\"elementor-widget-container\">\n\t\t\t\t\t\t\t\t\t\t\t\t\t\t<a href=\"https:\/\/www.instagram.com\/adele_luxury_spa\/\" target=\"_blank\" rel=\"noopener\">\n\t\t\t\t\t\t\t<img decoding=\"async\" src=\"https:\/\/www.adele-schoenheitssalon.at\/wp-content\/uploads\/elementor\/thumbs\/Instagram-Logo-q7wajzuc3ejnpd3wvj513w64vzn1l14pxml672bz6m.png\" title=\"Instagram-Logo\" alt=\"Instagram-Logo\" loading=\"lazy\" \/>\t\t\t\t\t\t\t\t<\/a>\n\t\t\t\t\t\t\t\t\t\t\t\t\t<\/div>\n\t\t\t\t<\/div>\n\t\t\t\t\t<\/div>\n\t\t<\/div>\n\t\t\t\t<div class=\"elementor-column elementor-col-50 elementor-inner-column elementor-element elementor-element-7b45773d\" data-id=\"7b45773d\" data-element_type=\"column\">\n\t\t\t<div class=\"elementor-widget-wrap elementor-element-populated\">\n\t\t\t\t\t\t<div class=\"elementor-element elementor-element-5b58a2c8 elementor-widget elementor-widget-image\" data-id=\"5b58a2c8\" data-element_type=\"widget\" data-widget_type=\"image.default\">\n\t\t\t\t<div class=\"elementor-widget-container\">\n\t\t\t\t\t\t\t\t\t\t\t\t\t\t<a href=\"https:\/\/www.facebook.com\/adeleschonheitssalon\" target=\"_blank\" rel=\"noopener\">\n\t\t\t\t\t\t\t<img decoding=\"async\" src=\"https:\/\/www.adele-schoenheitssalon.at\/wp-content\/uploads\/elementor\/thumbs\/Facebook-Logo-q7wajzuc3ejnpd3wvj513w64vzn1l14pxml672bz6w.png\" title=\"Facebook-Logo\" alt=\"Facebook-Logo\" loading=\"lazy\" \/>\t\t\t\t\t\t\t\t<\/a>\n\t\t\t\t\t\t\t\t\t\t\t\t\t<\/div>\n\t\t\t\t<\/div>\n\t\t\t\t\t<\/div>\n\t\t<\/div>\n\t\t\t\t\t<\/div>\n\t\t<\/section>\n\t\t\t\t<div class=\"elementor-element elementor-element-75b634e0 elementor-widget elementor-widget-spacer\" data-id=\"75b634e0\" data-element_type=\"widget\" data-widget_type=\"spacer.default\">\n\t\t\t\t<div class=\"elementor-widget-container\">\n\t\t\t\t\t<div class=\"elementor-spacer\">\n\t\t\t<div class=\"elementor-spacer-inner\"><\/div>\n\t\t<\/div>\n\t\t\t\t<\/div>\n\t\t\t\t<\/div>\n\t\t\t\t\t<\/div>\n\t\t<\/div>\n\t\t\t\t\t<\/div>\n\t\t<\/section>\n\t\t\t\t<section class=\"elementor-section elementor-top-section elementor-element elementor-element-3b9e8ed elementor-section-boxed elementor-section-height-default elementor-section-height-default\" data-id=\"3b9e8ed\" data-element_type=\"section\" data-settings=\"{&quot;background_background&quot;:&quot;classic&quot;}\">\n\t\t\t\t\t\t<div class=\"elementor-container elementor-column-gap-default\">\n\t\t\t\t\t<div class=\"elementor-column elementor-col-100 elementor-top-column elementor-element elementor-element-47f5572\" data-id=\"47f5572\" data-element_type=\"column\">\n\t\t\t<div class=\"elementor-widget-wrap elementor-element-populated\">\n\t\t\t\t\t\t<div class=\"elementor-element elementor-element-722c753 elementor-widget elementor-widget-heading\" data-id=\"722c753\" data-element_type=\"widget\" data-widget_type=\"heading.default\">\n\t\t\t\t<div class=\"elementor-widget-container\">\n\t\t\t<h4 class=\"elementor-heading-title elementor-size-default\">Kirpik liftingi benim i\u00e7in uygun mu?<\/h4>\t\t<\/div>\n\t\t\t\t<\/div>\n\t\t\t\t<div class=\"elementor-element elementor-element-6cde0bb elementor-widget elementor-widget-text-editor\" data-id=\"6cde0bb\" data-element_type=\"widget\" data-widget_type=\"text-editor.default\">\n\t\t\t\t<div class=\"elementor-widget-container\">\n\t\t\t\t\t\t\t<p><strong>Lash Lifting<\/strong>, daha ince kirpiklerden daha kal\u0131n ve uzun kirpiklere kadar herkes i\u00e7in uygundur. \u00d6zellikle ekstra k\u0131vr\u0131m ve hacimden yararlanan daha d\u00fcz kirpiklere sahip olanlar i\u00e7in \u00f6nerilir.<\/p>\n\t\t\t\t\t\t<\/div>\n\t\t\t\t<\/div>\n\t\t\t\t<div class=\"elementor-element elementor-element-29177ad elementor-widget elementor-widget-heading\" data-id=\"29177ad\" data-element_type=\"widget\" data-widget_type=\"heading.default\">\n\t\t\t\t<div class=\"elementor-widget-container\">\n\t\t\t<h4 class=\"elementor-heading-title elementor-size-default\">Asans\u00f6r kirpiklerime zarar verir mi?<\/h4>\t\t<\/div>\n\t\t\t\t<\/div>\n\t\t\t\t<div class=\"elementor-element elementor-element-941f6d1 elementor-widget elementor-widget-text-editor\" data-id=\"941f6d1\" data-element_type=\"widget\" data-widget_type=\"text-editor.default\">\n\t\t\t\t<div class=\"elementor-widget-container\">\n\t\t\t\t\t\t\t<p>Nitelikli bir g\u00fczellik uzman\u0131 taraf\u0131ndan ve uygun bak\u0131m ve onar\u0131mla ger\u00e7ekle\u015ftirilen kirpik liftingi do\u011fal kirpiklere zarar vermez.<\/p>\n\t\t\t\t\t\t<\/div>\n\t\t\t\t<\/div>\n\t\t\t\t<div class=\"elementor-element elementor-element-5f98b89 elementor-widget elementor-widget-heading\" data-id=\"5f98b89\" data-element_type=\"widget\" data-widget_type=\"heading.default\">\n\t\t\t\t<div class=\"elementor-widget-container\">\n\t\t\t<h4 class=\"elementor-heading-title elementor-size-default\">Yeni kirpiklerim ne kadar dayan\u0131r?<\/h4>\t\t<\/div>\n\t\t\t\t<\/div>\n\t\t\t\t<div class=\"elementor-element elementor-element-944556e elementor-widget elementor-widget-text-editor\" data-id=\"944556e\" data-element_type=\"widget\" data-widget_type=\"text-editor.default\">\n\t\t\t\t<div class=\"elementor-widget-container\">\n\t\t\t\t\t\t\t<p>Sonu\u00e7lar, kirpiklerinizin ne kadar h\u0131zl\u0131 uzad\u0131\u011f\u0131na ba\u011fl\u0131 olarak genellikle alt\u0131 ila sekiz hafta s\u00fcrer. Tedaviden sonra 48 saat boyunca maskaradan ka\u00e7\u0131nmal\u0131 ve kirpiklere bir g\u00fcn boyunca dokunulmamal\u0131d\u0131r. Do\u011fru \u015fekilde kalmalar\u0131n\u0131 sa\u011flamak i\u00e7in 24 saat boyunca kirpiklerinize hi\u00e7bir makyaj malzemesi veya su temas etmemelidir. O zaman tedavi sonu\u00e7lar\u0131n\u0131n tad\u0131n\u0131 sonuna kadar \u00e7\u0131karabilirsiniz&#8221;.<\/p>\n\t\t\t\t\t\t<\/div>\n\t\t\t\t<\/div>\n\t\t\t\t<div class=\"elementor-element elementor-element-7720845 elementor-widget elementor-widget-heading\" data-id=\"7720845\" data-element_type=\"widget\" data-widget_type=\"heading.default\">\n\t\t\t\t<div class=\"elementor-widget-container\">\n\t\t\t<h4 class=\"elementor-heading-title elementor-size-default\">Tedavi her kirpik uzunlu\u011fu ve rengi i\u00e7in i\u015fe yarar m\u0131?<\/h4>\t\t<\/div>\n\t\t\t\t<\/div>\n\t\t\t\t<div class=\"elementor-element elementor-element-178979b elementor-widget elementor-widget-text-editor\" data-id=\"178979b\" data-element_type=\"widget\" data-widget_type=\"text-editor.default\">\n\t\t\t\t<div class=\"elementor-widget-container\">\n\t\t\t\t\t\t\t<p>Kirpikler uzun veya k\u0131sa olabilir, ancak hizmet almak i\u00e7in en az 4 mm uzunlu\u011funda olmal\u0131d\u0131r. Lift ile birlikte kirpik tonu yapt\u0131r\u0131lmas\u0131 da \u00f6nerilir. Do\u011fal kirpiklerinizi kald\u0131r\u0131r ve koyula\u015ft\u0131r\u0131r, dengeli ve zahmetsiz bir g\u00f6r\u00fcn\u00fcm yarat\u0131r.<\/p>\n\t\t\t\t\t\t<\/div>\n\t\t\t\t<\/div>\n\t\t\t\t<div class=\"elementor-element elementor-element-6c817b1 elementor-widget-divider--view-line elementor-widget elementor-widget-divider\" data-id=\"6c817b1\" data-element_type=\"widget\" data-widget_type=\"divider.default\">\n\t\t\t\t<div class=\"elementor-widget-container\">\n\t\t\t\t\t<div class=\"elementor-divider\">\n\t\t\t<span class=\"elementor-divider-separator\">\n\t\t\t\t\t\t<\/span>\n\t\t<\/div>\n\t\t\t\t<\/div>\n\t\t\t\t<\/div>\n\t\t\t\t<div class=\"elementor-element elementor-element-8038a2e elementor-widget elementor-widget-heading\" data-id=\"8038a2e\" data-element_type=\"widget\" data-widget_type=\"heading.default\">\n\t\t\t\t<div class=\"elementor-widget-container\">\n\t\t\t<h4 class=\"elementor-heading-title elementor-size-default\">\u0130lk randevunuzda...<\/h4>\t\t<\/div>\n\t\t\t\t<\/div>\n\t\t\t\t<div class=\"elementor-element elementor-element-df3be1e elementor-widget elementor-widget-text-editor\" data-id=\"df3be1e\" data-element_type=\"widget\" data-widget_type=\"text-editor.default\">\n\t\t\t\t<div class=\"elementor-widget-container\">\n\t\t\t\t\t\t\t<p>\u0130lk randevunuz en uzun olan\u0131d\u0131r ve en az 45 dakika, muhtemelen iki saatten fazla s\u00fcrer. Ekstra zaman kazanmak i\u00e7in, salona g\u00f6zleriniz makyajdan, \u00f6zellikle de maskaradan tamamen ar\u0131nm\u0131\u015f olarak girin. S\u0131rt \u00fcst\u00fc yatarak ve rahatlayarak ba\u015flarlar. G\u00fczellik uzman\u0131n\u0131z alt kirpiklerinizi g\u00f6z alt\u0131 pedleri, \u00e7\u0131kartmalar veya bant ile koruyacakt\u0131r. T\u00fcm uygulama boyunca g\u00f6zlerinizi kapal\u0131 tutmal\u0131s\u0131n\u0131z.  <\/p>\n\t\t\t\t\t\t<\/div>\n\t\t\t\t<\/div>\n\t\t\t\t<div class=\"elementor-element elementor-element-2e58d93 elementor-widget elementor-widget-heading\" data-id=\"2e58d93\" data-element_type=\"widget\" data-widget_type=\"heading.default\">\n\t\t\t\t<div class=\"elementor-widget-container\">\n\t\t\t<h4 class=\"elementor-heading-title elementor-size-default\">\u0130lk randevunuzda...<\/h4>\t\t<\/div>\n\t\t\t\t<\/div>\n\t\t\t\t<div class=\"elementor-element elementor-element-48211b0 elementor-widget elementor-widget-text-editor\" data-id=\"48211b0\" data-element_type=\"widget\" data-widget_type=\"text-editor.default\">\n\t\t\t\t<div class=\"elementor-widget-container\">\n\t\t\t\t\t\t\t<p> <strong>ADELE g\u00fczellik salonunda<\/strong> alaca\u011f\u0131n\u0131z tek bir randevu kirpiklerinizi hayalinizdeki kirpiklere d\u00f6n\u00fc\u015ft\u00fcrebilir.  <strong>Kirpik Lifting Vienna<\/strong> ile y\u00fcz hatlar\u0131n\u0131z\u0131 belirginle\u015ftirin ve geli\u015ftirin. Sonu\u00e7lar ince, do\u011fal ve \u00e7arp\u0131c\u0131d\u0131r. Her g\u00fcn m\u00fckemmel kirpiklerle uyanabilirsiniz!<\/p>\n<p>Bu tedavi sadece k\u0131vr\u0131k kirpiklerden daha fazlas\u0131n\u0131 sunar. T\u00fcm mesele, do\u011fal g\u00f6r\u00fcn\u00fcml\u00fc kirpik geli\u015ftirmeleriyle maskaraya r\u00f6tu\u015f yaparken zamandan ve emekten tasarruf etmektir. Art\u0131k lekelenme yok.<\/p>\n<p>ADELE g\u00fczellik salonu, d\u00fcnya standartlar\u0131ndaki tedavimizle \u015fa\u015f\u0131rt\u0131c\u0131 sonu\u00e7lar sunar.  <\/p>\n\t\t\t\t\t\t<\/div>\n\t\t\t\t<\/div>\n\t\t\t\t\t<\/div>\n\t\t<\/div>\n\t\t\t\t\t<\/div>\n\t\t<\/section>\n\t\t\t\t<\/div>\n\t\t","protected":false},"excerpt":{"rendered":"<p>Kirpik Kald\u0131rma Viyana &#8220;Takma&#8221; kirpiklerin panzehiri &#8211; kirpikler i\u00e7in devrim niteli\u011finde bir yol Hacim yaratmak veya Kirpikleri yumu\u015fatmak i\u00e7in. Basit bir kirpik kald\u0131rma ile d\u00fcnyalar kadar fark Lash Lifting, hi\u00e7 \u00e7aba harcamadan g\u00fczel k\u0131vr\u0131ml\u0131 kirpikler isteyenler i\u00e7in m\u00fckemmel bir se\u00e7enektir. Kirpik kald\u0131rma, g\u00f6zlerinize ekstra vay etkisi vermek i\u00e7in ihtiyac\u0131n\u0131z olan \u015feydir! Misafirlerimiz buna bay\u0131l\u0131yor \u00e7\u00fcnk\u00fc&hellip; <a class=\"more-link\" href=\"https:\/\/www.adele-schoenheitssalon.at\/tr\/kirpik-kaldirma-viyana\/\">Okumaya devam et <span class=\"screen-reader-text\">Kirpik Kald\u0131rma Viyana<\/span><\/a><\/p>\n","protected":false},"author":1,"featured_media":3564,"parent":0,"menu_order":0,"comment_status":"closed","ping_status":"closed","template":"elementor_header_footer","meta":{"footnotes":""},"class_list":["post-3856","page","type-page","status-publish","has-post-thumbnail","hentry","entry"],"_links":{"self":[{"href":"https:\/\/www.adele-schoenheitssalon.at\/tr\/wp-json\/wp\/v2\/pages\/3856","targetHints":{"allow":["GET"]}}],"collection":[{"href":"https:\/\/www.adele-schoenheitssalon.at\/tr\/wp-json\/wp\/v2\/pages"}],"about":[{"href":"https:\/\/www.adele-schoenheitssalon.at\/tr\/wp-json\/wp\/v2\/types\/page"}],"author":[{"embeddable":true,"href":"https:\/\/www.adele-schoenheitssalon.at\/tr\/wp-json\/wp\/v2\/users\/1"}],"replies":[{"embeddable":true,"href":"https:\/\/www.adele-schoenheitssalon.at\/tr\/wp-json\/wp\/v2\/comments?post=3856"}],"version-history":[{"count":2,"href":"https:\/\/www.adele-schoenheitssalon.at\/tr\/wp-json\/wp\/v2\/pages\/3856\/revisions"}],"predecessor-version":[{"id":9148,"href":"https:\/\/www.adele-schoenheitssalon.at\/tr\/wp-json\/wp\/v2\/pages\/3856\/revisions\/9148"}],"wp:featuredmedia":[{"embeddable":true,"href":"https:\/\/www.adele-schoenheitssalon.at\/tr\/wp-json\/wp\/v2\/media\/3564"}],"wp:attachment":[{"href":"https:\/\/www.adele-schoenheitssalon.at\/tr\/wp-json\/wp\/v2\/media?parent=3856"}],"curies":[{"name":"wp","href":"https:\/\/api.w.org\/{rel}","templated":true}]}}